{"id":5632,"date":"2025-03-11T11:26:40","date_gmt":"2025-03-11T11:26:40","guid":{"rendered":"https:\/\/expoalfa.com.ar\/alfalfa\/?page_id=5632"},"modified":"2025-06-12T17:17:42","modified_gmt":"2025-06-12T17:17:42","slug":"expoalfa-jornada-2025","status":"publish","type":"page","link":"https:\/\/expoalfa.com.ar\/alfalfa\/expoalfa-jornada-2025\/","title":{"rendered":"ExpoAlfa Jornada 2025"},"content":{"rendered":"\t\t<div data-elementor-type=\"wp-page\" data-elementor-id=\"5632\" class=\"elementor elementor-5632\" data-elementor-post-type=\"page\">\n\t\t\t\t\t\t<section class=\"elementor-section elementor-top-section elementor-element elementor-element-523119b elementor-section-boxed elementor-section-height-default elementor-section-height-default\" data-id=\"523119b\" data-element_type=\"section\" data-e-type=\"section\" data-settings=\"{&quot;background_background&quot;:&quot;classic&quot;}\">\n\t\t\t\t\t\t\t<div class=\"elementor-background-overlay\"><\/div>\n\t\t\t\t\t\t\t<div class=\"elementor-container elementor-column-gap-default\">\n\t\t\t\t\t<div class=\"elementor-column elementor-col-100 elementor-top-column elementor-element elementor-element-ef270d3\" data-id=\"ef270d3\" data-element_type=\"column\" data-e-type=\"column\">\n\t\t\t<div class=\"elementor-widget-wrap elementor-element-populated\">\n\t\t\t\t\t\t<div class=\"elementor-element elementor-element-4dc52b2 elementor-widget elementor-widget-heading\" data-id=\"4dc52b2\" data-element_type=\"widget\" data-e-type=\"widget\" data-widget_type=\"heading.default\">\n\t\t\t\t<div class=\"elementor-widget-container\">\n\t\t\t\t\t<h2 class=\"elementor-heading-title elementor-size-default\">2025: ALFALFA EN ACCI\u00d3N\u200b<\/h2>\t\t\t\t<\/div>\n\t\t\t\t<\/div>\n\t\t\t\t<div class=\"elementor-element elementor-element-0c97b77 elementor-widget elementor-widget-heading\" data-id=\"0c97b77\" data-element_type=\"widget\" data-e-type=\"widget\" data-widget_type=\"heading.default\">\n\t\t\t\t<div class=\"elementor-widget-container\">\n\t\t\t\t\t<h2 class=\"elementor-heading-title elementor-size-default\">Jornadas, eventos y comunicaci\u00f3n\u200b<\/h2>\t\t\t\t<\/div>\n\t\t\t\t<\/div>\n\t\t\t\t<div class=\"elementor-element elementor-element-08e289c elementor-view-default elementor-widget elementor-widget-icon\" data-id=\"08e289c\" data-element_type=\"widget\" data-e-type=\"widget\" data-widget_type=\"icon.default\">\n\t\t\t\t<div class=\"elementor-widget-container\">\n\t\t\t\t\t\t\t<div class=\"elementor-icon-wrapper\">\n\t\t\t<a class=\"elementor-icon\" href=\"#expoalfa-2025\">\n\t\t\t<i aria-hidden=\"true\" class=\"fas fa-arrow-alt-circle-down\"><\/i>\t\t\t<\/a>\n\t\t<\/div>\n\t\t\t\t\t\t<\/div>\n\t\t\t\t<\/div>\n\t\t\t\t<div class=\"elementor-element elementor-element-f380b02 elementor-widget elementor-widget-text-editor\" data-id=\"f380b02\" data-element_type=\"widget\" data-e-type=\"widget\" data-widget_type=\"text-editor.default\">\n\t\t\t\t<div class=\"elementor-widget-container\">\n\t\t\t\t\t\t\t\t\t<p>TodoAlfalfa.com.ar es el medio digital de referencia para la producci\u00f3n y comercializaci\u00f3n de alfalfa, conectando productores, empresas y especialistas con informaci\u00f3n clave para potenciar el cultivo. En l\u00ednea con este prop\u00f3sito, ExpoAlfa se ha consolidado como el punto de encuentro de la industria, reuniendo a miles de asistentes y generando oportunidades de negocio e innovaci\u00f3n.<\/p>\t\t\t\t\t\t\t\t<\/div>\n\t\t\t\t<\/div>\n\t\t\t\t<div class=\"elementor-element elementor-element-efed4a2 elementor-align-center elementor-widget elementor-widget-button\" data-id=\"efed4a2\" data-element_type=\"widget\" data-e-type=\"widget\" data-widget_type=\"button.default\">\n\t\t\t\t<div class=\"elementor-widget-container\">\n\t\t\t\t\t\t\t\t\t<div class=\"elementor-button-wrapper\">\n\t\t\t\t\t<a class=\"elementor-button elementor-button-link elementor-size-sm\" href=\"https:\/\/expoalfa.com.ar\/alfalfa\/2025-alfalfa-en-accion\/\">\n\t\t\t\t\t\t<span class=\"elementor-button-content-wrapper\">\n\t\t\t\t\t\t\t\t\t<span class=\"elementor-button-text\">Leer m\u00e1s<\/span>\n\t\t\t\t\t<\/span>\n\t\t\t\t\t<\/a>\n\t\t\t\t<\/div>\n\t\t\t\t\t\t\t\t<\/div>\n\t\t\t\t<\/div>\n\t\t\t\t\t<\/div>\n\t\t<\/div>\n\t\t\t\t\t<\/div>\n\t\t<\/section>\n\t\t\t\t<section class=\"elementor-section elementor-top-section elementor-element elementor-element-5feb191 elementor-section-boxed elementor-section-height-default elementor-section-height-default\" data-id=\"5feb191\" data-element_type=\"section\" data-e-type=\"section\" data-settings=\"{&quot;background_background&quot;:&quot;classic&quot;}\">\n\t\t\t\t\t\t<div class=\"elementor-container elementor-column-gap-default\">\n\t\t\t\t\t<div class=\"elementor-column elementor-col-100 elementor-top-column elementor-element elementor-element-6aea293\" data-id=\"6aea293\" data-element_type=\"column\" data-e-type=\"column\">\n\t\t\t<div class=\"elementor-widget-wrap elementor-element-populated\">\n\t\t\t\t\t\t<div class=\"elementor-element elementor-element-eac8cdc elementor-widget elementor-widget-spacer\" data-id=\"eac8cdc\" data-element_type=\"widget\" data-e-type=\"widget\" data-widget_type=\"spacer.default\">\n\t\t\t\t<div class=\"elementor-widget-container\">\n\t\t\t\t\t\t\t<div class=\"elementor-spacer\">\n\t\t\t<div class=\"elementor-spacer-inner\"><\/div>\n\t\t<\/div>\n\t\t\t\t\t\t<\/div>\n\t\t\t\t<\/div>\n\t\t\t\t<div class=\"elementor-element elementor-element-e759955 elementor-widget__width-initial elementor-widget elementor-widget-heading\" data-id=\"e759955\" data-element_type=\"widget\" data-e-type=\"widget\" id=\"expoalfa-2025\" data-widget_type=\"heading.default\">\n\t\t\t\t<div class=\"elementor-widget-container\">\n\t\t\t\t\t<h2 class=\"elementor-heading-title elementor-size-default\">ExpoAlfa Jornadas 2025<\/h2>\t\t\t\t<\/div>\n\t\t\t\t<\/div>\n\t\t\t\t<div class=\"elementor-element elementor-element-0586510 elementor-widget elementor-widget-spacer\" data-id=\"0586510\" data-element_type=\"widget\" data-e-type=\"widget\" data-widget_type=\"spacer.default\">\n\t\t\t\t<div class=\"elementor-widget-container\">\n\t\t\t\t\t\t\t<div class=\"elementor-spacer\">\n\t\t\t<div class=\"elementor-spacer-inner\"><\/div>\n\t\t<\/div>\n\t\t\t\t\t\t<\/div>\n\t\t\t\t<\/div>\n\t\t\t\t\t<\/div>\n\t\t<\/div>\n\t\t\t\t\t<\/div>\n\t\t<\/section>\n\t\t\t\t<section class=\"elementor-section elementor-top-section elementor-element elementor-element-73773e8 elementor-section-content-middle elementor-section-boxed elementor-section-height-default elementor-section-height-default\" data-id=\"73773e8\" data-element_type=\"section\" data-e-type=\"section\" data-settings=\"{&quot;background_background&quot;:&quot;classic&quot;}\">\n\t\t\t\t\t\t\t<div class=\"elementor-background-overlay\"><\/div>\n\t\t\t\t\t\t\t<div class=\"elementor-container elementor-column-gap-custom\">\n\t\t\t\t\t<div class=\"elementor-column elementor-col-50 elementor-top-column elementor-element elementor-element-b1fe211 elementor-invisible\" data-id=\"b1fe211\" data-element_type=\"column\" data-e-type=\"column\" data-settings=\"{&quot;background_background&quot;:&quot;classic&quot;,&quot;animation&quot;:&quot;bounceInDown&quot;}\">\n\t\t\t<div class=\"elementor-widget-wrap elementor-element-populated\">\n\t\t\t\t\t<div class=\"elementor-background-overlay\"><\/div>\n\t\t\t\t\t\t<div class=\"elementor-element elementor-element-fa57707 e-transform elementor-widget elementor-widget-image\" data-id=\"fa57707\" data-element_type=\"widget\" data-e-type=\"widget\" data-settings=\"{&quot;_transform_scale_effect_hover&quot;:{&quot;unit&quot;:&quot;px&quot;,&quot;size&quot;:1.2,&quot;sizes&quot;:[]},&quot;_transform_scale_effect_hover_tablet&quot;:{&quot;unit&quot;:&quot;px&quot;,&quot;size&quot;:&quot;&quot;,&quot;sizes&quot;:[]},&quot;_transform_scale_effect_hover_mobile&quot;:{&quot;unit&quot;:&quot;px&quot;,&quot;size&quot;:&quot;&quot;,&quot;sizes&quot;:[]}}\" data-widget_type=\"image.default\">\n\t\t\t\t<div class=\"elementor-widget-container\">\n\t\t\t\t\t\t\t\t\t\t\t\t\t\t\t<img fetchpriority=\"high\" decoding=\"async\" width=\"547\" height=\"344\" src=\"https:\/\/expoalfa.com.ar\/alfalfa\/wp-content\/uploads\/2020\/08\/Mesa-de-trabajo-4-e1741691242419.png\" class=\"attachment-large size-large wp-image-5626\" alt=\"\" srcset=\"https:\/\/expoalfa.com.ar\/alfalfa\/wp-content\/uploads\/2020\/08\/Mesa-de-trabajo-4-e1741691242419.png 547w, https:\/\/expoalfa.com.ar\/alfalfa\/wp-content\/uploads\/2020\/08\/Mesa-de-trabajo-4-e1741691242419-300x189.png 300w\" sizes=\"(max-width: 547px) 100vw, 547px\" \/>\t\t\t\t\t\t\t\t\t\t\t\t\t\t\t<\/div>\n\t\t\t\t<\/div>\n\t\t\t\t<div class=\"elementor-element elementor-element-97cba3b e-transform elementor-widget__width-initial elementor-widget elementor-widget-heading\" data-id=\"97cba3b\" data-element_type=\"widget\" data-e-type=\"widget\" data-settings=\"{&quot;_transform_scale_effect_hover&quot;:{&quot;unit&quot;:&quot;px&quot;,&quot;size&quot;:1.2,&quot;sizes&quot;:[]},&quot;_transform_scale_effect_hover_tablet&quot;:{&quot;unit&quot;:&quot;px&quot;,&quot;size&quot;:&quot;&quot;,&quot;sizes&quot;:[]},&quot;_transform_scale_effect_hover_mobile&quot;:{&quot;unit&quot;:&quot;px&quot;,&quot;size&quot;:&quot;&quot;,&quot;sizes&quot;:[]}}\" data-widget_type=\"heading.default\">\n\t\t\t\t<div class=\"elementor-widget-container\">\n\t\t\t\t\t<h2 class=\"elementor-heading-title elementor-size-default\">Patagonia Norte | 27.05<\/h2>\t\t\t\t<\/div>\n\t\t\t\t<\/div>\n\t\t\t\t\t<\/div>\n\t\t<\/div>\n\t\t\t\t<div class=\"elementor-column elementor-col-50 elementor-top-column elementor-element elementor-element-4339069 elementor-invisible\" data-id=\"4339069\" data-element_type=\"column\" data-e-type=\"column\" data-settings=\"{&quot;background_background&quot;:&quot;classic&quot;,&quot;animation&quot;:&quot;bounceInDown&quot;}\">\n\t\t\t<div class=\"elementor-widget-wrap elementor-element-populated\">\n\t\t\t\t\t<div class=\"elementor-background-overlay\"><\/div>\n\t\t\t\t\t\t<div class=\"elementor-element elementor-element-423b0f8 e-transform elementor-widget elementor-widget-image\" data-id=\"423b0f8\" data-element_type=\"widget\" data-e-type=\"widget\" data-settings=\"{&quot;_transform_scale_effect_hover&quot;:{&quot;unit&quot;:&quot;px&quot;,&quot;size&quot;:1.2,&quot;sizes&quot;:[]},&quot;_transform_scale_effect_hover_tablet&quot;:{&quot;unit&quot;:&quot;px&quot;,&quot;size&quot;:&quot;&quot;,&quot;sizes&quot;:[]},&quot;_transform_scale_effect_hover_mobile&quot;:{&quot;unit&quot;:&quot;px&quot;,&quot;size&quot;:&quot;&quot;,&quot;sizes&quot;:[]}}\" data-widget_type=\"image.default\">\n\t\t\t\t<div class=\"elementor-widget-container\">\n\t\t\t\t\t\t\t\t\t\t\t\t\t\t\t<img fetchpriority=\"high\" decoding=\"async\" width=\"547\" height=\"344\" src=\"https:\/\/expoalfa.com.ar\/alfalfa\/wp-content\/uploads\/2020\/08\/Mesa-de-trabajo-4-e1741691242419.png\" class=\"attachment-large size-large wp-image-5626\" alt=\"\" srcset=\"https:\/\/expoalfa.com.ar\/alfalfa\/wp-content\/uploads\/2020\/08\/Mesa-de-trabajo-4-e1741691242419.png 547w, https:\/\/expoalfa.com.ar\/alfalfa\/wp-content\/uploads\/2020\/08\/Mesa-de-trabajo-4-e1741691242419-300x189.png 300w\" sizes=\"(max-width: 547px) 100vw, 547px\" \/>\t\t\t\t\t\t\t\t\t\t\t\t\t\t\t<\/div>\n\t\t\t\t<\/div>\n\t\t\t\t<div class=\"elementor-element elementor-element-856b670 e-transform elementor-widget elementor-widget-heading\" data-id=\"856b670\" data-element_type=\"widget\" data-e-type=\"widget\" data-settings=\"{&quot;_transform_scale_effect_hover&quot;:{&quot;unit&quot;:&quot;px&quot;,&quot;size&quot;:1.2,&quot;sizes&quot;:[]},&quot;_transform_scale_effect_hover_tablet&quot;:{&quot;unit&quot;:&quot;px&quot;,&quot;size&quot;:&quot;&quot;,&quot;sizes&quot;:[]},&quot;_transform_scale_effect_hover_mobile&quot;:{&quot;unit&quot;:&quot;px&quot;,&quot;size&quot;:&quot;&quot;,&quot;sizes&quot;:[]}}\" data-widget_type=\"heading.default\">\n\t\t\t\t<div class=\"elementor-widget-container\">\n\t\t\t\t\t<h2 class=\"elementor-heading-title elementor-size-default\">C\u00f3rdoba | 15.10\n                  16.10\n<\/h2>\t\t\t\t<\/div>\n\t\t\t\t<\/div>\n\t\t\t\t\t<\/div>\n\t\t<\/div>\n\t\t\t\t\t<\/div>\n\t\t<\/section>\n\t\t\t\t<section class=\"elementor-section elementor-top-section elementor-element elementor-element-00c6158 elementor-section-boxed elementor-section-height-default elementor-section-height-default\" data-id=\"00c6158\" data-element_type=\"section\" data-e-type=\"section\">\n\t\t\t\t\t\t<div class=\"elementor-container elementor-column-gap-default\">\n\t\t\t\t\t<div class=\"elementor-column elementor-col-50 elementor-top-column elementor-element elementor-element-db6496b\" data-id=\"db6496b\" data-element_type=\"column\" data-e-type=\"column\">\n\t\t\t<div class=\"elementor-widget-wrap elementor-element-populated\">\n\t\t\t\t\t\t<div class=\"elementor-element elementor-element-4da2138 elementor-widget elementor-widget-text-editor\" data-id=\"4da2138\" data-element_type=\"widget\" data-e-type=\"widget\" data-widget_type=\"text-editor.default\">\n\t\t\t\t<div class=\"elementor-widget-container\">\n\t\t\t\t\t\t\t\t\t<p>Una propuesta conjunta entre\u00a0<strong>Neuqu\u00e9n, La Pampa y R\u00edo Negro<\/strong>, que se llevar\u00e1 a cabo en\u00a0<strong>Cipolletti, R\u00edo Negro<\/strong>, en el\u00a0<strong>Centro Cultural Cipolletti (CCC)<\/strong>. El objetivo es abordar la producci\u00f3n de alfalfa de calidad.<\/p>\t\t\t\t\t\t\t\t<\/div>\n\t\t\t\t<\/div>\n\t\t\t\t<div class=\"elementor-element elementor-element-2419fe6 elementor-align-center elementor-widget elementor-widget-button\" data-id=\"2419fe6\" data-element_type=\"widget\" data-e-type=\"widget\" data-widget_type=\"button.default\">\n\t\t\t\t<div class=\"elementor-widget-container\">\n\t\t\t\t\t\t\t\t\t<div class=\"elementor-button-wrapper\">\n\t\t\t\t\t<a class=\"elementor-button elementor-button-link elementor-size-sm\" href=\"https:\/\/expoalfa.com.ar\/alfalfa\/expoalfa-jornada-2025\/patagonia-norte\/\">\n\t\t\t\t\t\t<span class=\"elementor-button-content-wrapper\">\n\t\t\t\t\t\t\t\t\t<span class=\"elementor-button-text\">Leer m\u00e1s<\/span>\n\t\t\t\t\t<\/span>\n\t\t\t\t\t<\/a>\n\t\t\t\t<\/div>\n\t\t\t\t\t\t\t\t<\/div>\n\t\t\t\t<\/div>\n\t\t\t\t\t<\/div>\n\t\t<\/div>\n\t\t\t\t<div class=\"elementor-column elementor-col-50 elementor-top-column elementor-element elementor-element-27973cf\" data-id=\"27973cf\" data-element_type=\"column\" data-e-type=\"column\">\n\t\t\t<div class=\"elementor-widget-wrap elementor-element-populated\">\n\t\t\t\t\t\t<div class=\"elementor-element elementor-element-a371cc5 elementor-widget elementor-widget-text-editor\" data-id=\"a371cc5\" data-element_type=\"widget\" data-e-type=\"widget\" data-widget_type=\"text-editor.default\">\n\t\t\t\t<div class=\"elementor-widget-container\">\n\t\t\t\t\t\t\t\t\t<p>Charlas: Mejoramiento g\u00e9netico, manejo del cultivo, pastoreo, henificaci\u00f3n, incorporaci\u00f3n de tecnolog\u00eda, transporte y log\u00edstica, mercado mundial y exportaci\u00f3n. Recorrido de los principales establecimientos que producen alfalfa de exportaci\u00f3n en C\u00f3rdoba<\/p>\t\t\t\t\t\t\t\t<\/div>\n\t\t\t\t<\/div>\n\t\t\t\t<div class=\"elementor-element elementor-element-8f1f7b4 elementor-align-center elementor-widget elementor-widget-button\" data-id=\"8f1f7b4\" data-element_type=\"widget\" data-e-type=\"widget\" data-widget_type=\"button.default\">\n\t\t\t\t<div class=\"elementor-widget-container\">\n\t\t\t\t\t\t\t\t\t<div class=\"elementor-button-wrapper\">\n\t\t\t\t\t<a class=\"elementor-button elementor-button-link elementor-size-sm\" href=\"https:\/\/expoalfa.com.ar\/alfalfa\/expoalfa-jornada-2025\/cordoba\/\">\n\t\t\t\t\t\t<span class=\"elementor-button-content-wrapper\">\n\t\t\t\t\t\t\t\t\t<span class=\"elementor-button-text\">Leer m\u00e1s<\/span>\n\t\t\t\t\t<\/span>\n\t\t\t\t\t<\/a>\n\t\t\t\t<\/div>\n\t\t\t\t\t\t\t\t<\/div>\n\t\t\t\t<\/div>\n\t\t\t\t\t<\/div>\n\t\t<\/div>\n\t\t\t\t\t<\/div>\n\t\t<\/section>\n\t\t\t\t<section class=\"elementor-section elementor-top-section elementor-element elementor-element-32c1c09 elementor-section-boxed elementor-section-height-default elementor-section-height-default\" data-id=\"32c1c09\" data-element_type=\"section\" data-e-type=\"section\" data-settings=\"{&quot;background_background&quot;:&quot;classic&quot;}\">\n\t\t\t\t\t\t<div class=\"elementor-container elementor-column-gap-default\">\n\t\t\t\t\t<div class=\"elementor-column elementor-col-100 elementor-top-column elementor-element elementor-element-1d66f38\" data-id=\"1d66f38\" data-element_type=\"column\" data-e-type=\"column\">\n\t\t\t<div class=\"elementor-widget-wrap elementor-element-populated\">\n\t\t\t\t\t\t<div class=\"elementor-element elementor-element-46cdd11 elementor-widget elementor-widget-spacer\" data-id=\"46cdd11\" data-element_type=\"widget\" data-e-type=\"widget\" data-widget_type=\"spacer.default\">\n\t\t\t\t<div class=\"elementor-widget-container\">\n\t\t\t\t\t\t\t<div class=\"elementor-spacer\">\n\t\t\t<div class=\"elementor-spacer-inner\"><\/div>\n\t\t<\/div>\n\t\t\t\t\t\t<\/div>\n\t\t\t\t<\/div>\n\t\t\t\t<div class=\"elementor-element elementor-element-c8af973 elementor-widget elementor-widget-spacer\" data-id=\"c8af973\" data-element_type=\"widget\" data-e-type=\"widget\" data-widget_type=\"spacer.default\">\n\t\t\t\t<div class=\"elementor-widget-container\">\n\t\t\t\t\t\t\t<div class=\"elementor-spacer\">\n\t\t\t<div class=\"elementor-spacer-inner\"><\/div>\n\t\t<\/div>\n\t\t\t\t\t\t<\/div>\n\t\t\t\t<\/div>\n\t\t\t\t\t<\/div>\n\t\t<\/div>\n\t\t\t\t\t<\/div>\n\t\t<\/section>\n\t\t\t\t<\/div>\n\t\t","protected":false},"excerpt":{"rendered":"<p>2025: ALFALFA EN ACCI\u00d3N\u200b Jornadas, eventos y comunicaci\u00f3n\u200b TodoAlfalfa.com.ar es el medio digital de referencia para la producci\u00f3n y comercializaci\u00f3n de alfalfa, conectando productores, empresas y especialistas con informaci\u00f3n clave para potenciar el cultivo. En l\u00ednea con este prop\u00f3sito, ExpoAlfa se ha consolidado como el punto de encuentro de la industria, reuniendo a miles de [&hellip;]<\/p>\n","protected":false},"author":2,"featured_media":0,"parent":0,"menu_order":0,"comment_status":"closed","ping_status":"closed","template":"","meta":{"footnotes":""},"class_list":["post-5632","page","type-page","status-publish","hentry"],"yoast_head":"<!-- This site is optimized with the Yoast SEO plugin v25.1 - https:\/\/yoast.com\/wordpress\/plugins\/seo\/ -->\n<title>ExpoAlfa Jornada 2025 - ExpoAlfa Jornada 2025<\/title>\n<meta name=\"robots\" content=\"index, follow, max-snippet:-1, max-image-preview:large, max-video-preview:-1\" \/>\n<link rel=\"canonical\" href=\"https:\/\/expoalfa.com.ar\/alfalfa\/expoalfa-jornada-2025\/\" \/>\n<meta property=\"og:locale\" content=\"es_ES\" \/>\n<meta property=\"og:type\" content=\"article\" \/>\n<meta property=\"og:title\" content=\"ExpoAlfa Jornada 2025 - ExpoAlfa Jornada 2025\" \/>\n<meta property=\"og:description\" content=\"2025: ALFALFA EN ACCI\u00d3N\u200b Jornadas, eventos y comunicaci\u00f3n\u200b TodoAlfalfa.com.ar es el medio digital de referencia para la producci\u00f3n y comercializaci\u00f3n de alfalfa, conectando productores, empresas y especialistas con informaci\u00f3n clave para potenciar el cultivo. En l\u00ednea con este prop\u00f3sito, ExpoAlfa se ha consolidado como el punto de encuentro de la industria, reuniendo a miles de [&hellip;]\" \/>\n<meta property=\"og:url\" content=\"https:\/\/expoalfa.com.ar\/alfalfa\/expoalfa-jornada-2025\/\" \/>\n<meta property=\"og:site_name\" content=\"ExpoAlfa Jornada 2025\" \/>\n<meta property=\"article:publisher\" content=\"https:\/\/www.facebook.com\/expoalfa\/\" \/>\n<meta property=\"article:modified_time\" content=\"2025-06-12T17:17:42+00:00\" \/>\n<meta property=\"og:image\" content=\"https:\/\/expoalfa.com.ar\/alfalfa\/wp-content\/uploads\/2020\/08\/Mesa-de-trabajo-4-e1741691242419.png\" \/>\n\t<meta property=\"og:image:width\" content=\"547\" \/>\n\t<meta property=\"og:image:height\" content=\"344\" \/>\n\t<meta property=\"og:image:type\" content=\"image\/png\" \/>\n<meta name=\"twitter:card\" content=\"summary_large_image\" \/>\n<meta name=\"twitter:label1\" content=\"Tiempo de lectura\" \/>\n\t<meta name=\"twitter:data1\" content=\"2 minutos\" \/>\n<script type=\"application\/ld+json\" class=\"yoast-schema-graph\">{\"@context\":\"https:\/\/schema.org\",\"@graph\":[{\"@type\":\"WebPage\",\"@id\":\"https:\/\/expoalfa.com.ar\/alfalfa\/expoalfa-jornada-2025\/\",\"url\":\"https:\/\/expoalfa.com.ar\/alfalfa\/expoalfa-jornada-2025\/\",\"name\":\"ExpoAlfa Jornada 2025 - ExpoAlfa Jornada 2025\",\"isPartOf\":{\"@id\":\"https:\/\/expoalfa.com.ar\/alfalfa\/#website\"},\"primaryImageOfPage\":{\"@id\":\"https:\/\/expoalfa.com.ar\/alfalfa\/expoalfa-jornada-2025\/#primaryimage\"},\"image\":{\"@id\":\"https:\/\/expoalfa.com.ar\/alfalfa\/expoalfa-jornada-2025\/#primaryimage\"},\"thumbnailUrl\":\"https:\/\/expoalfa.com.ar\/alfalfa\/wp-content\/uploads\/2020\/08\/Mesa-de-trabajo-4-e1741691242419.png\",\"datePublished\":\"2025-03-11T11:26:40+00:00\",\"dateModified\":\"2025-06-12T17:17:42+00:00\",\"breadcrumb\":{\"@id\":\"https:\/\/expoalfa.com.ar\/alfalfa\/expoalfa-jornada-2025\/#breadcrumb\"},\"inLanguage\":\"es\",\"potentialAction\":[{\"@type\":\"ReadAction\",\"target\":[\"https:\/\/expoalfa.com.ar\/alfalfa\/expoalfa-jornada-2025\/\"]}]},{\"@type\":\"ImageObject\",\"inLanguage\":\"es\",\"@id\":\"https:\/\/expoalfa.com.ar\/alfalfa\/expoalfa-jornada-2025\/#primaryimage\",\"url\":\"https:\/\/expoalfa.com.ar\/alfalfa\/wp-content\/uploads\/2020\/08\/Mesa-de-trabajo-4-e1741691242419.png\",\"contentUrl\":\"https:\/\/expoalfa.com.ar\/alfalfa\/wp-content\/uploads\/2020\/08\/Mesa-de-trabajo-4-e1741691242419.png\",\"width\":547,\"height\":344},{\"@type\":\"BreadcrumbList\",\"@id\":\"https:\/\/expoalfa.com.ar\/alfalfa\/expoalfa-jornada-2025\/#breadcrumb\",\"itemListElement\":[{\"@type\":\"ListItem\",\"position\":1,\"name\":\"Portada\",\"item\":\"https:\/\/expoalfa.com.ar\/alfalfa\/\"},{\"@type\":\"ListItem\",\"position\":2,\"name\":\"ExpoAlfa Jornada 2025\"}]},{\"@type\":\"WebSite\",\"@id\":\"https:\/\/expoalfa.com.ar\/alfalfa\/#website\",\"url\":\"https:\/\/expoalfa.com.ar\/alfalfa\/\",\"name\":\"ExpoAlfa 2024\",\"description\":\"\",\"publisher\":{\"@id\":\"https:\/\/expoalfa.com.ar\/alfalfa\/#organization\"},\"potentialAction\":[{\"@type\":\"SearchAction\",\"target\":{\"@type\":\"EntryPoint\",\"urlTemplate\":\"https:\/\/expoalfa.com.ar\/alfalfa\/?s={search_term_string}\"},\"query-input\":{\"@type\":\"PropertyValueSpecification\",\"valueRequired\":true,\"valueName\":\"search_term_string\"}}],\"inLanguage\":\"es\"},{\"@type\":\"Organization\",\"@id\":\"https:\/\/expoalfa.com.ar\/alfalfa\/#organization\",\"name\":\"ExpoAlfa 2024\",\"url\":\"https:\/\/expoalfa.com.ar\/alfalfa\/\",\"logo\":{\"@type\":\"ImageObject\",\"inLanguage\":\"es\",\"@id\":\"https:\/\/expoalfa.com.ar\/alfalfa\/#\/schema\/logo\/image\/\",\"url\":\"https:\/\/expoalfa.com.ar\/alfalfa\/wp-content\/uploads\/2024\/05\/cropped-Mesa-de-trabajo-32-e1716558195280.png\",\"contentUrl\":\"https:\/\/expoalfa.com.ar\/alfalfa\/wp-content\/uploads\/2024\/05\/cropped-Mesa-de-trabajo-32-e1716558195280.png\",\"width\":512,\"height\":512,\"caption\":\"ExpoAlfa 2024\"},\"image\":{\"@id\":\"https:\/\/expoalfa.com.ar\/alfalfa\/#\/schema\/logo\/image\/\"},\"sameAs\":[\"https:\/\/www.facebook.com\/expoalfa\/\",\"https:\/\/www.instagram.com\/expoalfa\",\"https:\/\/www.youtube.com\/@TodoAlfalfa\"]}]}<\/script>\n<!-- \/ Yoast SEO plugin. -->","yoast_head_json":{"title":"ExpoAlfa Jornada 2025 - ExpoAlfa Jornada 2025","robots":{"index":"index","follow":"follow","max-snippet":"max-snippet:-1","max-image-preview":"max-image-preview:large","max-video-preview":"max-video-preview:-1"},"canonical":"https:\/\/expoalfa.com.ar\/alfalfa\/expoalfa-jornada-2025\/","og_locale":"es_ES","og_type":"article","og_title":"ExpoAlfa Jornada 2025 - ExpoAlfa Jornada 2025","og_description":"2025: ALFALFA EN ACCI\u00d3N\u200b Jornadas, eventos y comunicaci\u00f3n\u200b TodoAlfalfa.com.ar es el medio digital de referencia para la producci\u00f3n y comercializaci\u00f3n de alfalfa, conectando productores, empresas y especialistas con informaci\u00f3n clave para potenciar el cultivo. En l\u00ednea con este prop\u00f3sito, ExpoAlfa se ha consolidado como el punto de encuentro de la industria, reuniendo a miles de [&hellip;]","og_url":"https:\/\/expoalfa.com.ar\/alfalfa\/expoalfa-jornada-2025\/","og_site_name":"ExpoAlfa Jornada 2025","article_publisher":"https:\/\/www.facebook.com\/expoalfa\/","article_modified_time":"2025-06-12T17:17:42+00:00","og_image":[{"width":547,"height":344,"url":"https:\/\/expoalfa.com.ar\/alfalfa\/wp-content\/uploads\/2020\/08\/Mesa-de-trabajo-4-e1741691242419.png","type":"image\/png"}],"twitter_card":"summary_large_image","twitter_misc":{"Tiempo de lectura":"2 minutos"},"schema":{"@context":"https:\/\/schema.org","@graph":[{"@type":"WebPage","@id":"https:\/\/expoalfa.com.ar\/alfalfa\/expoalfa-jornada-2025\/","url":"https:\/\/expoalfa.com.ar\/alfalfa\/expoalfa-jornada-2025\/","name":"ExpoAlfa Jornada 2025 - ExpoAlfa Jornada 2025","isPartOf":{"@id":"https:\/\/expoalfa.com.ar\/alfalfa\/#website"},"primaryImageOfPage":{"@id":"https:\/\/expoalfa.com.ar\/alfalfa\/expoalfa-jornada-2025\/#primaryimage"},"image":{"@id":"https:\/\/expoalfa.com.ar\/alfalfa\/expoalfa-jornada-2025\/#primaryimage"},"thumbnailUrl":"https:\/\/expoalfa.com.ar\/alfalfa\/wp-content\/uploads\/2020\/08\/Mesa-de-trabajo-4-e1741691242419.png","datePublished":"2025-03-11T11:26:40+00:00","dateModified":"2025-06-12T17:17:42+00:00","breadcrumb":{"@id":"https:\/\/expoalfa.com.ar\/alfalfa\/expoalfa-jornada-2025\/#breadcrumb"},"inLanguage":"es","potentialAction":[{"@type":"ReadAction","target":["https:\/\/expoalfa.com.ar\/alfalfa\/expoalfa-jornada-2025\/"]}]},{"@type":"ImageObject","inLanguage":"es","@id":"https:\/\/expoalfa.com.ar\/alfalfa\/expoalfa-jornada-2025\/#primaryimage","url":"https:\/\/expoalfa.com.ar\/alfalfa\/wp-content\/uploads\/2020\/08\/Mesa-de-trabajo-4-e1741691242419.png","contentUrl":"https:\/\/expoalfa.com.ar\/alfalfa\/wp-content\/uploads\/2020\/08\/Mesa-de-trabajo-4-e1741691242419.png","width":547,"height":344},{"@type":"BreadcrumbList","@id":"https:\/\/expoalfa.com.ar\/alfalfa\/expoalfa-jornada-2025\/#breadcrumb","itemListElement":[{"@type":"ListItem","position":1,"name":"Portada","item":"https:\/\/expoalfa.com.ar\/alfalfa\/"},{"@type":"ListItem","position":2,"name":"ExpoAlfa Jornada 2025"}]},{"@type":"WebSite","@id":"https:\/\/expoalfa.com.ar\/alfalfa\/#website","url":"https:\/\/expoalfa.com.ar\/alfalfa\/","name":"ExpoAlfa 2024","description":"","publisher":{"@id":"https:\/\/expoalfa.com.ar\/alfalfa\/#organization"},"potentialAction":[{"@type":"SearchAction","target":{"@type":"EntryPoint","urlTemplate":"https:\/\/expoalfa.com.ar\/alfalfa\/?s={search_term_string}"},"query-input":{"@type":"PropertyValueSpecification","valueRequired":true,"valueName":"search_term_string"}}],"inLanguage":"es"},{"@type":"Organization","@id":"https:\/\/expoalfa.com.ar\/alfalfa\/#organization","name":"ExpoAlfa 2024","url":"https:\/\/expoalfa.com.ar\/alfalfa\/","logo":{"@type":"ImageObject","inLanguage":"es","@id":"https:\/\/expoalfa.com.ar\/alfalfa\/#\/schema\/logo\/image\/","url":"https:\/\/expoalfa.com.ar\/alfalfa\/wp-content\/uploads\/2024\/05\/cropped-Mesa-de-trabajo-32-e1716558195280.png","contentUrl":"https:\/\/expoalfa.com.ar\/alfalfa\/wp-content\/uploads\/2024\/05\/cropped-Mesa-de-trabajo-32-e1716558195280.png","width":512,"height":512,"caption":"ExpoAlfa 2024"},"image":{"@id":"https:\/\/expoalfa.com.ar\/alfalfa\/#\/schema\/logo\/image\/"},"sameAs":["https:\/\/www.facebook.com\/expoalfa\/","https:\/\/www.instagram.com\/expoalfa","https:\/\/www.youtube.com\/@TodoAlfalfa"]}]}},"_links":{"self":[{"href":"https:\/\/expoalfa.com.ar\/alfalfa\/wp-json\/wp\/v2\/pages\/5632","targetHints":{"allow":["GET"]}}],"collection":[{"href":"https:\/\/expoalfa.com.ar\/alfalfa\/wp-json\/wp\/v2\/pages"}],"about":[{"href":"https:\/\/expoalfa.com.ar\/alfalfa\/wp-json\/wp\/v2\/types\/page"}],"author":[{"embeddable":true,"href":"https:\/\/expoalfa.com.ar\/alfalfa\/wp-json\/wp\/v2\/users\/2"}],"replies":[{"embeddable":true,"href":"https:\/\/expoalfa.com.ar\/alfalfa\/wp-json\/wp\/v2\/comments?post=5632"}],"version-history":[{"count":83,"href":"https:\/\/expoalfa.com.ar\/alfalfa\/wp-json\/wp\/v2\/pages\/5632\/revisions"}],"predecessor-version":[{"id":7566,"href":"https:\/\/expoalfa.com.ar\/alfalfa\/wp-json\/wp\/v2\/pages\/5632\/revisions\/7566"}],"wp:attachment":[{"href":"https:\/\/expoalfa.com.ar\/alfalfa\/wp-json\/wp\/v2\/media?parent=5632"}],"curies":[{"name":"wp","href":"https:\/\/api.w.org\/{rel}","templated":true}]}}