{"id":5906,"date":"2025-04-24T16:31:03","date_gmt":"2025-04-24T16:31:03","guid":{"rendered":"https:\/\/expoalfa.com.ar\/alfalfa\/?page_id=5906"},"modified":"2025-06-11T13:38:33","modified_gmt":"2025-06-11T13:38:33","slug":"patagonia-norte","status":"publish","type":"page","link":"https:\/\/expoalfa.com.ar\/alfalfa\/expoalfa-jornada-2025\/patagonia-norte\/","title":{"rendered":"Jornada ExpoAlfa Patagonia Norte"},"content":{"rendered":"\t\t<div data-elementor-type=\"wp-page\" data-elementor-id=\"5906\" class=\"elementor elementor-5906\" data-elementor-post-type=\"page\">\n\t\t\t\t\t\t<section class=\"elementor-section elementor-top-section elementor-element elementor-element-a312eff elementor-section-boxed elementor-section-height-default elementor-section-height-default\" data-id=\"a312eff\" data-element_type=\"section\" data-e-type=\"section\">\n\t\t\t\t\t\t<div class=\"elementor-container elementor-column-gap-default\">\n\t\t\t\t\t<div class=\"elementor-column elementor-col-100 elementor-top-column elementor-element elementor-element-9d9ac75\" data-id=\"9d9ac75\" data-element_type=\"column\" data-e-type=\"column\">\n\t\t\t<div class=\"elementor-widget-wrap elementor-element-populated\">\n\t\t\t\t\t\t<div class=\"elementor-element elementor-element-c837d95 elementor-widget elementor-widget-video\" data-id=\"c837d95\" data-element_type=\"widget\" data-e-type=\"widget\" data-settings=\"{&quot;video_type&quot;:&quot;hosted&quot;,&quot;start&quot;:1,&quot;end&quot;:24,&quot;autoplay&quot;:&quot;yes&quot;,&quot;play_on_mobile&quot;:&quot;yes&quot;,&quot;loop&quot;:&quot;yes&quot;,&quot;mute&quot;:&quot;yes&quot;,&quot;controls&quot;:&quot;yes&quot;}\" data-widget_type=\"video.default\">\n\t\t\t\t<div class=\"elementor-widget-container\">\n\t\t\t\t\t\t\t<div class=\"e-hosted-video elementor-wrapper elementor-open-inline\">\n\t\t\t\t\t<video class=\"elementor-video\" src=\"https:\/\/expoalfa.com.ar\/alfalfa\/wp-content\/uploads\/2025\/04\/SPOT-PATAGONIA-NORTE.mp4#t=1,24\" autoplay=\"\" loop=\"\" controls=\"\" muted=\"muted\" playsinline=\"\" controlsList=\"nodownload\"><\/video>\n\t\t\t\t<\/div>\n\t\t\t\t\t\t<\/div>\n\t\t\t\t<\/div>\n\t\t\t\t\t<\/div>\n\t\t<\/div>\n\t\t\t\t\t<\/div>\n\t\t<\/section>\n\t\t\t\t<section class=\"elementor-section elementor-top-section elementor-element elementor-element-05f49ba elementor-section-full_width elementor-section-height-default elementor-section-height-default\" data-id=\"05f49ba\" data-element_type=\"section\" data-e-type=\"section\">\n\t\t\t\t\t\t<div class=\"elementor-container elementor-column-gap-default\">\n\t\t\t\t\t<div class=\"elementor-column elementor-col-50 elementor-top-column elementor-element elementor-element-5d96797\" data-id=\"5d96797\" data-element_type=\"column\" data-e-type=\"column\" data-settings=\"{&quot;background_background&quot;:&quot;classic&quot;}\">\n\t\t\t<div class=\"elementor-widget-wrap elementor-element-populated\">\n\t\t\t\t\t\t<div class=\"elementor-element elementor-element-e9fc872 elementor-widget__width-initial elementor-widget elementor-widget-heading\" data-id=\"e9fc872\" data-element_type=\"widget\" data-e-type=\"widget\" data-widget_type=\"heading.default\">\n\t\t\t\t<div class=\"elementor-widget-container\">\n\t\t\t\t\t<h2 class=\"elementor-heading-title elementor-size-default\">27 de mayo<\/h2>\t\t\t\t<\/div>\n\t\t\t\t<\/div>\n\t\t\t\t<div class=\"elementor-element elementor-element-a7f627f elementor-position-inline-start elementor-mobile-position-inline-start elementor-view-default elementor-widget elementor-widget-icon-box\" data-id=\"a7f627f\" data-element_type=\"widget\" data-e-type=\"widget\" data-widget_type=\"icon-box.default\">\n\t\t\t\t<div class=\"elementor-widget-container\">\n\t\t\t\t\t\t\t<div class=\"elementor-icon-box-wrapper\">\n\n\t\t\t\t\t\t<div class=\"elementor-icon-box-icon\">\n\t\t\t\t<span  class=\"elementor-icon\">\n\t\t\t\t<i aria-hidden=\"true\" class=\"fas fa-map-marker-alt\"><\/i>\t\t\t\t<\/span>\n\t\t\t<\/div>\n\t\t\t\n\t\t\t\t\t\t<div class=\"elementor-icon-box-content\">\n\n\t\t\t\t\t\t\t\t\t<h3 class=\"elementor-icon-box-title\">\n\t\t\t\t\t\t<span  >\n\t\t\t\t\t\t\tNeuqu\u00e9n, La Pampa, R\u00edo Negro\t\t\t\t\t\t<\/span>\n\t\t\t\t\t<\/h3>\n\t\t\t\t\n\t\t\t\t\n\t\t\t<\/div>\n\t\t\t\n\t\t<\/div>\n\t\t\t\t\t\t<\/div>\n\t\t\t\t<\/div>\n\t\t\t\t<div class=\"elementor-element elementor-element-b82a3c8 elementor-widget elementor-widget-heading\" data-id=\"b82a3c8\" data-element_type=\"widget\" data-e-type=\"widget\" data-widget_type=\"heading.default\">\n\t\t\t\t<div class=\"elementor-widget-container\">\n\t\t\t\t\t<h2 class=\"elementor-heading-title elementor-size-default\">PATAGONIA\nNORTE<\/h2>\t\t\t\t<\/div>\n\t\t\t\t<\/div>\n\t\t\t\t\t<\/div>\n\t\t<\/div>\n\t\t\t\t<div class=\"elementor-column elementor-col-50 elementor-top-column elementor-element elementor-element-eb2caca\" data-id=\"eb2caca\" data-element_type=\"column\" data-e-type=\"column\">\n\t\t\t<div class=\"elementor-widget-wrap elementor-element-populated\">\n\t\t\t\t\t\t<div class=\"elementor-element elementor-element-cce094a elementor-widget elementor-widget-heading\" data-id=\"cce094a\" data-element_type=\"widget\" data-e-type=\"widget\" data-widget_type=\"heading.default\">\n\t\t\t\t<div class=\"elementor-widget-container\">\n\t\t\t\t\t<h2 class=\"elementor-heading-title elementor-size-default\">\/ EXPOALFA JORNADAS PATAGONIA NORTE<\/h2>\t\t\t\t<\/div>\n\t\t\t\t<\/div>\n\t\t\t\t<div class=\"elementor-element elementor-element-fead1ab elementor-widget elementor-widget-text-editor\" data-id=\"fead1ab\" data-element_type=\"widget\" data-e-type=\"widget\" data-widget_type=\"text-editor.default\">\n\t\t\t\t<div class=\"elementor-widget-container\">\n\t\t\t\t\t\t\t\t\t<p>Una propuesta conjunta entre <strong>Neuqu\u00e9n, La Pampa y R\u00edo Negro<\/strong>, que se llevar\u00e1 a cabo en <strong>Cipolletti, R\u00edo Negro<\/strong>, en el <strong>Centro Cultural Cipolletti (CCC)<\/strong>. El objetivo es abordar la producci\u00f3n de alfalfa de calidad. Jornada de capacitaci\u00f3n: mejoramiento gen\u00e9tico, mecanizaci\u00f3n, incorporaci\u00f3n de tecnolog\u00eda, transporte y log\u00edstica, mercado mundial y exportaci\u00f3n. Esta iniciativa de ExpoAlfa, cuenta con el apoyo del Gobierno de R\u00edo Negro, Neuqu\u00e9n La Pampa. Tambi\u00e9n cuenta con el acompa\u00f1amiento del <em>INTA, la C\u00e1mara Argentina de Alfalfa, Centro PyME ADENEU y el Instituto de Desarrollo del Valle Inferior.<\/em><\/p><div><div id=\"0DE9E47C-871A-4F90-8440-B190C216800A_1\" class=\"mcafee_green\" tabindex=\"0\">\u00a0<\/div><\/div><p><em>.<\/em><\/p>\t\t\t\t\t\t\t\t<\/div>\n\t\t\t\t<\/div>\n\t\t\t\t<div class=\"elementor-element elementor-element-462284b elementor-widget elementor-widget-heading\" data-id=\"462284b\" data-element_type=\"widget\" data-e-type=\"widget\" data-widget_type=\"heading.default\">\n\t\t\t\t<div class=\"elementor-widget-container\">\n\t\t\t\t\t<h2 class=\"elementor-heading-title elementor-size-default\">\/ ACTIVIDADES<\/h2>\t\t\t\t<\/div>\n\t\t\t\t<\/div>\n\t\t\t\t<div class=\"elementor-element elementor-element-898224a elementor-widget elementor-widget-text-editor\" data-id=\"898224a\" data-element_type=\"widget\" data-e-type=\"widget\" data-widget_type=\"text-editor.default\">\n\t\t\t\t<div class=\"elementor-widget-container\">\n\t\t\t\t\t\t\t\t\t<p><strong>Jornadas de Alfalfa<\/strong><\/p><p><strong>Exposici\u00f3n Est\u00e1tica<\/strong><\/p><p><strong>Avenida de Innovaciones<\/strong><\/p><p><strong>Ronda de Oportunidades, Vinculaciones y Negocios<\/strong><\/p>\t\t\t\t\t\t\t\t<\/div>\n\t\t\t\t<\/div>\n\t\t\t\t\t<\/div>\n\t\t<\/div>\n\t\t\t\t\t<\/div>\n\t\t<\/section>\n\t\t\t\t<section class=\"elementor-section elementor-top-section elementor-element elementor-element-8f7b005 elementor-section-boxed elementor-section-height-default elementor-section-height-default\" data-id=\"8f7b005\" data-element_type=\"section\" data-e-type=\"section\">\n\t\t\t\t\t\t<div class=\"elementor-container elementor-column-gap-default\">\n\t\t\t\t\t<div class=\"elementor-column elementor-col-50 elementor-top-column elementor-element elementor-element-9b15984\" data-id=\"9b15984\" data-element_type=\"column\" data-e-type=\"column\">\n\t\t\t<div class=\"elementor-widget-wrap elementor-element-populated\">\n\t\t\t\t\t\t<div class=\"elementor-element elementor-element-62d84be elementor-widget elementor-widget-text-editor\" data-id=\"62d84be\" data-element_type=\"widget\" data-e-type=\"widget\" data-widget_type=\"text-editor.default\">\n\t\t\t\t<div class=\"elementor-widget-container\">\n\t\t\t\t\t\t\t\t\t<h2 class=\"elementor-heading-title elementor-size-default\">\/ PROGRAMA<\/h2>\t\t\t\t\t\t\t\t<\/div>\n\t\t\t\t<\/div>\n\t\t\t\t<div class=\"elementor-element elementor-element-cc08e98 elementor-widget elementor-widget-text-editor\" data-id=\"cc08e98\" data-element_type=\"widget\" data-e-type=\"widget\" data-widget_type=\"text-editor.default\">\n\t\t\t\t<div class=\"elementor-widget-container\">\n\t\t\t\t\t\t\t\t\t<p><strong>08.30hs<\/strong><\/p>\t\t\t\t\t\t\t\t<\/div>\n\t\t\t\t<\/div>\n\t\t\t\t<div class=\"elementor-element elementor-element-a9aff9f elementor-widget elementor-widget-text-editor\" data-id=\"a9aff9f\" data-element_type=\"widget\" data-e-type=\"widget\" data-widget_type=\"text-editor.default\">\n\t\t\t\t<div class=\"elementor-widget-container\">\n\t\t\t\t\t\t\t\t\t<p><span class=\"TextRun SCXW70862245 BCX8\" lang=\"ES-AR\" xml:lang=\"ES-AR\" data-contrast=\"auto\"><span class=\"NormalTextRun SCXW70862245 BCX8\">Recepci\u00f3n e inscripciones<\/span><\/span><\/p>\t\t\t\t\t\t\t\t<\/div>\n\t\t\t\t<\/div>\n\t\t\t\t<div class=\"elementor-element elementor-element-826a57b elementor-widget elementor-widget-text-editor\" data-id=\"826a57b\" data-element_type=\"widget\" data-e-type=\"widget\" data-widget_type=\"text-editor.default\">\n\t\t\t\t<div class=\"elementor-widget-container\">\n\t\t\t\t\t\t\t\t\t<p><strong>09.00hs<\/strong><\/p>\t\t\t\t\t\t\t\t<\/div>\n\t\t\t\t<\/div>\n\t\t\t\t<div class=\"elementor-element elementor-element-aa51e27 elementor-widget elementor-widget-text-editor\" data-id=\"aa51e27\" data-element_type=\"widget\" data-e-type=\"widget\" data-widget_type=\"text-editor.default\">\n\t\t\t\t<div class=\"elementor-widget-container\">\n\t\t\t\t\t\t\t\t\t<p><span class=\"TextRun SCXW256734717 BCX8\" lang=\"ES-ES\" xml:lang=\"ES-ES\" data-contrast=\"auto\"><span class=\"NormalTextRun SCXW256734717 BCX8\">Apertura <\/span><\/span><span class=\"TextRun SCXW256734717 BCX8\" lang=\"ES-ES\" xml:lang=\"ES-ES\" data-contrast=\"none\"><span class=\"NormalTextRun SCXW256734717 BCX8\">con presencia de autoridades. Organizaci\u00f3n, funcionarios y ministerio<\/span><span class=\"NormalTextRun SCXW256734717 BCX8\">s<\/span><span class=\"NormalTextRun SCXW256734717 BCX8\"> de producci\u00f3n de Neuqu\u00e9n, La Pampa, Rio Negro.\u00a0<\/span><\/span><\/p>\t\t\t\t\t\t\t\t<\/div>\n\t\t\t\t<\/div>\n\t\t\t\t<div class=\"elementor-element elementor-element-d1c1424 elementor-widget elementor-widget-text-editor\" data-id=\"d1c1424\" data-element_type=\"widget\" data-e-type=\"widget\" data-widget_type=\"text-editor.default\">\n\t\t\t\t<div class=\"elementor-widget-container\">\n\t\t\t\t\t\t\t\t\t<p><strong>09.30hs \/ 09.50hs<\/strong><\/p>\t\t\t\t\t\t\t\t<\/div>\n\t\t\t\t<\/div>\n\t\t\t\t<div class=\"elementor-element elementor-element-94c764f elementor-widget elementor-widget-text-editor\" data-id=\"94c764f\" data-element_type=\"widget\" data-e-type=\"widget\" data-widget_type=\"text-editor.default\">\n\t\t\t\t<div class=\"elementor-widget-container\">\n\t\t\t\t\t\t\t\t\t<p>Situaci\u00f3n actual y perspectivas potenciales de la regi\u00f3n. Ing. Pablo Kiwitt (director de Agricultura Rio Negro)<\/p>\t\t\t\t\t\t\t\t<\/div>\n\t\t\t\t<\/div>\n\t\t\t\t<div class=\"elementor-element elementor-element-021af58 elementor-widget elementor-widget-text-editor\" data-id=\"021af58\" data-element_type=\"widget\" data-e-type=\"widget\" data-widget_type=\"text-editor.default\">\n\t\t\t\t<div class=\"elementor-widget-container\">\n\t\t\t\t\t\t\t\t\t<p><strong>09.55 \/ 10.15<\/strong><\/p>\t\t\t\t\t\t\t\t<\/div>\n\t\t\t\t<\/div>\n\t\t\t\t<div class=\"elementor-element elementor-element-b5a747b elementor-widget elementor-widget-text-editor\" data-id=\"b5a747b\" data-element_type=\"widget\" data-e-type=\"widget\" data-widget_type=\"text-editor.default\">\n\t\t\t\t<div class=\"elementor-widget-container\">\n\t\t\t\t\t\t\t\t\t<p>Caracterizaci\u00f3n regional. Siembra, Clima y Riego. Ing. Agr. Dardo Roy Fontanella (INTA 25 Mayo &#8211; La Pampa)\u00a0<\/p>\t\t\t\t\t\t\t\t<\/div>\n\t\t\t\t<\/div>\n\t\t\t\t<div class=\"elementor-element elementor-element-0e47f65 elementor-widget elementor-widget-text-editor\" data-id=\"0e47f65\" data-element_type=\"widget\" data-e-type=\"widget\" data-widget_type=\"text-editor.default\">\n\t\t\t\t<div class=\"elementor-widget-container\">\n\t\t\t\t\t\t\t\t\t<p><strong>10.20hs \/ 11.00hs<\/strong><\/p>\t\t\t\t\t\t\t\t<\/div>\n\t\t\t\t<\/div>\n\t\t\t\t<div class=\"elementor-element elementor-element-72ae6c4 elementor-widget elementor-widget-text-editor\" data-id=\"72ae6c4\" data-element_type=\"widget\" data-e-type=\"widget\" data-widget_type=\"text-editor.default\">\n\t\t\t\t<div class=\"elementor-widget-container\">\n\t\t\t\t\t\t\t\t\t<p>Mejoramiento gen\u00e9tico. Panorama varietal. Siembra, elecci\u00f3n de variedades. Valeria Arolfo (Bi\u00f3loga, mejoradora de alfalfa y coordinadora de la red nacional de evaluaci\u00f3n de alfalfa INTA).\u00a0<\/p><p>Panel de semilleros: Ing. Agr. Gabriel Kieffer (WL Agvance),\u00a0Ing. Agr. Andr\u00e9s D\u00edaz (Palo Verde), Lic. Bautista Zingoni\u00a0(Zinma Seeds). Ing. Agr. Nahuel Farengo (PGG Wrightson Seeds)<\/p>\t\t\t\t\t\t\t\t<\/div>\n\t\t\t\t<\/div>\n\t\t\t\t<div class=\"elementor-element elementor-element-6f3a1cf elementor-widget elementor-widget-text-editor\" data-id=\"6f3a1cf\" data-element_type=\"widget\" data-e-type=\"widget\" data-widget_type=\"text-editor.default\">\n\t\t\t\t<div class=\"elementor-widget-container\">\n\t\t\t\t\t\t\t\t\t<p><strong>11.00hs \/ 11.40hs<\/strong><\/p>\t\t\t\t\t\t\t\t<\/div>\n\t\t\t\t<\/div>\n\t\t\t\t<div class=\"elementor-element elementor-element-d08fa45 elementor-widget elementor-widget-text-editor\" data-id=\"d08fa45\" data-element_type=\"widget\" data-e-type=\"widget\" data-widget_type=\"text-editor.default\">\n\t\t\t\t<div class=\"elementor-widget-container\">\n\t\t\t\t\t\t\t\t\t<p>Coffee break<\/p>\t\t\t\t\t\t\t\t<\/div>\n\t\t\t\t<\/div>\n\t\t\t\t<div class=\"elementor-element elementor-element-108493d elementor-widget elementor-widget-text-editor\" data-id=\"108493d\" data-element_type=\"widget\" data-e-type=\"widget\" data-widget_type=\"text-editor.default\">\n\t\t\t\t<div class=\"elementor-widget-container\">\n\t\t\t\t\t\t\t\t\t<p><strong>11.40hs \/ 12.00hs<\/strong><\/p>\t\t\t\t\t\t\t\t<\/div>\n\t\t\t\t<\/div>\n\t\t\t\t<div class=\"elementor-element elementor-element-a8af221 elementor-widget elementor-widget-text-editor\" data-id=\"a8af221\" data-element_type=\"widget\" data-e-type=\"widget\" data-widget_type=\"text-editor.default\">\n\t\t\t\t<div class=\"elementor-widget-container\">\n\t\t\t\t\t\t\t\t\t<p>Manejo de la fertilizaci\u00f3n de alfalfa en los ambientes irrigadores de la Norpatagonia \u2013 Lic. (Mg.) Juan Jos\u00e9 Gallego (INTA Valle Inferior &#8211; Viedma)<\/p>\t\t\t\t\t\t\t\t<\/div>\n\t\t\t\t<\/div>\n\t\t\t\t\t<\/div>\n\t\t<\/div>\n\t\t\t\t<div class=\"elementor-column elementor-col-50 elementor-top-column elementor-element elementor-element-d0250e0\" data-id=\"d0250e0\" data-element_type=\"column\" data-e-type=\"column\">\n\t\t\t<div class=\"elementor-widget-wrap elementor-element-populated\">\n\t\t\t\t\t\t<div class=\"elementor-element elementor-element-d323d92 elementor-widget elementor-widget-text-editor\" data-id=\"d323d92\" data-element_type=\"widget\" data-e-type=\"widget\" data-widget_type=\"text-editor.default\">\n\t\t\t\t<div class=\"elementor-widget-container\">\n\t\t\t\t\t\t\t\t\t<p><strong>12.05hs \/ 12.30hs<\/strong><\/p>\t\t\t\t\t\t\t\t<\/div>\n\t\t\t\t<\/div>\n\t\t\t\t<div class=\"elementor-element elementor-element-e36a796 elementor-widget elementor-widget-text-editor\" data-id=\"e36a796\" data-element_type=\"widget\" data-e-type=\"widget\" data-widget_type=\"text-editor.default\">\n\t\t\t\t<div class=\"elementor-widget-container\">\n\t\t\t\t\t\t\t\t\t<p>Mecanizaci\u00f3n e incorporaci\u00f3n de tecnolog\u00eda &#8211; Ing. Miguel Forni (mecanizaci\u00f3n UNL) y\u00a0Julio I\u00f1on D\u00edaz (<span style=\"font-size: 1rem;\">Consultor Privado).<\/span><\/p>\t\t\t\t\t\t\t\t<\/div>\n\t\t\t\t<\/div>\n\t\t\t\t<div class=\"elementor-element elementor-element-4a0d106 elementor-widget elementor-widget-text-editor\" data-id=\"4a0d106\" data-element_type=\"widget\" data-e-type=\"widget\" data-widget_type=\"text-editor.default\">\n\t\t\t\t<div class=\"elementor-widget-container\">\n\t\t\t\t\t\t\t\t\t<p><strong>12.35hs \/ 13.10hs<\/strong><\/p>\t\t\t\t\t\t\t\t<\/div>\n\t\t\t\t<\/div>\n\t\t\t\t<div class=\"elementor-element elementor-element-6507f98 elementor-widget elementor-widget-text-editor\" data-id=\"6507f98\" data-element_type=\"widget\" data-e-type=\"widget\" data-widget_type=\"text-editor.default\">\n\t\t\t\t<div class=\"elementor-widget-container\">\n\t\t\t\t\t\t\t\t\t<p>Recorrido avenida de la innovaci\u00f3n tecnol\u00f3gica. Descripci\u00f3n de las maquinarias. Ing. Miguel Forni (mecanizaci\u00f3n UNL) y Julio I\u00f1on D\u00edaz (Consultor Privado)<\/p>\t\t\t\t\t\t\t\t<\/div>\n\t\t\t\t<\/div>\n\t\t\t\t<div class=\"elementor-element elementor-element-971b54d elementor-widget elementor-widget-text-editor\" data-id=\"971b54d\" data-element_type=\"widget\" data-e-type=\"widget\" data-widget_type=\"text-editor.default\">\n\t\t\t\t<div class=\"elementor-widget-container\">\n\t\t\t\t\t\t\t\t\t<p><strong>13.10hs \/ 14.00hs<\/strong><\/p>\t\t\t\t\t\t\t\t<\/div>\n\t\t\t\t<\/div>\n\t\t\t\t<div class=\"elementor-element elementor-element-cf06114 elementor-widget elementor-widget-text-editor\" data-id=\"cf06114\" data-element_type=\"widget\" data-e-type=\"widget\" data-widget_type=\"text-editor.default\">\n\t\t\t\t<div class=\"elementor-widget-container\">\n\t\t\t\t\t\t\t\t\t<p>Lunch<\/p>\t\t\t\t\t\t\t\t<\/div>\n\t\t\t\t<\/div>\n\t\t\t\t<div class=\"elementor-element elementor-element-f4e6283 elementor-widget elementor-widget-text-editor\" data-id=\"f4e6283\" data-element_type=\"widget\" data-e-type=\"widget\" data-widget_type=\"text-editor.default\">\n\t\t\t\t<div class=\"elementor-widget-container\">\n\t\t\t\t\t\t\t\t\t<p><strong>14.05hs \/ 14.30hs<\/strong><\/p>\t\t\t\t\t\t\t\t<\/div>\n\t\t\t\t<\/div>\n\t\t\t\t<div class=\"elementor-element elementor-element-8b4067f elementor-widget elementor-widget-text-editor\" data-id=\"8b4067f\" data-element_type=\"widget\" data-e-type=\"widget\" data-widget_type=\"text-editor.default\">\n\t\t\t\t<div class=\"elementor-widget-container\">\n\t\t\t\t\t\t\t\t\t<p><span style=\"font-weight: 400;\">Mesa experiencia de \u00e9xito local:\u00a0 Juan Pablo D\u2019urso (Zille Agro) &#8211; Guillermo Borrajo y Nicol\u00e1s Maico (Alfalfa y Forraje de la Patagonia).<\/span><\/p>\t\t\t\t\t\t\t\t<\/div>\n\t\t\t\t<\/div>\n\t\t\t\t<div class=\"elementor-element elementor-element-d5ff700 elementor-widget elementor-widget-text-editor\" data-id=\"d5ff700\" data-element_type=\"widget\" data-e-type=\"widget\" data-widget_type=\"text-editor.default\">\n\t\t\t\t<div class=\"elementor-widget-container\">\n\t\t\t\t\t\t\t\t\t<p><strong>14.35hs \/ 15.05hs<\/strong><\/p>\t\t\t\t\t\t\t\t<\/div>\n\t\t\t\t<\/div>\n\t\t\t\t<div class=\"elementor-element elementor-element-99166b0 elementor-widget elementor-widget-text-editor\" data-id=\"99166b0\" data-element_type=\"widget\" data-e-type=\"widget\" data-widget_type=\"text-editor.default\">\n\t\t\t\t<div class=\"elementor-widget-container\">\n\t\t\t\t\t\t\t\t\t<p>Proyectos alfalferos y Financiamiento. <span data-contrast=\"auto\">Jos\u00e9 Brigante, pte. C\u00e1mara Argentina de Alfalfa; <\/span><span data-contrast=\"auto\">Licenciado Maximiliano Bruno, Gte Gral IDEVI; <\/span><span data-contrast=\"auto\">Luj\u00e1n Masseroni, INTA 25 de Mayo; E<\/span><span data-contrast=\"auto\">steban Hiroki, resp Unidad de Enlace CFI Cipolletti;\u00a0<\/span><span data-contrast=\"auto\">Agust\u00edn Chiofalo, resp asesor\u00eda financiera Centro PyME ADENEU; <\/span><span data-contrast=\"auto\">Eugenia San Mart\u00edn, Gta.\u00a0 Bco Patagonia Suc. Cipolletti; <\/span><span data-contrast=\"auto\">Sebasti\u00e1n Baulo, Gte. Bco Neuqu\u00e9n<\/span><span data-ccp-props=\"{}\"> Suc Cipolletti; <\/span><span data-contrast=\"auto\">Eduardo Heredia, dir. forrajes Gobierno de Neuqu\u00e9n. <\/span><span data-contrast=\"auto\">Representante de un Estado Regi\u00f3n Patagonia Norte.<\/span><\/p>\t\t\t\t\t\t\t\t<\/div>\n\t\t\t\t<\/div>\n\t\t\t\t<div class=\"elementor-element elementor-element-0ca92cf elementor-widget elementor-widget-text-editor\" data-id=\"0ca92cf\" data-element_type=\"widget\" data-e-type=\"widget\" data-widget_type=\"text-editor.default\">\n\t\t\t\t<div class=\"elementor-widget-container\">\n\t\t\t\t\t\t\t\t\t<p><strong>15.10hs \/ 15.50hs<\/strong><\/p>\t\t\t\t\t\t\t\t<\/div>\n\t\t\t\t<\/div>\n\t\t\t\t<div class=\"elementor-element elementor-element-f58e899 elementor-widget elementor-widget-text-editor\" data-id=\"f58e899\" data-element_type=\"widget\" data-e-type=\"widget\" data-widget_type=\"text-editor.default\">\n\t\t\t\t<div class=\"elementor-widget-container\">\n\t\t\t\t\t\t\t\t\t<p><span style=\"font-weight: 400;\">Exportaci\u00f3n: Demanda mundial. Calidades demandadas. Log\u00edstica en puertos, trenes; plantas para procesar, despachantes de aduanas, log\u00edstica mar\u00edtimas. Rentabilidad. Jos\u00e9 Brigante (Pte. C\u00e1m. Argentina de Alfalfa)<\/span><\/p>\t\t\t\t\t\t\t\t<\/div>\n\t\t\t\t<\/div>\n\t\t\t\t<div class=\"elementor-element elementor-element-36f262a elementor-widget elementor-widget-text-editor\" data-id=\"36f262a\" data-element_type=\"widget\" data-e-type=\"widget\" data-widget_type=\"text-editor.default\">\n\t\t\t\t<div class=\"elementor-widget-container\">\n\t\t\t\t\t\t\t\t\t<p><strong>15.55hs \/ 17.00hs<\/strong><\/p>\t\t\t\t\t\t\t\t<\/div>\n\t\t\t\t<\/div>\n\t\t\t\t<div class=\"elementor-element elementor-element-c3874d0 elementor-widget elementor-widget-text-editor\" data-id=\"c3874d0\" data-element_type=\"widget\" data-e-type=\"widget\" data-widget_type=\"text-editor.default\">\n\t\t\t\t<div class=\"elementor-widget-container\">\n\t\t\t\t\t\t\t\t\t<p><span data-contrast=\"auto\">Ronda de Oportunidades, Vinculaciones y Negocios con Heno.<\/span><span data-ccp-props=\"{&quot;201341983&quot;:0,&quot;335559739&quot;:0,&quot;335559740&quot;:240}\">\u00a0<\/span><\/p>\t\t\t\t\t\t\t\t<\/div>\n\t\t\t\t<\/div>\n\t\t\t\t\t<\/div>\n\t\t<\/div>\n\t\t\t\t\t<\/div>\n\t\t<\/section>\n\t\t\t\t<section class=\"elementor-section elementor-top-section elementor-element elementor-element-f83b5d1 elementor-section-boxed elementor-section-height-default elementor-section-height-default\" data-id=\"f83b5d1\" data-element_type=\"section\" data-e-type=\"section\">\n\t\t\t\t\t\t<div class=\"elementor-container elementor-column-gap-default\">\n\t\t\t\t\t<div class=\"elementor-column elementor-col-100 elementor-top-column elementor-element elementor-element-81f1be9\" data-id=\"81f1be9\" data-element_type=\"column\" data-e-type=\"column\">\n\t\t\t<div class=\"elementor-widget-wrap elementor-element-populated\">\n\t\t\t\t\t\t<div class=\"elementor-element elementor-element-921c276 elementor-widget elementor-widget-spacer\" data-id=\"921c276\" data-element_type=\"widget\" data-e-type=\"widget\" data-widget_type=\"spacer.default\">\n\t\t\t\t<div class=\"elementor-widget-container\">\n\t\t\t\t\t\t\t<div class=\"elementor-spacer\">\n\t\t\t<div class=\"elementor-spacer-inner\"><\/div>\n\t\t<\/div>\n\t\t\t\t\t\t<\/div>\n\t\t\t\t<\/div>\n\t\t\t\t<div class=\"elementor-element elementor-element-d3848e7 elementor-widget elementor-widget-heading\" data-id=\"d3848e7\" data-element_type=\"widget\" data-e-type=\"widget\" data-widget_type=\"heading.default\">\n\t\t\t\t<div class=\"elementor-widget-container\">\n\t\t\t\t\t<h2 class=\"elementor-heading-title elementor-size-default\">Actividades ExpoAlfa Jornadas<\/h2>\t\t\t\t<\/div>\n\t\t\t\t<\/div>\n\t\t\t\t\t<\/div>\n\t\t<\/div>\n\t\t\t\t\t<\/div>\n\t\t<\/section>\n\t\t\t\t<section class=\"elementor-section elementor-top-section elementor-element elementor-element-f16a1a5 elementor-section-boxed elementor-section-height-default elementor-section-height-default\" data-id=\"f16a1a5\" data-element_type=\"section\" data-e-type=\"section\">\n\t\t\t\t\t\t<div class=\"elementor-container elementor-column-gap-default\">\n\t\t\t\t\t<div class=\"elementor-column elementor-col-25 elementor-top-column elementor-element elementor-element-b491fda\" data-id=\"b491fda\" data-element_type=\"column\" data-e-type=\"column\">\n\t\t\t<div class=\"elementor-widget-wrap elementor-element-populated\">\n\t\t\t\t\t\t<div class=\"elementor-element elementor-element-e1d8f01 elementor-widget elementor-widget-image\" data-id=\"e1d8f01\" data-element_type=\"widget\" data-e-type=\"widget\" data-widget_type=\"image.default\">\n\t\t\t\t<div class=\"elementor-widget-container\">\n\t\t\t\t\t\t\t\t\t\t\t\t\t\t\t<img decoding=\"async\" width=\"203\" height=\"219\" src=\"https:\/\/expoalfa.com.ar\/alfalfa\/wp-content\/uploads\/2025\/04\/Mesa-de-trabajo-2act-e1745625018867.png\" class=\"attachment-large size-large wp-image-5918\" alt=\"\" \/>\t\t\t\t\t\t\t\t\t\t\t\t\t\t\t<\/div>\n\t\t\t\t<\/div>\n\t\t\t\t<div class=\"elementor-element elementor-element-96001a8 elementor-widget elementor-widget-heading\" data-id=\"96001a8\" data-element_type=\"widget\" data-e-type=\"widget\" data-widget_type=\"heading.default\">\n\t\t\t\t<div class=\"elementor-widget-container\">\n\t\t\t\t\t<h2 class=\"elementor-heading-title elementor-size-default\">Jornadas ExpoAlfa\u200b<\/h2>\t\t\t\t<\/div>\n\t\t\t\t<\/div>\n\t\t\t\t<div class=\"elementor-element elementor-element-66b0bac elementor-widget elementor-widget-text-editor\" data-id=\"66b0bac\" data-element_type=\"widget\" data-e-type=\"widget\" data-widget_type=\"text-editor.default\">\n\t\t\t\t<div class=\"elementor-widget-container\">\n\t\t\t\t\t\t\t\t\t<p>Capacitaci\u00f3n en mejoramiento gen\u00e9tico, manejo, fertilizaci\u00f3n, riego, mecanizaci\u00f3n, nuevas tecnolog\u00edas, transporte y log\u00edstica, mercado mundial y exportaci\u00f3n.<\/p>\t\t\t\t\t\t\t\t<\/div>\n\t\t\t\t<\/div>\n\t\t\t\t<div class=\"elementor-element elementor-element-2451f32 elementor-align-center elementor-widget elementor-widget-button\" data-id=\"2451f32\" data-element_type=\"widget\" data-e-type=\"widget\" data-widget_type=\"button.default\">\n\t\t\t\t<div class=\"elementor-widget-container\">\n\t\t\t\t\t\t\t\t\t<div class=\"elementor-button-wrapper\">\n\t\t\t\t\t<a class=\"elementor-button elementor-button-link elementor-size-sm\" href=\"https:\/\/expoalfa.com.ar\/alfalfa\/expoalfa-jornada-2025\/patagonia-norte\/jornadas-de-alfalfa\/\">\n\t\t\t\t\t\t<span class=\"elementor-button-content-wrapper\">\n\t\t\t\t\t\t\t\t\t<span class=\"elementor-button-text\">Leer m\u00e1s<\/span>\n\t\t\t\t\t<\/span>\n\t\t\t\t\t<\/a>\n\t\t\t\t<\/div>\n\t\t\t\t\t\t\t\t<\/div>\n\t\t\t\t<\/div>\n\t\t\t\t\t<\/div>\n\t\t<\/div>\n\t\t\t\t<div class=\"elementor-column elementor-col-25 elementor-top-column elementor-element elementor-element-6608f8f\" data-id=\"6608f8f\" data-element_type=\"column\" data-e-type=\"column\">\n\t\t\t<div class=\"elementor-widget-wrap elementor-element-populated\">\n\t\t\t\t\t\t<div class=\"elementor-element elementor-element-2433955 elementor-widget elementor-widget-image\" data-id=\"2433955\" data-element_type=\"widget\" data-e-type=\"widget\" data-widget_type=\"image.default\">\n\t\t\t\t<div class=\"elementor-widget-container\">\n\t\t\t\t\t\t\t\t\t\t\t\t\t\t\t<img decoding=\"async\" width=\"231\" height=\"215\" src=\"https:\/\/expoalfa.com.ar\/alfalfa\/wp-content\/uploads\/2025\/04\/Mesa-de-trabajo-2act-1-e1745625049869.png\" class=\"attachment-large size-large wp-image-5919\" alt=\"\" \/>\t\t\t\t\t\t\t\t\t\t\t\t\t\t\t<\/div>\n\t\t\t\t<\/div>\n\t\t\t\t<div class=\"elementor-element elementor-element-d2e4f1c elementor-widget elementor-widget-heading\" data-id=\"d2e4f1c\" data-element_type=\"widget\" data-e-type=\"widget\" data-widget_type=\"heading.default\">\n\t\t\t\t<div class=\"elementor-widget-container\">\n\t\t\t\t\t<h2 class=\"elementor-heading-title elementor-size-default\">Exposici\u00f3n Est\u00e1tica<\/h2>\t\t\t\t<\/div>\n\t\t\t\t<\/div>\n\t\t\t\t<div class=\"elementor-element elementor-element-8332db2 elementor-widget elementor-widget-text-editor\" data-id=\"8332db2\" data-element_type=\"widget\" data-e-type=\"widget\" data-widget_type=\"text-editor.default\">\n\t\t\t\t<div class=\"elementor-widget-container\">\n\t\t\t\t\t\t\t\t\t<p>Empresas y actores clave del sector presentar\u00e1n sus innovaciones y tecnolog\u00edas. Fomentar\u00e1 el intercambio de conocimientos y oportunidades de negocio en el sector de la alfalfa.<\/p>\t\t\t\t\t\t\t\t<\/div>\n\t\t\t\t<\/div>\n\t\t\t\t<div class=\"elementor-element elementor-element-867052b elementor-align-center elementor-widget elementor-widget-button\" data-id=\"867052b\" data-element_type=\"widget\" data-e-type=\"widget\" data-widget_type=\"button.default\">\n\t\t\t\t<div class=\"elementor-widget-container\">\n\t\t\t\t\t\t\t\t\t<div class=\"elementor-button-wrapper\">\n\t\t\t\t\t<a class=\"elementor-button elementor-button-link elementor-size-sm\" href=\"https:\/\/expoalfa.com.ar\/alfalfa\/expoalfa-jornada-2025\/patagonia-norte\/exposicion-estatica\/\">\n\t\t\t\t\t\t<span class=\"elementor-button-content-wrapper\">\n\t\t\t\t\t\t\t\t\t<span class=\"elementor-button-text\">Leer m\u00e1s<\/span>\n\t\t\t\t\t<\/span>\n\t\t\t\t\t<\/a>\n\t\t\t\t<\/div>\n\t\t\t\t\t\t\t\t<\/div>\n\t\t\t\t<\/div>\n\t\t\t\t\t<\/div>\n\t\t<\/div>\n\t\t\t\t<div class=\"elementor-column elementor-col-25 elementor-top-column elementor-element elementor-element-e0b9aa0\" data-id=\"e0b9aa0\" data-element_type=\"column\" data-e-type=\"column\">\n\t\t\t<div class=\"elementor-widget-wrap elementor-element-populated\">\n\t\t\t\t\t\t<div class=\"elementor-element elementor-element-bb55804 elementor-widget elementor-widget-image\" data-id=\"bb55804\" data-element_type=\"widget\" data-e-type=\"widget\" data-widget_type=\"image.default\">\n\t\t\t\t<div class=\"elementor-widget-container\">\n\t\t\t\t\t\t\t\t\t\t\t\t\t\t\t<img decoding=\"async\" width=\"190\" height=\"202\" src=\"https:\/\/expoalfa.com.ar\/alfalfa\/wp-content\/uploads\/2025\/04\/Mesa-de-trabajo-2act-2-e1745625071142.png\" class=\"attachment-large size-large wp-image-5920\" alt=\"\" \/>\t\t\t\t\t\t\t\t\t\t\t\t\t\t\t<\/div>\n\t\t\t\t<\/div>\n\t\t\t\t<div class=\"elementor-element elementor-element-4bcc85a elementor-widget elementor-widget-heading\" data-id=\"4bcc85a\" data-element_type=\"widget\" data-e-type=\"widget\" data-widget_type=\"heading.default\">\n\t\t\t\t<div class=\"elementor-widget-container\">\n\t\t\t\t\t<h2 class=\"elementor-heading-title elementor-size-default\">Ronda de Oportunidades, Vinculaciones y Negocios<\/h2>\t\t\t\t<\/div>\n\t\t\t\t<\/div>\n\t\t\t\t<div class=\"elementor-element elementor-element-7fba1f9 elementor-widget elementor-widget-text-editor\" data-id=\"7fba1f9\" data-element_type=\"widget\" data-e-type=\"widget\" data-widget_type=\"text-editor.default\">\n\t\t\t\t<div class=\"elementor-widget-container\">\n\t\t\t\t\t\t\t\t\t<p>Reunir\u00e1 a oferentes y demandantes de productos y servicios vinculados a la cadena, que se predispondr\u00e1n a escuchar propuestas, demandas y opciones de negocio.<\/p>\t\t\t\t\t\t\t\t<\/div>\n\t\t\t\t<\/div>\n\t\t\t\t<div class=\"elementor-element elementor-element-7f67d5f elementor-align-center elementor-widget elementor-widget-button\" data-id=\"7f67d5f\" data-element_type=\"widget\" data-e-type=\"widget\" data-widget_type=\"button.default\">\n\t\t\t\t<div class=\"elementor-widget-container\">\n\t\t\t\t\t\t\t\t\t<div class=\"elementor-button-wrapper\">\n\t\t\t\t\t<a class=\"elementor-button elementor-button-link elementor-size-sm\" href=\"https:\/\/expoalfa.com.ar\/alfalfa\/expoalfa-jornada-2025\/patagonia-norte\/ronda-de-oportunidades-vinculaciones-y-negocios\/\">\n\t\t\t\t\t\t<span class=\"elementor-button-content-wrapper\">\n\t\t\t\t\t\t\t\t\t<span class=\"elementor-button-text\">Leer m\u00e1s<\/span>\n\t\t\t\t\t<\/span>\n\t\t\t\t\t<\/a>\n\t\t\t\t<\/div>\n\t\t\t\t\t\t\t\t<\/div>\n\t\t\t\t<\/div>\n\t\t\t\t\t<\/div>\n\t\t<\/div>\n\t\t\t\t<div class=\"elementor-column elementor-col-25 elementor-top-column elementor-element elementor-element-0eaada8\" data-id=\"0eaada8\" data-element_type=\"column\" data-e-type=\"column\">\n\t\t\t<div class=\"elementor-widget-wrap elementor-element-populated\">\n\t\t\t\t\t\t<div class=\"elementor-element elementor-element-06a3f99 elementor-widget elementor-widget-image\" data-id=\"06a3f99\" data-element_type=\"widget\" data-e-type=\"widget\" data-widget_type=\"image.default\">\n\t\t\t\t<div class=\"elementor-widget-container\">\n\t\t\t\t\t\t\t\t\t\t\t\t\t\t\t<img loading=\"lazy\" decoding=\"async\" width=\"206\" height=\"234\" src=\"https:\/\/expoalfa.com.ar\/alfalfa\/wp-content\/uploads\/2025\/04\/Mesa-de-trabajo-2act-3-e1745625093350.png\" class=\"attachment-large size-large wp-image-5921\" alt=\"\" \/>\t\t\t\t\t\t\t\t\t\t\t\t\t\t\t<\/div>\n\t\t\t\t<\/div>\n\t\t\t\t<div class=\"elementor-element elementor-element-ccea78d elementor-widget elementor-widget-heading\" data-id=\"ccea78d\" data-element_type=\"widget\" data-e-type=\"widget\" data-widget_type=\"heading.default\">\n\t\t\t\t<div class=\"elementor-widget-container\">\n\t\t\t\t\t<h2 class=\"elementor-heading-title elementor-size-default\">Avenida de innovaciones<\/h2>\t\t\t\t<\/div>\n\t\t\t\t<\/div>\n\t\t\t\t<div class=\"elementor-element elementor-element-142e623 elementor-widget elementor-widget-text-editor\" data-id=\"142e623\" data-element_type=\"widget\" data-e-type=\"widget\" data-widget_type=\"text-editor.default\">\n\t\t\t\t<div class=\"elementor-widget-container\">\n\t\t\t\t\t\t\t\t\t<p>Recorrido y descripci\u00f3n de m\u00e1quinas y productos. Una muestra est\u00e1tica junto a especialistas del sector que detallar\u00e1n las fortalezas de las m\u00e1quinas y su funcionamiento.<\/p>\t\t\t\t\t\t\t\t<\/div>\n\t\t\t\t<\/div>\n\t\t\t\t<div class=\"elementor-element elementor-element-fc228e9 elementor-align-center elementor-widget elementor-widget-button\" data-id=\"fc228e9\" data-element_type=\"widget\" data-e-type=\"widget\" data-widget_type=\"button.default\">\n\t\t\t\t<div class=\"elementor-widget-container\">\n\t\t\t\t\t\t\t\t\t<div class=\"elementor-button-wrapper\">\n\t\t\t\t\t<a class=\"elementor-button elementor-button-link elementor-size-sm\" href=\"https:\/\/expoalfa.com.ar\/alfalfa\/expoalfa-jornada-2025\/patagonia-norte\/avenida-de-innovaciones\/\">\n\t\t\t\t\t\t<span class=\"elementor-button-content-wrapper\">\n\t\t\t\t\t\t\t\t\t<span class=\"elementor-button-text\">Leer m\u00e1s<\/span>\n\t\t\t\t\t<\/span>\n\t\t\t\t\t<\/a>\n\t\t\t\t<\/div>\n\t\t\t\t\t\t\t\t<\/div>\n\t\t\t\t<\/div>\n\t\t\t\t\t<\/div>\n\t\t<\/div>\n\t\t\t\t\t<\/div>\n\t\t<\/section>\n\t\t\t\t<section class=\"elementor-section elementor-top-section elementor-element elementor-element-56e8aa9 elementor-section-boxed elementor-section-height-default elementor-section-height-default\" data-id=\"56e8aa9\" data-element_type=\"section\" data-e-type=\"section\">\n\t\t\t\t\t\t<div class=\"elementor-container elementor-column-gap-default\">\n\t\t\t\t\t<div class=\"elementor-column elementor-col-100 elementor-top-column elementor-element elementor-element-aeb093a\" data-id=\"aeb093a\" data-element_type=\"column\" data-e-type=\"column\">\n\t\t\t<div class=\"elementor-widget-wrap elementor-element-populated\">\n\t\t\t\t\t\t<div class=\"elementor-element elementor-element-8ffde29 elementor-widget elementor-widget-spacer\" data-id=\"8ffde29\" data-element_type=\"widget\" data-e-type=\"widget\" data-widget_type=\"spacer.default\">\n\t\t\t\t<div class=\"elementor-widget-container\">\n\t\t\t\t\t\t\t<div class=\"elementor-spacer\">\n\t\t\t<div class=\"elementor-spacer-inner\"><\/div>\n\t\t<\/div>\n\t\t\t\t\t\t<\/div>\n\t\t\t\t<\/div>\n\t\t\t\t\t<\/div>\n\t\t<\/div>\n\t\t\t\t\t<\/div>\n\t\t<\/section>\n\t\t\t\t<section class=\"elementor-section elementor-top-section elementor-element elementor-element-2aceec6 elementor-section-boxed elementor-section-height-default elementor-section-height-default\" data-id=\"2aceec6\" data-element_type=\"section\" data-e-type=\"section\">\n\t\t\t\t\t\t<div class=\"elementor-container elementor-column-gap-default\">\n\t\t\t\t\t<div class=\"elementor-column elementor-col-100 elementor-top-column elementor-element elementor-element-4d607a5\" data-id=\"4d607a5\" data-element_type=\"column\" data-e-type=\"column\">\n\t\t\t<div class=\"elementor-widget-wrap elementor-element-populated\">\n\t\t\t\t\t\t<div class=\"elementor-element elementor-element-2f98309 elementor-widget elementor-widget-image\" data-id=\"2f98309\" data-element_type=\"widget\" data-e-type=\"widget\" data-widget_type=\"image.default\">\n\t\t\t\t<div class=\"elementor-widget-container\">\n\t\t\t\t\t\t\t\t\t\t\t\t\t\t\t<img loading=\"lazy\" decoding=\"async\" width=\"775\" height=\"978\" src=\"https:\/\/expoalfa.com.ar\/alfalfa\/wp-content\/uploads\/2025\/05\/Mesa-de-trabajo-305sponsor.png\" class=\"attachment-full size-full wp-image-7160\" alt=\"\" srcset=\"https:\/\/expoalfa.com.ar\/alfalfa\/wp-content\/uploads\/2025\/05\/Mesa-de-trabajo-305sponsor.png 775w, https:\/\/expoalfa.com.ar\/alfalfa\/wp-content\/uploads\/2025\/05\/Mesa-de-trabajo-305sponsor-238x300.png 238w, https:\/\/expoalfa.com.ar\/alfalfa\/wp-content\/uploads\/2025\/05\/Mesa-de-trabajo-305sponsor-768x969.png 768w, https:\/\/expoalfa.com.ar\/alfalfa\/wp-content\/uploads\/2025\/05\/Mesa-de-trabajo-305sponsor-600x757.png 600w\" sizes=\"(max-width: 775px) 100vw, 775px\" \/>\t\t\t\t\t\t\t\t\t\t\t\t\t\t\t<\/div>\n\t\t\t\t<\/div>\n\t\t\t\t\t<\/div>\n\t\t<\/div>\n\t\t\t\t\t<\/div>\n\t\t<\/section>\n\t\t\t\t<section class=\"elementor-section elementor-top-section elementor-element elementor-element-efe7c98 elementor-section-boxed elementor-section-height-default elementor-section-height-default\" data-id=\"efe7c98\" data-element_type=\"section\" data-e-type=\"section\" id=\"planosexpoalfa\">\n\t\t\t\t\t\t<div class=\"elementor-container elementor-column-gap-default\">\n\t\t\t\t\t<div class=\"elementor-column elementor-col-100 elementor-top-column elementor-element elementor-element-3671197\" data-id=\"3671197\" data-element_type=\"column\" data-e-type=\"column\">\n\t\t\t<div class=\"elementor-widget-wrap elementor-element-populated\">\n\t\t\t\t\t\t<div class=\"elementor-element elementor-element-9c8af01 elementor-widget elementor-widget-spacer\" data-id=\"9c8af01\" data-element_type=\"widget\" data-e-type=\"widget\" data-widget_type=\"spacer.default\">\n\t\t\t\t<div class=\"elementor-widget-container\">\n\t\t\t\t\t\t\t<div class=\"elementor-spacer\">\n\t\t\t<div class=\"elementor-spacer-inner\"><\/div>\n\t\t<\/div>\n\t\t\t\t\t\t<\/div>\n\t\t\t\t<\/div>\n\t\t\t\t<div class=\"elementor-element elementor-element-5787d8c elementor-widget elementor-widget-heading\" data-id=\"5787d8c\" data-element_type=\"widget\" data-e-type=\"widget\" data-widget_type=\"heading.default\">\n\t\t\t\t<div class=\"elementor-widget-container\">\n\t\t\t\t\t<h2 class=\"elementor-heading-title elementor-size-default\">Planos ExpoAlfa Jornadas<\/h2>\t\t\t\t<\/div>\n\t\t\t\t<\/div>\n\t\t\t\t<div class=\"elementor-element elementor-element-2cc53a4 elementor-widget elementor-widget-heading\" data-id=\"2cc53a4\" data-element_type=\"widget\" data-e-type=\"widget\" data-widget_type=\"heading.default\">\n\t\t\t\t<div class=\"elementor-widget-container\">\n\t\t\t\t\t<h2 class=\"elementor-heading-title elementor-size-default\">Clickee las flechas para ver todos los stands<\/h2>\t\t\t\t<\/div>\n\t\t\t\t<\/div>\n\t\t\t\t<div class=\"elementor-element elementor-element-551fb16 elementor-arrows-position-outside elementor-widget elementor-widget-image-carousel\" data-id=\"551fb16\" data-element_type=\"widget\" data-e-type=\"widget\" data-settings=\"{&quot;slides_to_show&quot;:&quot;1&quot;,&quot;navigation&quot;:&quot;arrows&quot;,&quot;autoplay&quot;:&quot;yes&quot;,&quot;pause_on_hover&quot;:&quot;yes&quot;,&quot;pause_on_interaction&quot;:&quot;yes&quot;,&quot;autoplay_speed&quot;:5000,&quot;infinite&quot;:&quot;yes&quot;,&quot;effect&quot;:&quot;slide&quot;,&quot;speed&quot;:500}\" data-widget_type=\"image-carousel.default\">\n\t\t\t\t<div class=\"elementor-widget-container\">\n\t\t\t\t\t\t\t<div class=\"elementor-image-carousel-wrapper swiper\" role=\"region\" aria-roledescription=\"carousel\" aria-label=\"Carrusel de im\u00e1genes\" dir=\"ltr\">\n\t\t\t<div class=\"elementor-image-carousel swiper-wrapper\" aria-live=\"off\">\n\t\t\t\t\t\t\t\t<div class=\"swiper-slide\" role=\"group\" aria-roledescription=\"slide\" aria-label=\"1 de 3\"><figure class=\"swiper-slide-inner\"><img decoding=\"async\" class=\"swiper-slide-image\" src=\"https:\/\/expoalfa.com.ar\/alfalfa\/wp-content\/uploads\/2025\/05\/Mesa-de-trabajo-271PLANOS.png\" alt=\"Mesa de trabajo 271PLANOS\" \/><\/figure><\/div><div class=\"swiper-slide\" role=\"group\" aria-roledescription=\"slide\" aria-label=\"2 de 3\"><figure class=\"swiper-slide-inner\"><img decoding=\"async\" class=\"swiper-slide-image\" src=\"https:\/\/expoalfa.com.ar\/alfalfa\/wp-content\/uploads\/2025\/05\/Mesa-de-trabajo-270PLANOS.png\" alt=\"Mesa de trabajo 270PLANOS\" \/><\/figure><\/div><div class=\"swiper-slide\" role=\"group\" aria-roledescription=\"slide\" aria-label=\"3 de 3\"><figure class=\"swiper-slide-inner\"><img decoding=\"async\" class=\"swiper-slide-image\" src=\"https:\/\/expoalfa.com.ar\/alfalfa\/wp-content\/uploads\/2025\/05\/Mesa-de-trabajo-269PLANOS.png\" alt=\"Mesa de trabajo 269PLANOS\" \/><\/figure><\/div>\t\t\t<\/div>\n\t\t\t\t\t\t\t\t\t\t\t\t<div class=\"elementor-swiper-button elementor-swiper-button-prev\" role=\"button\" tabindex=\"0\">\n\t\t\t\t\t\t<i aria-hidden=\"true\" class=\"eicon-chevron-left\"><\/i>\t\t\t\t\t<\/div>\n\t\t\t\t\t<div class=\"elementor-swiper-button elementor-swiper-button-next\" role=\"button\" tabindex=\"0\">\n\t\t\t\t\t\t<i aria-hidden=\"true\" class=\"eicon-chevron-right\"><\/i>\t\t\t\t\t<\/div>\n\t\t\t\t\n\t\t\t\t\t\t\t\t\t<\/div>\n\t\t\t\t\t\t<\/div>\n\t\t\t\t<\/div>\n\t\t\t\t<div class=\"elementor-element elementor-element-1e73f64 elementor-widget elementor-widget-spacer\" data-id=\"1e73f64\" data-element_type=\"widget\" data-e-type=\"widget\" data-widget_type=\"spacer.default\">\n\t\t\t\t<div class=\"elementor-widget-container\">\n\t\t\t\t\t\t\t<div class=\"elementor-spacer\">\n\t\t\t<div class=\"elementor-spacer-inner\"><\/div>\n\t\t<\/div>\n\t\t\t\t\t\t<\/div>\n\t\t\t\t<\/div>\n\t\t\t\t\t<\/div>\n\t\t<\/div>\n\t\t\t\t\t<\/div>\n\t\t<\/section>\n\t\t\t\t<section class=\"elementor-section elementor-top-section elementor-element elementor-element-1ebba5f elementor-section-boxed elementor-section-height-default elementor-section-height-default\" data-id=\"1ebba5f\" data-element_type=\"section\" data-e-type=\"section\" data-settings=\"{&quot;background_background&quot;:&quot;classic&quot;}\">\n\t\t\t\t\t\t<div class=\"elementor-container elementor-column-gap-default\">\n\t\t\t\t\t<div class=\"elementor-column elementor-col-100 elementor-top-column elementor-element elementor-element-321781e\" data-id=\"321781e\" data-element_type=\"column\" data-e-type=\"column\">\n\t\t\t<div class=\"elementor-widget-wrap elementor-element-populated\">\n\t\t\t\t\t\t<div class=\"elementor-element elementor-element-c53fe7d elementor-widget elementor-widget-spacer\" data-id=\"c53fe7d\" data-element_type=\"widget\" data-e-type=\"widget\" data-widget_type=\"spacer.default\">\n\t\t\t\t<div class=\"elementor-widget-container\">\n\t\t\t\t\t\t\t<div class=\"elementor-spacer\">\n\t\t\t<div class=\"elementor-spacer-inner\"><\/div>\n\t\t<\/div>\n\t\t\t\t\t\t<\/div>\n\t\t\t\t<\/div>\n\t\t\t\t<div class=\"elementor-element elementor-element-c7521c6 elementor-widget elementor-widget-heading\" data-id=\"c7521c6\" data-element_type=\"widget\" data-e-type=\"widget\" data-widget_type=\"heading.default\">\n\t\t\t\t<div class=\"elementor-widget-container\">\n\t\t\t\t\t<h2 class=\"elementor-heading-title elementor-size-default\">Otras actividades de ExpoAlfa 2025<\/h2>\t\t\t\t<\/div>\n\t\t\t\t<\/div>\n\t\t\t\t\t<\/div>\n\t\t<\/div>\n\t\t\t\t\t<\/div>\n\t\t<\/section>\n\t\t\t\t<section class=\"elementor-section elementor-top-section elementor-element elementor-element-6608f32 elementor-section-boxed elementor-section-height-default elementor-section-height-default\" data-id=\"6608f32\" data-element_type=\"section\" data-e-type=\"section\">\n\t\t\t\t\t\t<div class=\"elementor-container elementor-column-gap-default\">\n\t\t\t\t\t<div class=\"elementor-column elementor-col-25 elementor-top-column elementor-element elementor-element-d40d310\" data-id=\"d40d310\" data-element_type=\"column\" data-e-type=\"column\">\n\t\t\t<div class=\"elementor-widget-wrap elementor-element-populated\">\n\t\t\t\t\t\t<div class=\"elementor-element elementor-element-ec9784b elementor-widget elementor-widget-image\" data-id=\"ec9784b\" data-element_type=\"widget\" data-e-type=\"widget\" data-widget_type=\"image.default\">\n\t\t\t\t<div class=\"elementor-widget-container\">\n\t\t\t\t\t\t\t\t\t\t\t\t\t\t\t<img loading=\"lazy\" decoding=\"async\" width=\"171\" height=\"189\" src=\"https:\/\/expoalfa.com.ar\/alfalfa\/wp-content\/uploads\/2025\/04\/Mesa-de-trabajo-2-e1745885191259.png\" class=\"attachment-large size-large wp-image-5938\" alt=\"\" \/>\t\t\t\t\t\t\t\t\t\t\t\t\t\t\t<\/div>\n\t\t\t\t<\/div>\n\t\t\t\t<div class=\"elementor-element elementor-element-06d59c7 e-transform elementor-widget elementor-widget-heading\" data-id=\"06d59c7\" data-element_type=\"widget\" data-e-type=\"widget\" data-settings=\"{&quot;_transform_scale_effect_hover&quot;:{&quot;unit&quot;:&quot;px&quot;,&quot;size&quot;:1.1,&quot;sizes&quot;:[]},&quot;_transform_scale_effect_hover_tablet&quot;:{&quot;unit&quot;:&quot;px&quot;,&quot;size&quot;:&quot;&quot;,&quot;sizes&quot;:[]},&quot;_transform_scale_effect_hover_mobile&quot;:{&quot;unit&quot;:&quot;px&quot;,&quot;size&quot;:&quot;&quot;,&quot;sizes&quot;:[]}}\" data-widget_type=\"heading.default\">\n\t\t\t\t<div class=\"elementor-widget-container\">\n\t\t\t\t\t<h2 class=\"elementor-heading-title elementor-size-default\"><a href=\"https:\/\/expoalfa.com.ar\/alfalfa\/expoalfa-jornada-2025\/\">Jornadas ExpoAlfa<\/a><\/h2>\t\t\t\t<\/div>\n\t\t\t\t<\/div>\n\t\t\t\t<div class=\"elementor-element elementor-element-f3990c3 elementor-widget elementor-widget-text-editor\" data-id=\"f3990c3\" data-element_type=\"widget\" data-e-type=\"widget\" data-widget_type=\"text-editor.default\">\n\t\t\t\t<div class=\"elementor-widget-container\">\n\t\t\t\t\t\t\t\t\t<p>Capacitaci\u00f3n en mejoramiento gen\u00e9tico, manejo, fertilizaci\u00f3n, riego, mecanizaci\u00f3n, nuevas tecnolog\u00edas, transporte y log\u00edstica, mercado mundial y exportaci\u00f3n.<\/p>\t\t\t\t\t\t\t\t<\/div>\n\t\t\t\t<\/div>\n\t\t\t\t<div class=\"elementor-element elementor-element-caab797 e-transform elementor-widget elementor-widget-text-editor\" data-id=\"caab797\" data-element_type=\"widget\" data-e-type=\"widget\" data-settings=\"{&quot;_transform_scale_effect_hover&quot;:{&quot;unit&quot;:&quot;px&quot;,&quot;size&quot;:1.1,&quot;sizes&quot;:[]},&quot;_transform_scale_effect_hover_tablet&quot;:{&quot;unit&quot;:&quot;px&quot;,&quot;size&quot;:&quot;&quot;,&quot;sizes&quot;:[]},&quot;_transform_scale_effect_hover_mobile&quot;:{&quot;unit&quot;:&quot;px&quot;,&quot;size&quot;:&quot;&quot;,&quot;sizes&quot;:[]}}\" data-widget_type=\"text-editor.default\">\n\t\t\t\t<div class=\"elementor-widget-container\">\n\t\t\t\t\t\t\t\t\t<ul><li><strong>C\u00f3rdoba | 15.10<\/strong><\/li><\/ul>\t\t\t\t\t\t\t\t<\/div>\n\t\t\t\t<\/div>\n\t\t\t\t\t<\/div>\n\t\t<\/div>\n\t\t\t\t<div class=\"elementor-column elementor-col-25 elementor-top-column elementor-element elementor-element-dd01ea5\" data-id=\"dd01ea5\" data-element_type=\"column\" data-e-type=\"column\">\n\t\t\t<div class=\"elementor-widget-wrap elementor-element-populated\">\n\t\t\t\t\t\t<div class=\"elementor-element elementor-element-aecaab0 elementor-widget elementor-widget-image\" data-id=\"aecaab0\" data-element_type=\"widget\" data-e-type=\"widget\" data-widget_type=\"image.default\">\n\t\t\t\t<div class=\"elementor-widget-container\">\n\t\t\t\t\t\t\t\t\t\t\t\t\t\t\t\t<a href=\"https:\/\/expoalfa.com.ar\/alfalfa\/expoalfa-jornada-2025\/diplomatura-alfalfas\/\">\n\t\t\t\t\t\t\t<img loading=\"lazy\" decoding=\"async\" width=\"171\" height=\"189\" src=\"https:\/\/expoalfa.com.ar\/alfalfa\/wp-content\/uploads\/2025\/04\/Mesa-de-trabajo-2-e1744225275801-1-e1745885210431.png\" class=\"attachment-large size-large wp-image-5939\" alt=\"\" \/>\t\t\t\t\t\t\t\t<\/a>\n\t\t\t\t\t\t\t\t\t\t\t\t\t\t\t<\/div>\n\t\t\t\t<\/div>\n\t\t\t\t<div class=\"elementor-element elementor-element-041b90e e-transform elementor-widget elementor-widget-heading\" data-id=\"041b90e\" data-element_type=\"widget\" data-e-type=\"widget\" data-settings=\"{&quot;_transform_scale_effect_hover&quot;:{&quot;unit&quot;:&quot;px&quot;,&quot;size&quot;:1.1,&quot;sizes&quot;:[]},&quot;_transform_scale_effect_hover_tablet&quot;:{&quot;unit&quot;:&quot;px&quot;,&quot;size&quot;:&quot;&quot;,&quot;sizes&quot;:[]},&quot;_transform_scale_effect_hover_mobile&quot;:{&quot;unit&quot;:&quot;px&quot;,&quot;size&quot;:&quot;&quot;,&quot;sizes&quot;:[]}}\" data-widget_type=\"heading.default\">\n\t\t\t\t<div class=\"elementor-widget-container\">\n\t\t\t\t\t<h2 class=\"elementor-heading-title elementor-size-default\"><a href=\"https:\/\/expoalfa.com.ar\/alfalfa\/expoalfa-jornada-2025\/diplomatura-alfalfas\/\">Diplomatura en Alfalfas de Calidad<\/a><\/h2>\t\t\t\t<\/div>\n\t\t\t\t<\/div>\n\t\t\t\t<div class=\"elementor-element elementor-element-0579cf5 elementor-widget elementor-widget-text-editor\" data-id=\"0579cf5\" data-element_type=\"widget\" data-e-type=\"widget\" data-widget_type=\"text-editor.default\">\n\t\t\t\t<div class=\"elementor-widget-container\">\n\t\t\t\t\t\t\t\t\t<p><a href=\"https:\/\/expoalfa.com.ar\/alfalfa\/expoalfa-jornada-2025\/diplomatura-alfalfas\/\">El objetivo es capacitar cuadros t\u00e9cnicos y productores en producci\u00f3n de alfalfa de calidad. Implicar\u00e1 a todas las organizaciones del sector, sumado a UNL, INTA, UNVM y otras.<\/a><\/p>\t\t\t\t\t\t\t\t<\/div>\n\t\t\t\t<\/div>\n\t\t\t\t\t<\/div>\n\t\t<\/div>\n\t\t\t\t<div class=\"elementor-column elementor-col-25 elementor-top-column elementor-element elementor-element-b0c1ef6\" data-id=\"b0c1ef6\" data-element_type=\"column\" data-e-type=\"column\">\n\t\t\t<div class=\"elementor-widget-wrap elementor-element-populated\">\n\t\t\t\t\t\t<div class=\"elementor-element elementor-element-7bf7a59 elementor-widget elementor-widget-image\" data-id=\"7bf7a59\" data-element_type=\"widget\" data-e-type=\"widget\" data-widget_type=\"image.default\">\n\t\t\t\t<div class=\"elementor-widget-container\">\n\t\t\t\t\t\t\t\t\t\t\t\t\t\t\t\t<a href=\"https:\/\/expoalfa.com.ar\/alfalfa\/expoalfa-jornada-2025\/congreso-mundial-de-alfalfa\/\">\n\t\t\t\t\t\t\t<img loading=\"lazy\" decoding=\"async\" width=\"172\" height=\"189\" src=\"https:\/\/expoalfa.com.ar\/alfalfa\/wp-content\/uploads\/2025\/04\/Mesa-de-trabajo-2-e1744225275801-2-e1745885227305.png\" class=\"attachment-large size-large wp-image-5940\" alt=\"\" \/>\t\t\t\t\t\t\t\t<\/a>\n\t\t\t\t\t\t\t\t\t\t\t\t\t\t\t<\/div>\n\t\t\t\t<\/div>\n\t\t\t\t<div class=\"elementor-element elementor-element-f016aa7 e-transform elementor-widget elementor-widget-heading\" data-id=\"f016aa7\" data-element_type=\"widget\" data-e-type=\"widget\" data-settings=\"{&quot;_transform_scale_effect_hover&quot;:{&quot;unit&quot;:&quot;px&quot;,&quot;size&quot;:1.1,&quot;sizes&quot;:[]},&quot;_transform_scale_effect_hover_tablet&quot;:{&quot;unit&quot;:&quot;px&quot;,&quot;size&quot;:&quot;&quot;,&quot;sizes&quot;:[]},&quot;_transform_scale_effect_hover_mobile&quot;:{&quot;unit&quot;:&quot;px&quot;,&quot;size&quot;:&quot;&quot;,&quot;sizes&quot;:[]}}\" data-widget_type=\"heading.default\">\n\t\t\t\t<div class=\"elementor-widget-container\">\n\t\t\t\t\t<h2 class=\"elementor-heading-title elementor-size-default\"><a href=\"https:\/\/expoalfa.com.ar\/alfalfa\/expoalfa-jornada-2025\/congreso-mundial-de-alfalfa\/\">Congreso Mundial de Alfalfa<\/a><\/h2>\t\t\t\t<\/div>\n\t\t\t\t<\/div>\n\t\t\t\t<div class=\"elementor-element elementor-element-de004ca elementor-widget elementor-widget-text-editor\" data-id=\"de004ca\" data-element_type=\"widget\" data-e-type=\"widget\" data-widget_type=\"text-editor.default\">\n\t\t\t\t<div class=\"elementor-widget-container\">\n\t\t\t\t\t\t\t\t\t<p><a href=\"https:\/\/expoalfa.com.ar\/alfalfa\/expoalfa-jornada-2025\/congreso-mundial-de-alfalfa\/\">Del 3 al 6 de noviembre de 2025, se celebrar\u00e1 en Reims, Francia. El objetivo de la propuesta es convocar y organizar un contingente para participar del Cuarto Congreso Mundial de Alfalfa. Adem\u00e1s, se realizar\u00e1 la cobertura period\u00edstica e informes especiales con anunciantes.<\/a><\/p>\t\t\t\t\t\t\t\t<\/div>\n\t\t\t\t<\/div>\n\t\t\t\t\t<\/div>\n\t\t<\/div>\n\t\t\t\t<div class=\"elementor-column elementor-col-25 elementor-top-column elementor-element elementor-element-fb8c43a\" data-id=\"fb8c43a\" data-element_type=\"column\" data-e-type=\"column\">\n\t\t\t<div class=\"elementor-widget-wrap elementor-element-populated\">\n\t\t\t\t\t\t<div class=\"elementor-element elementor-element-839bdf4 elementor-widget elementor-widget-image\" data-id=\"839bdf4\" data-element_type=\"widget\" data-e-type=\"widget\" data-widget_type=\"image.default\">\n\t\t\t\t<div class=\"elementor-widget-container\">\n\t\t\t\t\t\t\t\t\t\t\t\t\t\t\t\t<a href=\"http:\/\/todoalfalfa.com.ar\">\n\t\t\t\t\t\t\t<img loading=\"lazy\" decoding=\"async\" width=\"172\" height=\"189\" src=\"https:\/\/expoalfa.com.ar\/alfalfa\/wp-content\/uploads\/2025\/04\/Mesa-de-trabajo-2-e1744225275801-3-e1745885246365.png\" class=\"attachment-large size-large wp-image-5941\" alt=\"\" \/>\t\t\t\t\t\t\t\t<\/a>\n\t\t\t\t\t\t\t\t\t\t\t\t\t\t\t<\/div>\n\t\t\t\t<\/div>\n\t\t\t\t<div class=\"elementor-element elementor-element-107098d e-transform e-transform elementor-widget elementor-widget-heading\" data-id=\"107098d\" data-element_type=\"widget\" data-e-type=\"widget\" data-settings=\"{&quot;_transform_scale_effect_hover&quot;:{&quot;unit&quot;:&quot;px&quot;,&quot;size&quot;:1.1,&quot;sizes&quot;:[]},&quot;_transform_scaleX_effect&quot;:{&quot;unit&quot;:&quot;px&quot;,&quot;size&quot;:&quot;&quot;,&quot;sizes&quot;:[]},&quot;_transform_scaleX_effect_tablet&quot;:{&quot;unit&quot;:&quot;px&quot;,&quot;size&quot;:&quot;&quot;,&quot;sizes&quot;:[]},&quot;_transform_scaleX_effect_mobile&quot;:{&quot;unit&quot;:&quot;px&quot;,&quot;size&quot;:&quot;&quot;,&quot;sizes&quot;:[]},&quot;_transform_scaleY_effect&quot;:{&quot;unit&quot;:&quot;px&quot;,&quot;size&quot;:&quot;&quot;,&quot;sizes&quot;:[]},&quot;_transform_scaleY_effect_tablet&quot;:{&quot;unit&quot;:&quot;px&quot;,&quot;size&quot;:&quot;&quot;,&quot;sizes&quot;:[]},&quot;_transform_scaleY_effect_mobile&quot;:{&quot;unit&quot;:&quot;px&quot;,&quot;size&quot;:&quot;&quot;,&quot;sizes&quot;:[]},&quot;_transform_scale_effect_hover_tablet&quot;:{&quot;unit&quot;:&quot;px&quot;,&quot;size&quot;:&quot;&quot;,&quot;sizes&quot;:[]},&quot;_transform_scale_effect_hover_mobile&quot;:{&quot;unit&quot;:&quot;px&quot;,&quot;size&quot;:&quot;&quot;,&quot;sizes&quot;:[]}}\" data-widget_type=\"heading.default\">\n\t\t\t\t<div class=\"elementor-widget-container\">\n\t\t\t\t\t<h2 class=\"elementor-heading-title elementor-size-default\"><a href=\"http:\/\/todoalfalfa.com.ar\">Sitio TodoAlfalfa.com.ar<\/a><\/h2>\t\t\t\t<\/div>\n\t\t\t\t<\/div>\n\t\t\t\t<div class=\"elementor-element elementor-element-d36dbc8 elementor-widget elementor-widget-text-editor\" data-id=\"d36dbc8\" data-element_type=\"widget\" data-e-type=\"widget\" data-widget_type=\"text-editor.default\">\n\t\t\t\t<div class=\"elementor-widget-container\">\n\t\t\t\t\t\t\t\t\t<p><a href=\"http:\/\/todoalfalfa.com.ar\">TodoAlfalfa es el principal punto de encuentro digital para productores, t\u00e9cnicos y empresas vinculadas a la cadena de valor de la alfalfa. Nuestra audiencia es una comunidad altamente segmentada lo que nos convierte en un medio ideal para potenciar su marca dentro del sector agropecuario.<\/a><\/p>\t\t\t\t\t\t\t\t<\/div>\n\t\t\t\t<\/div>\n\t\t\t\t\t<\/div>\n\t\t<\/div>\n\t\t\t\t\t<\/div>\n\t\t<\/section>\n\t\t\t\t<\/div>\n\t\t","protected":false},"excerpt":{"rendered":"<p>https:\/\/expoalfa.com.ar\/alfalfa\/wp-content\/uploads\/2025\/04\/SPOT-PATAGONIA-NORTE.mp4#t=1,24 27 de mayo Neuqu\u00e9n, La Pampa, R\u00edo Negro PATAGONIA NORTE \/ EXPOALFA JORNADAS PATAGONIA NORTE Una propuesta conjunta entre Neuqu\u00e9n, La Pampa y R\u00edo Negro, que se llevar\u00e1 a cabo en Cipolletti, R\u00edo Negro, en el Centro Cultural Cipolletti (CCC). El objetivo es abordar la producci\u00f3n de alfalfa de calidad. Jornada de capacitaci\u00f3n: mejoramiento [&hellip;]<\/p>\n","protected":false},"author":2,"featured_media":0,"parent":5632,"menu_order":0,"comment_status":"closed","ping_status":"closed","template":"","meta":{"footnotes":""},"class_list":["post-5906","page","type-page","status-publish","hentry"],"yoast_head":"<!-- This site is optimized with the Yoast SEO plugin v25.1 - https:\/\/yoast.com\/wordpress\/plugins\/seo\/ -->\n<title>Jornada ExpoAlfa Patagonia Norte - ExpoAlfa Jornada 2025<\/title>\n<meta name=\"robots\" content=\"index, follow, max-snippet:-1, max-image-preview:large, max-video-preview:-1\" \/>\n<link rel=\"canonical\" href=\"https:\/\/expoalfa.com.ar\/alfalfa\/expoalfa-jornada-2025\/patagonia-norte\/\" \/>\n<meta property=\"og:locale\" content=\"es_ES\" \/>\n<meta property=\"og:type\" content=\"article\" \/>\n<meta property=\"og:title\" content=\"Jornada ExpoAlfa Patagonia Norte - ExpoAlfa Jornada 2025\" \/>\n<meta property=\"og:description\" content=\"https:\/\/expoalfa.com.ar\/alfalfa\/wp-content\/uploads\/2025\/04\/SPOT-PATAGONIA-NORTE.mp4#t=1,24 27 de mayo Neuqu\u00e9n, La Pampa, R\u00edo Negro PATAGONIA NORTE \/ EXPOALFA JORNADAS PATAGONIA NORTE Una propuesta conjunta entre Neuqu\u00e9n, La Pampa y R\u00edo Negro, que se llevar\u00e1 a cabo en Cipolletti, R\u00edo Negro, en el Centro Cultural Cipolletti (CCC). El objetivo es abordar la producci\u00f3n de alfalfa de calidad. Jornada de capacitaci\u00f3n: mejoramiento [&hellip;]\" \/>\n<meta property=\"og:url\" content=\"https:\/\/expoalfa.com.ar\/alfalfa\/expoalfa-jornada-2025\/patagonia-norte\/\" \/>\n<meta property=\"og:site_name\" content=\"ExpoAlfa Jornada 2025\" \/>\n<meta property=\"article:publisher\" content=\"https:\/\/www.facebook.com\/expoalfa\/\" \/>\n<meta property=\"article:modified_time\" content=\"2025-06-11T13:38:33+00:00\" \/>\n<meta property=\"og:image\" content=\"https:\/\/expoalfa.com.ar\/alfalfa\/wp-content\/uploads\/2025\/04\/Mesa-de-trabajo-2act-e1745625018867.png\" \/>\n\t<meta property=\"og:image:width\" content=\"203\" \/>\n\t<meta property=\"og:image:height\" content=\"219\" \/>\n\t<meta property=\"og:image:type\" content=\"image\/png\" \/>\n<meta name=\"twitter:card\" content=\"summary_large_image\" \/>\n<meta name=\"twitter:label1\" content=\"Tiempo de lectura\" \/>\n\t<meta name=\"twitter:data1\" content=\"7 minutos\" \/>\n<script type=\"application\/ld+json\" class=\"yoast-schema-graph\">{\"@context\":\"https:\/\/schema.org\",\"@graph\":[{\"@type\":\"WebPage\",\"@id\":\"https:\/\/expoalfa.com.ar\/alfalfa\/expoalfa-jornada-2025\/patagonia-norte\/\",\"url\":\"https:\/\/expoalfa.com.ar\/alfalfa\/expoalfa-jornada-2025\/patagonia-norte\/\",\"name\":\"Jornada ExpoAlfa Patagonia Norte - ExpoAlfa Jornada 2025\",\"isPartOf\":{\"@id\":\"https:\/\/expoalfa.com.ar\/alfalfa\/#website\"},\"primaryImageOfPage\":{\"@id\":\"https:\/\/expoalfa.com.ar\/alfalfa\/expoalfa-jornada-2025\/patagonia-norte\/#primaryimage\"},\"image\":{\"@id\":\"https:\/\/expoalfa.com.ar\/alfalfa\/expoalfa-jornada-2025\/patagonia-norte\/#primaryimage\"},\"thumbnailUrl\":\"https:\/\/expoalfa.com.ar\/alfalfa\/wp-content\/uploads\/2025\/04\/Mesa-de-trabajo-2act-e1745625018867.png\",\"datePublished\":\"2025-04-24T16:31:03+00:00\",\"dateModified\":\"2025-06-11T13:38:33+00:00\",\"breadcrumb\":{\"@id\":\"https:\/\/expoalfa.com.ar\/alfalfa\/expoalfa-jornada-2025\/patagonia-norte\/#breadcrumb\"},\"inLanguage\":\"es\",\"potentialAction\":[{\"@type\":\"ReadAction\",\"target\":[\"https:\/\/expoalfa.com.ar\/alfalfa\/expoalfa-jornada-2025\/patagonia-norte\/\"]}]},{\"@type\":\"ImageObject\",\"inLanguage\":\"es\",\"@id\":\"https:\/\/expoalfa.com.ar\/alfalfa\/expoalfa-jornada-2025\/patagonia-norte\/#primaryimage\",\"url\":\"https:\/\/expoalfa.com.ar\/alfalfa\/wp-content\/uploads\/2025\/04\/Mesa-de-trabajo-2act-e1745625018867.png\",\"contentUrl\":\"https:\/\/expoalfa.com.ar\/alfalfa\/wp-content\/uploads\/2025\/04\/Mesa-de-trabajo-2act-e1745625018867.png\",\"width\":203,\"height\":219},{\"@type\":\"BreadcrumbList\",\"@id\":\"https:\/\/expoalfa.com.ar\/alfalfa\/expoalfa-jornada-2025\/patagonia-norte\/#breadcrumb\",\"itemListElement\":[{\"@type\":\"ListItem\",\"position\":1,\"name\":\"Portada\",\"item\":\"https:\/\/expoalfa.com.ar\/alfalfa\/\"},{\"@type\":\"ListItem\",\"position\":2,\"name\":\"ExpoAlfa Jornada 2025\",\"item\":\"https:\/\/expoalfa.com.ar\/alfalfa\/expoalfa-jornada-2025\/\"},{\"@type\":\"ListItem\",\"position\":3,\"name\":\"Jornada ExpoAlfa Patagonia Norte\"}]},{\"@type\":\"WebSite\",\"@id\":\"https:\/\/expoalfa.com.ar\/alfalfa\/#website\",\"url\":\"https:\/\/expoalfa.com.ar\/alfalfa\/\",\"name\":\"ExpoAlfa 2024\",\"description\":\"\",\"publisher\":{\"@id\":\"https:\/\/expoalfa.com.ar\/alfalfa\/#organization\"},\"potentialAction\":[{\"@type\":\"SearchAction\",\"target\":{\"@type\":\"EntryPoint\",\"urlTemplate\":\"https:\/\/expoalfa.com.ar\/alfalfa\/?s={search_term_string}\"},\"query-input\":{\"@type\":\"PropertyValueSpecification\",\"valueRequired\":true,\"valueName\":\"search_term_string\"}}],\"inLanguage\":\"es\"},{\"@type\":\"Organization\",\"@id\":\"https:\/\/expoalfa.com.ar\/alfalfa\/#organization\",\"name\":\"ExpoAlfa 2024\",\"url\":\"https:\/\/expoalfa.com.ar\/alfalfa\/\",\"logo\":{\"@type\":\"ImageObject\",\"inLanguage\":\"es\",\"@id\":\"https:\/\/expoalfa.com.ar\/alfalfa\/#\/schema\/logo\/image\/\",\"url\":\"https:\/\/expoalfa.com.ar\/alfalfa\/wp-content\/uploads\/2024\/05\/cropped-Mesa-de-trabajo-32-e1716558195280.png\",\"contentUrl\":\"https:\/\/expoalfa.com.ar\/alfalfa\/wp-content\/uploads\/2024\/05\/cropped-Mesa-de-trabajo-32-e1716558195280.png\",\"width\":512,\"height\":512,\"caption\":\"ExpoAlfa 2024\"},\"image\":{\"@id\":\"https:\/\/expoalfa.com.ar\/alfalfa\/#\/schema\/logo\/image\/\"},\"sameAs\":[\"https:\/\/www.facebook.com\/expoalfa\/\",\"https:\/\/www.instagram.com\/expoalfa\",\"https:\/\/www.youtube.com\/@TodoAlfalfa\"]}]}<\/script>\n<!-- \/ Yoast SEO plugin. -->","yoast_head_json":{"title":"Jornada ExpoAlfa Patagonia Norte - ExpoAlfa Jornada 2025","robots":{"index":"index","follow":"follow","max-snippet":"max-snippet:-1","max-image-preview":"max-image-preview:large","max-video-preview":"max-video-preview:-1"},"canonical":"https:\/\/expoalfa.com.ar\/alfalfa\/expoalfa-jornada-2025\/patagonia-norte\/","og_locale":"es_ES","og_type":"article","og_title":"Jornada ExpoAlfa Patagonia Norte - ExpoAlfa Jornada 2025","og_description":"https:\/\/expoalfa.com.ar\/alfalfa\/wp-content\/uploads\/2025\/04\/SPOT-PATAGONIA-NORTE.mp4#t=1,24 27 de mayo Neuqu\u00e9n, La Pampa, R\u00edo Negro PATAGONIA NORTE \/ EXPOALFA JORNADAS PATAGONIA NORTE Una propuesta conjunta entre Neuqu\u00e9n, La Pampa y R\u00edo Negro, que se llevar\u00e1 a cabo en Cipolletti, R\u00edo Negro, en el Centro Cultural Cipolletti (CCC). El objetivo es abordar la producci\u00f3n de alfalfa de calidad. Jornada de capacitaci\u00f3n: mejoramiento [&hellip;]","og_url":"https:\/\/expoalfa.com.ar\/alfalfa\/expoalfa-jornada-2025\/patagonia-norte\/","og_site_name":"ExpoAlfa Jornada 2025","article_publisher":"https:\/\/www.facebook.com\/expoalfa\/","article_modified_time":"2025-06-11T13:38:33+00:00","og_image":[{"width":203,"height":219,"url":"https:\/\/expoalfa.com.ar\/alfalfa\/wp-content\/uploads\/2025\/04\/Mesa-de-trabajo-2act-e1745625018867.png","type":"image\/png"}],"twitter_card":"summary_large_image","twitter_misc":{"Tiempo de lectura":"7 minutos"},"schema":{"@context":"https:\/\/schema.org","@graph":[{"@type":"WebPage","@id":"https:\/\/expoalfa.com.ar\/alfalfa\/expoalfa-jornada-2025\/patagonia-norte\/","url":"https:\/\/expoalfa.com.ar\/alfalfa\/expoalfa-jornada-2025\/patagonia-norte\/","name":"Jornada ExpoAlfa Patagonia Norte - ExpoAlfa Jornada 2025","isPartOf":{"@id":"https:\/\/expoalfa.com.ar\/alfalfa\/#website"},"primaryImageOfPage":{"@id":"https:\/\/expoalfa.com.ar\/alfalfa\/expoalfa-jornada-2025\/patagonia-norte\/#primaryimage"},"image":{"@id":"https:\/\/expoalfa.com.ar\/alfalfa\/expoalfa-jornada-2025\/patagonia-norte\/#primaryimage"},"thumbnailUrl":"https:\/\/expoalfa.com.ar\/alfalfa\/wp-content\/uploads\/2025\/04\/Mesa-de-trabajo-2act-e1745625018867.png","datePublished":"2025-04-24T16:31:03+00:00","dateModified":"2025-06-11T13:38:33+00:00","breadcrumb":{"@id":"https:\/\/expoalfa.com.ar\/alfalfa\/expoalfa-jornada-2025\/patagonia-norte\/#breadcrumb"},"inLanguage":"es","potentialAction":[{"@type":"ReadAction","target":["https:\/\/expoalfa.com.ar\/alfalfa\/expoalfa-jornada-2025\/patagonia-norte\/"]}]},{"@type":"ImageObject","inLanguage":"es","@id":"https:\/\/expoalfa.com.ar\/alfalfa\/expoalfa-jornada-2025\/patagonia-norte\/#primaryimage","url":"https:\/\/expoalfa.com.ar\/alfalfa\/wp-content\/uploads\/2025\/04\/Mesa-de-trabajo-2act-e1745625018867.png","contentUrl":"https:\/\/expoalfa.com.ar\/alfalfa\/wp-content\/uploads\/2025\/04\/Mesa-de-trabajo-2act-e1745625018867.png","width":203,"height":219},{"@type":"BreadcrumbList","@id":"https:\/\/expoalfa.com.ar\/alfalfa\/expoalfa-jornada-2025\/patagonia-norte\/#breadcrumb","itemListElement":[{"@type":"ListItem","position":1,"name":"Portada","item":"https:\/\/expoalfa.com.ar\/alfalfa\/"},{"@type":"ListItem","position":2,"name":"ExpoAlfa Jornada 2025","item":"https:\/\/expoalfa.com.ar\/alfalfa\/expoalfa-jornada-2025\/"},{"@type":"ListItem","position":3,"name":"Jornada ExpoAlfa Patagonia Norte"}]},{"@type":"WebSite","@id":"https:\/\/expoalfa.com.ar\/alfalfa\/#website","url":"https:\/\/expoalfa.com.ar\/alfalfa\/","name":"ExpoAlfa 2024","description":"","publisher":{"@id":"https:\/\/expoalfa.com.ar\/alfalfa\/#organization"},"potentialAction":[{"@type":"SearchAction","target":{"@type":"EntryPoint","urlTemplate":"https:\/\/expoalfa.com.ar\/alfalfa\/?s={search_term_string}"},"query-input":{"@type":"PropertyValueSpecification","valueRequired":true,"valueName":"search_term_string"}}],"inLanguage":"es"},{"@type":"Organization","@id":"https:\/\/expoalfa.com.ar\/alfalfa\/#organization","name":"ExpoAlfa 2024","url":"https:\/\/expoalfa.com.ar\/alfalfa\/","logo":{"@type":"ImageObject","inLanguage":"es","@id":"https:\/\/expoalfa.com.ar\/alfalfa\/#\/schema\/logo\/image\/","url":"https:\/\/expoalfa.com.ar\/alfalfa\/wp-content\/uploads\/2024\/05\/cropped-Mesa-de-trabajo-32-e1716558195280.png","contentUrl":"https:\/\/expoalfa.com.ar\/alfalfa\/wp-content\/uploads\/2024\/05\/cropped-Mesa-de-trabajo-32-e1716558195280.png","width":512,"height":512,"caption":"ExpoAlfa 2024"},"image":{"@id":"https:\/\/expoalfa.com.ar\/alfalfa\/#\/schema\/logo\/image\/"},"sameAs":["https:\/\/www.facebook.com\/expoalfa\/","https:\/\/www.instagram.com\/expoalfa","https:\/\/www.youtube.com\/@TodoAlfalfa"]}]}},"_links":{"self":[{"href":"https:\/\/expoalfa.com.ar\/alfalfa\/wp-json\/wp\/v2\/pages\/5906","targetHints":{"allow":["GET"]}}],"collection":[{"href":"https:\/\/expoalfa.com.ar\/alfalfa\/wp-json\/wp\/v2\/pages"}],"about":[{"href":"https:\/\/expoalfa.com.ar\/alfalfa\/wp-json\/wp\/v2\/types\/page"}],"author":[{"embeddable":true,"href":"https:\/\/expoalfa.com.ar\/alfalfa\/wp-json\/wp\/v2\/users\/2"}],"replies":[{"embeddable":true,"href":"https:\/\/expoalfa.com.ar\/alfalfa\/wp-json\/wp\/v2\/comments?post=5906"}],"version-history":[{"count":275,"href":"https:\/\/expoalfa.com.ar\/alfalfa\/wp-json\/wp\/v2\/pages\/5906\/revisions"}],"predecessor-version":[{"id":7418,"href":"https:\/\/expoalfa.com.ar\/alfalfa\/wp-json\/wp\/v2\/pages\/5906\/revisions\/7418"}],"up":[{"embeddable":true,"href":"https:\/\/expoalfa.com.ar\/alfalfa\/wp-json\/wp\/v2\/pages\/5632"}],"wp:attachment":[{"href":"https:\/\/expoalfa.com.ar\/alfalfa\/wp-json\/wp\/v2\/media?parent=5906"}],"curies":[{"name":"wp","href":"https:\/\/api.w.org\/{rel}","templated":true}]}}