{"id":6010,"date":"2025-04-30T14:54:18","date_gmt":"2025-04-30T14:54:18","guid":{"rendered":"https:\/\/expoalfa.com.ar\/alfalfa\/?page_id=6010"},"modified":"2025-10-24T13:05:26","modified_gmt":"2025-10-24T13:05:26","slug":"congreso-mundial-de-alfalfa","status":"publish","type":"page","link":"https:\/\/expoalfa.com.ar\/alfalfa\/expoalfa-jornada-2025\/congreso-mundial-de-alfalfa\/","title":{"rendered":"Congreso Mundial de Alfalfa"},"content":{"rendered":"\t\t<div data-elementor-type=\"wp-page\" data-elementor-id=\"6010\" class=\"elementor elementor-6010\" data-elementor-post-type=\"page\">\n\t\t\t\t\t\t<section class=\"elementor-section elementor-top-section elementor-element elementor-element-d805dab elementor-section-boxed elementor-section-height-default elementor-section-height-default\" data-id=\"d805dab\" data-element_type=\"section\" data-e-type=\"section\" data-settings=\"{&quot;background_background&quot;:&quot;classic&quot;}\">\n\t\t\t\t\t\t\t<div class=\"elementor-background-overlay\"><\/div>\n\t\t\t\t\t\t\t<div class=\"elementor-container elementor-column-gap-default\">\n\t\t\t\t\t<div class=\"elementor-column elementor-col-100 elementor-top-column elementor-element elementor-element-47399b1\" data-id=\"47399b1\" data-element_type=\"column\" data-e-type=\"column\">\n\t\t\t<div class=\"elementor-widget-wrap elementor-element-populated\">\n\t\t\t\t\t\t<div class=\"elementor-element elementor-element-6859c7c4 elementor-widget__width-initial elementor-widget-mobile__width-initial elementor-widget elementor-widget-heading\" data-id=\"6859c7c4\" data-element_type=\"widget\" data-e-type=\"widget\" data-widget_type=\"heading.default\">\n\t\t\t\t<div class=\"elementor-widget-container\">\n\t\t\t\t\t<h2 class=\"elementor-heading-title elementor-size-default\">CONTINGENTE AL CONGRESO MUNDIAL DE ALFALFA<\/h2>\t\t\t\t<\/div>\n\t\t\t\t<\/div>\n\t\t\t\t<div class=\"elementor-element elementor-element-15051d2 elementor-widget elementor-widget-text-editor\" data-id=\"15051d2\" data-element_type=\"widget\" data-e-type=\"widget\" data-widget_type=\"text-editor.default\">\n\t\t\t\t<div class=\"elementor-widget-container\">\n\t\t\t\t\t\t\t\t\t<p><strong>TodoAlfalfa.com.ar (partner oficial del evento) y ExpoAlfa<\/strong>\u00a0<strong>convocar\u00e1n y organizar\u00e1n un contingente<\/strong>\u00a0para participar del Cuarto Congreso Mundial de Alfalfa. Adem\u00e1s, se realizar\u00e1 la cobertura period\u00edstica e informes especiales con anunciantes.<\/p>\t\t\t\t\t\t\t\t<\/div>\n\t\t\t\t<\/div>\n\t\t\t\t<div class=\"elementor-element elementor-element-19c3c2b elementor-widget__width-initial elementor-widget-mobile__width-initial elementor-widget elementor-widget-image\" data-id=\"19c3c2b\" data-element_type=\"widget\" data-e-type=\"widget\" data-widget_type=\"image.default\">\n\t\t\t\t<div class=\"elementor-widget-container\">\n\t\t\t\t\t\t\t\t\t\t\t\t\t\t\t\t<a href=\"http:\/\/www.todoalfalfa.com.ar\">\n\t\t\t\t\t\t\t<img decoding=\"async\" width=\"400\" height=\"66\" src=\"https:\/\/expoalfa.com.ar\/alfalfa\/wp-content\/uploads\/2025\/05\/a.png\" class=\"attachment-full size-full wp-image-6390\" alt=\"\" srcset=\"https:\/\/expoalfa.com.ar\/alfalfa\/wp-content\/uploads\/2025\/05\/a.png 400w, https:\/\/expoalfa.com.ar\/alfalfa\/wp-content\/uploads\/2025\/05\/a-300x50.png 300w\" sizes=\"(max-width: 400px) 100vw, 400px\" \/>\t\t\t\t\t\t\t\t<\/a>\n\t\t\t\t\t\t\t\t\t\t\t\t\t\t\t<\/div>\n\t\t\t\t<\/div>\n\t\t\t\t<div class=\"elementor-element elementor-element-dbf996b elementor-align-center elementor-widget__width-initial elementor-widget-mobile__width-initial elementor-widget elementor-widget-button\" data-id=\"dbf996b\" data-element_type=\"widget\" data-e-type=\"widget\" data-widget_type=\"button.default\">\n\t\t\t\t<div class=\"elementor-widget-container\">\n\t\t\t\t\t\t\t\t\t<div class=\"elementor-button-wrapper\">\n\t\t\t\t\t<a class=\"elementor-button elementor-size-sm\" role=\"button\">\n\t\t\t\t\t\t<span class=\"elementor-button-content-wrapper\">\n\t\t\t\t\t\t\t\t\t<span class=\"elementor-button-text\">Partner oficial del Congreso Mundial de Alfalfa<\/span>\n\t\t\t\t\t<\/span>\n\t\t\t\t\t<\/a>\n\t\t\t\t<\/div>\n\t\t\t\t\t\t\t\t<\/div>\n\t\t\t\t<\/div>\n\t\t\t\t\t<\/div>\n\t\t<\/div>\n\t\t\t\t\t<\/div>\n\t\t<\/section>\n\t\t\t\t<section class=\"elementor-section elementor-top-section elementor-element elementor-element-217f247 elementor-section-boxed elementor-section-height-default elementor-section-height-default\" data-id=\"217f247\" data-element_type=\"section\" data-e-type=\"section\">\n\t\t\t\t\t\t<div class=\"elementor-container elementor-column-gap-default\">\n\t\t\t\t\t<div class=\"elementor-column elementor-col-100 elementor-top-column elementor-element elementor-element-3d58747\" data-id=\"3d58747\" data-element_type=\"column\" data-e-type=\"column\">\n\t\t\t<div class=\"elementor-widget-wrap elementor-element-populated\">\n\t\t\t\t\t\t<div class=\"elementor-element elementor-element-58e7c14d elementor-widget__width-initial elementor-widget elementor-widget-text-editor\" data-id=\"58e7c14d\" data-element_type=\"widget\" data-e-type=\"widget\" data-widget_type=\"text-editor.default\">\n\t\t\t\t<div class=\"elementor-widget-container\">\n\t\t\t\t\t\t\t\t\t<p>\u200b<strong>Del 3 al 6 de noviembre de 2025, se celebrar\u00e1 el cuarto Congreso Mundial de la Alfalfa en la ciudad de Reims, Francia<\/strong>. Este evento reunir\u00e1 a cient\u00edficos, agricultores, estudiantes y empresas del sector para debatir sobre los avances y desaf\u00edos relacionados con el cultivo de la alfalfa.<\/p><p>Incluir\u00e1 un taller inaugural el primer d\u00eda, dirigido a productores y asesores t\u00e9cnicos. Durante los siguientes 2 d\u00edas, se desarrollar\u00e1n sesiones t\u00e9cnicas en torno a temas claves. Luego, se llevar\u00e1 a cabo una ronda de negocios. El \u00faltimo d\u00eda estar\u00e1 dedicado a actividades pr\u00e1cticas.<\/p>\t\t\t\t\t\t\t\t<\/div>\n\t\t\t\t<\/div>\n\t\t\t\t<div class=\"elementor-element elementor-element-bc2132f elementor-widget elementor-widget-spacer\" data-id=\"bc2132f\" data-element_type=\"widget\" data-e-type=\"widget\" data-widget_type=\"spacer.default\">\n\t\t\t\t<div class=\"elementor-widget-container\">\n\t\t\t\t\t\t\t<div class=\"elementor-spacer\">\n\t\t\t<div class=\"elementor-spacer-inner\"><\/div>\n\t\t<\/div>\n\t\t\t\t\t\t<\/div>\n\t\t\t\t<\/div>\n\t\t\t\t<div class=\"elementor-element elementor-element-f2a5adb elementor-align-center e-transform elementor-widget elementor-widget-button\" data-id=\"f2a5adb\" data-element_type=\"widget\" data-e-type=\"widget\" data-settings=\"{&quot;_transform_scale_effect_hover&quot;:{&quot;unit&quot;:&quot;px&quot;,&quot;size&quot;:1.1,&quot;sizes&quot;:[]},&quot;_transform_scale_effect_hover_tablet&quot;:{&quot;unit&quot;:&quot;px&quot;,&quot;size&quot;:&quot;&quot;,&quot;sizes&quot;:[]},&quot;_transform_scale_effect_hover_mobile&quot;:{&quot;unit&quot;:&quot;px&quot;,&quot;size&quot;:&quot;&quot;,&quot;sizes&quot;:[]}}\" data-widget_type=\"button.default\">\n\t\t\t\t<div class=\"elementor-widget-container\">\n\t\t\t\t\t\t\t\t\t<div class=\"elementor-button-wrapper\">\n\t\t\t\t\t<a class=\"elementor-button elementor-button-link elementor-size-sm\" href=\"http:\/\/wa.link\/owhsm1\">\n\t\t\t\t\t\t<span class=\"elementor-button-content-wrapper\">\n\t\t\t\t\t\t\t\t\t<span class=\"elementor-button-text\">Contacto<\/span>\n\t\t\t\t\t<\/span>\n\t\t\t\t\t<\/a>\n\t\t\t\t<\/div>\n\t\t\t\t\t\t\t\t<\/div>\n\t\t\t\t<\/div>\n\t\t\t\t<div class=\"elementor-element elementor-element-5025b3d elementor-widget elementor-widget-heading\" data-id=\"5025b3d\" data-element_type=\"widget\" data-e-type=\"widget\" data-widget_type=\"heading.default\">\n\t\t\t\t<div class=\"elementor-widget-container\">\n\t\t\t\t\t<h2 class=\"elementor-heading-title elementor-size-default\">Gira de capacitaci\u00f3n Alfalfera<\/h2>\t\t\t\t<\/div>\n\t\t\t\t<\/div>\n\t\t\t\t<div class=\"elementor-element elementor-element-dccd7b1 elementor-widget elementor-widget-text-editor\" data-id=\"dccd7b1\" data-element_type=\"widget\" data-e-type=\"widget\" data-widget_type=\"text-editor.default\">\n\t\t\t\t<div class=\"elementor-widget-container\">\n\t\t\t\t\t\t\t\t\t<p><strong><span class=\"OYPEnA font-feature-liga-off font-feature-clig-off font-feature-calt-off text-decoration-none text-strikethrough-none\">5 NOCHES REIMS + 1 NOCHE PAR\u00cdS + 3 NOCHES MADRID (ESPA\u00d1A)<\/span><\/strong><\/p>\t\t\t\t\t\t\t\t<\/div>\n\t\t\t\t<\/div>\n\t\t\t\t<div class=\"elementor-element elementor-element-f281b84 elementor-widget__width-initial elementor-widget-mobile__width-initial elementor-widget elementor-widget-heading\" data-id=\"f281b84\" data-element_type=\"widget\" data-e-type=\"widget\" data-widget_type=\"heading.default\">\n\t\t\t\t<div class=\"elementor-widget-container\">\n\t\t\t\t\t<h2 class=\"elementor-heading-title elementor-size-default\">A\u00c9REOS + HOTELES INCLUIDOS<\/h2>\t\t\t\t<\/div>\n\t\t\t\t<\/div>\n\t\t\t\t<div class=\"elementor-element elementor-element-11fed982 elementor-widget elementor-widget-text-editor\" data-id=\"11fed982\" data-element_type=\"widget\" data-e-type=\"widget\" data-widget_type=\"text-editor.default\">\n\t\t\t\t<div class=\"elementor-widget-container\">\n\t\t\t\t\t\t\t\t\t<p>Un viaje dise\u00f1ado para tu comodidad, con todo organizado para que disfrutes del congreso y de la ciudad.<\/p><p><em><strong>*Precios sujetos a confirmaci\u00f3n al momento de la reserva, consultanos por m\u00e1s detalles y reserv\u00e1 tu lugar.<\/strong><\/em><\/p>\t\t\t\t\t\t\t\t<\/div>\n\t\t\t\t<\/div>\n\t\t\t\t<div class=\"elementor-element elementor-element-92f984d elementor-widget elementor-widget-text-editor\" data-id=\"92f984d\" data-element_type=\"widget\" data-e-type=\"widget\" data-widget_type=\"text-editor.default\">\n\t\t\t\t<div class=\"elementor-widget-container\">\n\t\t\t\t\t\t\t\t\t<p>\u00a1CUPOS LIMITADOS!<\/p>\t\t\t\t\t\t\t\t<\/div>\n\t\t\t\t<\/div>\n\t\t\t\t\t<\/div>\n\t\t<\/div>\n\t\t\t\t\t<\/div>\n\t\t<\/section>\n\t\t\t\t<section class=\"elementor-section elementor-top-section elementor-element elementor-element-d6a3cfa elementor-section-content-middle elementor-section-boxed elementor-section-height-default elementor-section-height-default\" data-id=\"d6a3cfa\" data-element_type=\"section\" data-e-type=\"section\">\n\t\t\t\t\t\t<div class=\"elementor-container elementor-column-gap-default\">\n\t\t\t\t\t<div class=\"elementor-column elementor-col-100 elementor-top-column elementor-element elementor-element-2e97f8e\" data-id=\"2e97f8e\" data-element_type=\"column\" data-e-type=\"column\">\n\t\t\t<div class=\"elementor-widget-wrap elementor-element-populated\">\n\t\t\t\t\t\t<div class=\"elementor-element elementor-element-5a4b85f elementor-widget elementor-widget-image\" data-id=\"5a4b85f\" data-element_type=\"widget\" data-e-type=\"widget\" data-widget_type=\"image.default\">\n\t\t\t\t<div class=\"elementor-widget-container\">\n\t\t\t\t\t\t\t\t\t\t\t\t\t\t\t<img fetchpriority=\"high\" decoding=\"async\" width=\"2560\" height=\"1425\" src=\"https:\/\/expoalfa.com.ar\/alfalfa\/wp-content\/uploads\/2024\/07\/IMG_20191113_103643492-scaled-e1746813342593.jpg\" class=\"attachment-full size-full wp-image-4035\" alt=\"\" srcset=\"https:\/\/expoalfa.com.ar\/alfalfa\/wp-content\/uploads\/2024\/07\/IMG_20191113_103643492-scaled-e1746813342593.jpg 2560w, https:\/\/expoalfa.com.ar\/alfalfa\/wp-content\/uploads\/2024\/07\/IMG_20191113_103643492-scaled-e1746813342593-600x334.jpg 600w, https:\/\/expoalfa.com.ar\/alfalfa\/wp-content\/uploads\/2024\/07\/IMG_20191113_103643492-scaled-e1746813342593-300x167.jpg 300w, https:\/\/expoalfa.com.ar\/alfalfa\/wp-content\/uploads\/2024\/07\/IMG_20191113_103643492-scaled-e1746813342593-1024x570.jpg 1024w, https:\/\/expoalfa.com.ar\/alfalfa\/wp-content\/uploads\/2024\/07\/IMG_20191113_103643492-scaled-e1746813342593-768x428.jpg 768w, https:\/\/expoalfa.com.ar\/alfalfa\/wp-content\/uploads\/2024\/07\/IMG_20191113_103643492-scaled-e1746813342593-1536x855.jpg 1536w, https:\/\/expoalfa.com.ar\/alfalfa\/wp-content\/uploads\/2024\/07\/IMG_20191113_103643492-scaled-e1746813342593-2048x1140.jpg 2048w\" sizes=\"(max-width: 2560px) 100vw, 2560px\" \/>\t\t\t\t\t\t\t\t\t\t\t\t\t\t\t<\/div>\n\t\t\t\t<\/div>\n\t\t\t\t<div class=\"elementor-element elementor-element-d3468c6 elementor-align-start elementor-icon-list--layout-traditional elementor-list-item-link-full_width elementor-widget elementor-widget-icon-list\" data-id=\"d3468c6\" data-element_type=\"widget\" data-e-type=\"widget\" data-widget_type=\"icon-list.default\">\n\t\t\t\t<div class=\"elementor-widget-container\">\n\t\t\t\t\t\t\t<ul class=\"elementor-icon-list-items\">\n\t\t\t\t\t\t\t<li class=\"elementor-icon-list-item\">\n\t\t\t\t\t\t\t\t\t\t\t<span class=\"elementor-icon-list-icon\">\n\t\t\t\t\t\t\t<i aria-hidden=\"true\" class=\"fas fa-check-circle\"><\/i>\t\t\t\t\t\t<\/span>\n\t\t\t\t\t\t\t\t\t\t<span class=\"elementor-icon-list-text\">Inscripci\u00f3n al Congreso (taller, sesiones t\u00e9cnicas, rondas de negocios, visita de campo y cena de gala en la cava Pomery)<\/span>\n\t\t\t\t\t\t\t\t\t<\/li>\n\t\t\t\t\t\t\t\t<li class=\"elementor-icon-list-item\">\n\t\t\t\t\t\t\t\t\t\t\t<span class=\"elementor-icon-list-icon\">\n\t\t\t\t\t\t\t<i aria-hidden=\"true\" class=\"fas fa-times-circle\"><\/i>\t\t\t\t\t\t<\/span>\n\t\t\t\t\t\t\t\t\t\t<span class=\"elementor-icon-list-text\">No incluye trenes y traslados internos<\/span>\n\t\t\t\t\t\t\t\t\t<\/li>\n\t\t\t\t\t\t<\/ul>\n\t\t\t\t\t\t<\/div>\n\t\t\t\t<\/div>\n\t\t\t\t<div class=\"elementor-element elementor-element-f4328c2 elementor-widget elementor-widget-heading\" data-id=\"f4328c2\" data-element_type=\"widget\" data-e-type=\"widget\" data-widget_type=\"heading.default\">\n\t\t\t\t<div class=\"elementor-widget-container\">\n\t\t\t\t\t<h2 class=\"elementor-heading-title elementor-size-default\">El viaje incluye<\/h2>\t\t\t\t<\/div>\n\t\t\t\t<\/div>\n\t\t\t\t<div class=\"elementor-element elementor-element-e26f8f1 elementor-widget elementor-widget-accordion\" data-id=\"e26f8f1\" data-element_type=\"widget\" data-e-type=\"widget\" data-widget_type=\"accordion.default\">\n\t\t\t\t<div class=\"elementor-widget-container\">\n\t\t\t\t\t\t\t<div class=\"elementor-accordion\">\n\t\t\t\t\t\t\t<div class=\"elementor-accordion-item\">\n\t\t\t\t\t<div id=\"elementor-tab-title-2371\" class=\"elementor-tab-title\" data-tab=\"1\" role=\"button\" aria-controls=\"elementor-tab-content-2371\" aria-expanded=\"false\">\n\t\t\t\t\t\t\t\t\t\t\t\t\t<span class=\"elementor-accordion-icon elementor-accordion-icon-left\" aria-hidden=\"true\">\n\t\t\t\t\t\t\t\t\t\t\t\t\t\t\t<span class=\"elementor-accordion-icon-closed\"><i class=\"fas fa-plus\"><\/i><\/span>\n\t\t\t\t\t\t\t\t<span class=\"elementor-accordion-icon-opened\"><i class=\"fas fa-minus\"><\/i><\/span>\n\t\t\t\t\t\t\t\t\t\t\t\t\t\t<\/span>\n\t\t\t\t\t\t\t\t\t\t\t\t<a class=\"elementor-accordion-title\" tabindex=\"0\">3 al 6 de noviembre. Reims. Francia<\/a>\n\t\t\t\t\t<\/div>\n\t\t\t\t\t<div id=\"elementor-tab-content-2371\" class=\"elementor-tab-content elementor-clearfix\" data-tab=\"1\" role=\"region\" aria-labelledby=\"elementor-tab-title-2371\"><p><a href=\"https:\/\/expoalfa.com.ar\/alfalfa\/wp-content\/uploads\/2025\/05\/Mesa-de-trabajo-1logocongreso.png\"><img decoding=\"async\" class=\"alignnone size-full wp-image-6305\" src=\"https:\/\/expoalfa.com.ar\/alfalfa\/wp-content\/uploads\/2025\/05\/Mesa-de-trabajo-1logocongreso.png\" alt=\"\" width=\"208\" height=\"117\" \/><\/a>\u00a0<\/p><p>&#8211; Aspectos econ\u00f3micos y de mercado.<br \/>&#8211; Nitr\u00f3geno y nutrientes<br \/>&#8211; Uso eficiente del agua.<br \/>&#8211; Ronda de Negocios (dos d\u00edas).<br \/>&#8211; Promoci\u00f3n de la biodiversidad<br \/>&#8211; Cambios en el uso de la tierra.<br \/>&#8211; Cambio clim\u00e1tico.<br \/>&#8211; D\u00eda de campo. Con traslados en buses para visitar dos plantas de procesado de alfalfa en Recy y Francheville.<\/p><\/div>\n\t\t\t\t<\/div>\n\t\t\t\t\t\t\t<div class=\"elementor-accordion-item\">\n\t\t\t\t\t<div id=\"elementor-tab-title-2372\" class=\"elementor-tab-title\" data-tab=\"2\" role=\"button\" aria-controls=\"elementor-tab-content-2372\" aria-expanded=\"false\">\n\t\t\t\t\t\t\t\t\t\t\t\t\t<span class=\"elementor-accordion-icon elementor-accordion-icon-left\" aria-hidden=\"true\">\n\t\t\t\t\t\t\t\t\t\t\t\t\t\t\t<span class=\"elementor-accordion-icon-closed\"><i class=\"fas fa-plus\"><\/i><\/span>\n\t\t\t\t\t\t\t\t<span class=\"elementor-accordion-icon-opened\"><i class=\"fas fa-minus\"><\/i><\/span>\n\t\t\t\t\t\t\t\t\t\t\t\t\t\t<\/span>\n\t\t\t\t\t\t\t\t\t\t\t\t<a class=\"elementor-accordion-title\" tabindex=\"0\">7 de noviembre. Par\u00eds, Francia<\/a>\n\t\t\t\t\t<\/div>\n\t\t\t\t\t<div id=\"elementor-tab-content-2372\" class=\"elementor-tab-content elementor-clearfix\" data-tab=\"2\" role=\"region\" aria-labelledby=\"elementor-tab-title-2372\"><p>1 noche en Par\u00eds<\/p><\/div>\n\t\t\t\t<\/div>\n\t\t\t\t\t\t\t<div class=\"elementor-accordion-item\">\n\t\t\t\t\t<div id=\"elementor-tab-title-2373\" class=\"elementor-tab-title\" data-tab=\"3\" role=\"button\" aria-controls=\"elementor-tab-content-2373\" aria-expanded=\"false\">\n\t\t\t\t\t\t\t\t\t\t\t\t\t<span class=\"elementor-accordion-icon elementor-accordion-icon-left\" aria-hidden=\"true\">\n\t\t\t\t\t\t\t\t\t\t\t\t\t\t\t<span class=\"elementor-accordion-icon-closed\"><i class=\"fas fa-plus\"><\/i><\/span>\n\t\t\t\t\t\t\t\t<span class=\"elementor-accordion-icon-opened\"><i class=\"fas fa-minus\"><\/i><\/span>\n\t\t\t\t\t\t\t\t\t\t\t\t\t\t<\/span>\n\t\t\t\t\t\t\t\t\t\t\t\t<a class=\"elementor-accordion-title\" tabindex=\"0\">8 al 11 de noviembre. Madrid, Espa\u00f1a<\/a>\n\t\t\t\t\t<\/div>\n\t\t\t\t\t<div id=\"elementor-tab-content-2373\" class=\"elementor-tab-content elementor-clearfix\" data-tab=\"3\" role=\"region\" aria-labelledby=\"elementor-tab-title-2373\"><p><a href=\"https:\/\/expoalfa.com.ar\/alfalfa\/wp-content\/uploads\/2025\/05\/Mesa-de-trabajo-1giraalfalfera-1.png\"><img loading=\"lazy\" decoding=\"async\" class=\"alignnone size-full wp-image-6307\" src=\"https:\/\/expoalfa.com.ar\/alfalfa\/wp-content\/uploads\/2025\/05\/Mesa-de-trabajo-1giraalfalfera-1.png\" alt=\"\" width=\"208\" height=\"117\" \/><\/a><\/p><p>&#8211; Visita a planta compactadoras de alfalfa IMABE en Arganda del Rey. Madrid.<\/p><p>&#8211; Visita a <span style=\"font-weight: 400;\">planta deshidratadora, compactadora y de Pellet en Toledo.<\/span><\/p><p>&#8211; Visitas a <span style=\"font-weight: 400;\">planta deshidratadora y compactadora en Valladolid.<\/span><\/p><\/div>\n\t\t\t\t<\/div>\n\t\t\t\t\t\t\t\t<\/div>\n\t\t\t\t\t\t<\/div>\n\t\t\t\t<\/div>\n\t\t\t\t\t<\/div>\n\t\t<\/div>\n\t\t\t\t\t<\/div>\n\t\t<\/section>\n\t\t\t\t<section class=\"elementor-section elementor-top-section elementor-element elementor-element-a27bb60 elementor-section-boxed elementor-section-height-default elementor-section-height-default\" data-id=\"a27bb60\" data-element_type=\"section\" data-e-type=\"section\">\n\t\t\t\t\t\t<div class=\"elementor-container elementor-column-gap-default\">\n\t\t\t\t\t<div class=\"elementor-column elementor-col-100 elementor-top-column elementor-element elementor-element-14299e0\" data-id=\"14299e0\" data-element_type=\"column\" data-e-type=\"column\">\n\t\t\t<div class=\"elementor-widget-wrap\">\n\t\t\t\t\t\t\t<\/div>\n\t\t<\/div>\n\t\t\t\t\t<\/div>\n\t\t<\/section>\n\t\t\t\t<section class=\"elementor-section elementor-top-section elementor-element elementor-element-9eb6411 elementor-section-content-middle elementor-section-boxed elementor-section-height-default elementor-section-height-default\" data-id=\"9eb6411\" data-element_type=\"section\" data-e-type=\"section\">\n\t\t\t\t\t\t<div class=\"elementor-container elementor-column-gap-default\">\n\t\t\t\t\t<div class=\"elementor-column elementor-col-100 elementor-top-column elementor-element elementor-element-f94f1e7\" data-id=\"f94f1e7\" data-element_type=\"column\" data-e-type=\"column\">\n\t\t\t<div class=\"elementor-widget-wrap elementor-element-populated\">\n\t\t\t\t\t\t<div class=\"elementor-element elementor-element-73a1c08 elementor-widget elementor-widget-heading\" data-id=\"73a1c08\" data-element_type=\"widget\" data-e-type=\"widget\" data-widget_type=\"heading.default\">\n\t\t\t\t<div class=\"elementor-widget-container\">\n\t\t\t\t\t<h2 class=\"elementor-heading-title elementor-size-default\">Puede consultar por otras opciones<\/h2>\t\t\t\t<\/div>\n\t\t\t\t<\/div>\n\t\t\t\t<div class=\"elementor-element elementor-element-3db560c elementor-align-center elementor-widget__width-initial elementor-widget-mobile__width-initial elementor-icon-list--layout-traditional elementor-list-item-link-full_width elementor-widget elementor-widget-icon-list\" data-id=\"3db560c\" data-element_type=\"widget\" data-e-type=\"widget\" data-widget_type=\"icon-list.default\">\n\t\t\t\t<div class=\"elementor-widget-container\">\n\t\t\t\t\t\t\t<ul class=\"elementor-icon-list-items\">\n\t\t\t\t\t\t\t<li class=\"elementor-icon-list-item\">\n\t\t\t\t\t\t\t\t\t\t\t<a href=\"mailto:\">\n\n\t\t\t\t\t\t\t\t\t\t\t\t<span class=\"elementor-icon-list-icon\">\n\t\t\t\t\t\t\t<i aria-hidden=\"true\" class=\"fas fa-envelope\"><\/i>\t\t\t\t\t\t<\/span>\n\t\t\t\t\t\t\t\t\t\t<span class=\"elementor-icon-list-text\">alfalfagira@gmail.com<\/span>\n\t\t\t\t\t\t\t\t\t\t\t<\/a>\n\t\t\t\t\t\t\t\t\t<\/li>\n\t\t\t\t\t\t\t\t<li class=\"elementor-icon-list-item\">\n\t\t\t\t\t\t\t\t\t\t\t<a href=\"http:\/\/wa.link\/owhsm1\">\n\n\t\t\t\t\t\t\t\t\t\t\t\t<span class=\"elementor-icon-list-icon\">\n\t\t\t\t\t\t\t<i aria-hidden=\"true\" class=\"fab fa-whatsapp-square\"><\/i>\t\t\t\t\t\t<\/span>\n\t\t\t\t\t\t\t\t\t\t<span class=\"elementor-icon-list-text\">+54 9 353 419-6618<\/span>\n\t\t\t\t\t\t\t\t\t\t\t<\/a>\n\t\t\t\t\t\t\t\t\t<\/li>\n\t\t\t\t\t\t<\/ul>\n\t\t\t\t\t\t<\/div>\n\t\t\t\t<\/div>\n\t\t\t\t<div class=\"elementor-element elementor-element-46322cb elementor-align-center e-transform elementor-widget elementor-widget-button\" data-id=\"46322cb\" data-element_type=\"widget\" data-e-type=\"widget\" data-settings=\"{&quot;_transform_scale_effect_hover&quot;:{&quot;unit&quot;:&quot;px&quot;,&quot;size&quot;:1.1,&quot;sizes&quot;:[]},&quot;_transform_scale_effect_hover_tablet&quot;:{&quot;unit&quot;:&quot;px&quot;,&quot;size&quot;:&quot;&quot;,&quot;sizes&quot;:[]},&quot;_transform_scale_effect_hover_mobile&quot;:{&quot;unit&quot;:&quot;px&quot;,&quot;size&quot;:&quot;&quot;,&quot;sizes&quot;:[]}}\" data-widget_type=\"button.default\">\n\t\t\t\t<div class=\"elementor-widget-container\">\n\t\t\t\t\t\t\t\t\t<div class=\"elementor-button-wrapper\">\n\t\t\t\t\t<a class=\"elementor-button elementor-button-link elementor-size-sm\" href=\"http:\/\/wa.link\/owhsm1\">\n\t\t\t\t\t\t<span class=\"elementor-button-content-wrapper\">\n\t\t\t\t\t\t\t\t\t<span class=\"elementor-button-text\">Contacto<\/span>\n\t\t\t\t\t<\/span>\n\t\t\t\t\t<\/a>\n\t\t\t\t<\/div>\n\t\t\t\t\t\t\t\t<\/div>\n\t\t\t\t<\/div>\n\t\t\t\t\t<\/div>\n\t\t<\/div>\n\t\t\t\t\t<\/div>\n\t\t<\/section>\n\t\t\t\t<section class=\"elementor-section elementor-top-section elementor-element elementor-element-b7df404 elementor-section-content-middle elementor-section-boxed elementor-section-height-default elementor-section-height-default\" data-id=\"b7df404\" data-element_type=\"section\" data-e-type=\"section\">\n\t\t\t\t\t\t<div class=\"elementor-container elementor-column-gap-default\">\n\t\t\t\t\t<div class=\"elementor-column elementor-col-100 elementor-top-column elementor-element elementor-element-bb3fdf6\" data-id=\"bb3fdf6\" data-element_type=\"column\" data-e-type=\"column\">\n\t\t\t<div class=\"elementor-widget-wrap elementor-element-populated\">\n\t\t\t\t\t\t<div class=\"elementor-element elementor-element-da288da elementor-widget elementor-widget-heading\" data-id=\"da288da\" data-element_type=\"widget\" data-e-type=\"widget\" data-widget_type=\"heading.default\">\n\t\t\t\t<div class=\"elementor-widget-container\">\n\t\t\t\t\t<h2 class=\"elementor-heading-title elementor-size-default\">Apoyan<\/h2>\t\t\t\t<\/div>\n\t\t\t\t<\/div>\n\t\t\t\t<div class=\"elementor-element elementor-element-1afcef9 elementor-widget__width-initial elementor-widget elementor-widget-image\" data-id=\"1afcef9\" data-element_type=\"widget\" data-e-type=\"widget\" data-widget_type=\"image.default\">\n\t\t\t\t<div class=\"elementor-widget-container\">\n\t\t\t\t\t\t\t\t\t\t\t\t\t\t\t\t<a href=\"https:\/\/alfalfaargentina.com.ar\/\">\n\t\t\t\t\t\t\t<img loading=\"lazy\" decoding=\"async\" width=\"816\" height=\"435\" src=\"https:\/\/expoalfa.com.ar\/alfalfa\/wp-content\/uploads\/2025\/05\/04_Camara_Arg_Alfalfa-e1747670326210.png\" class=\"attachment-full size-full wp-image-6811\" alt=\"\" srcset=\"https:\/\/expoalfa.com.ar\/alfalfa\/wp-content\/uploads\/2025\/05\/04_Camara_Arg_Alfalfa-e1747670326210.png 816w, https:\/\/expoalfa.com.ar\/alfalfa\/wp-content\/uploads\/2025\/05\/04_Camara_Arg_Alfalfa-e1747670326210-300x160.png 300w, https:\/\/expoalfa.com.ar\/alfalfa\/wp-content\/uploads\/2025\/05\/04_Camara_Arg_Alfalfa-e1747670326210-768x409.png 768w, https:\/\/expoalfa.com.ar\/alfalfa\/wp-content\/uploads\/2025\/05\/04_Camara_Arg_Alfalfa-e1747670326210-600x320.png 600w\" sizes=\"(max-width: 816px) 100vw, 816px\" \/>\t\t\t\t\t\t\t\t<\/a>\n\t\t\t\t\t\t\t\t\t\t\t\t\t\t\t<\/div>\n\t\t\t\t<\/div>\n\t\t\t\t<div class=\"elementor-element elementor-element-be9d5b1 elementor-widget__width-initial elementor-widget elementor-widget-image\" data-id=\"be9d5b1\" data-element_type=\"widget\" data-e-type=\"widget\" data-widget_type=\"image.default\">\n\t\t\t\t<div class=\"elementor-widget-container\">\n\t\t\t\t\t\t\t\t\t\t\t\t\t\t\t\t<a href=\"https:\/\/paloverdesrl.com\/web\/\">\n\t\t\t\t\t\t\t<img loading=\"lazy\" decoding=\"async\" width=\"248\" height=\"156\" src=\"https:\/\/expoalfa.com.ar\/alfalfa\/wp-content\/uploads\/2025\/07\/Mesa-de-trabajo-1LOGOpaloverde.png\" class=\"attachment-full size-full wp-image-7962\" alt=\"\" \/>\t\t\t\t\t\t\t\t<\/a>\n\t\t\t\t\t\t\t\t\t\t\t\t\t\t\t<\/div>\n\t\t\t\t<\/div>\n\t\t\t\t<div class=\"elementor-element elementor-element-dc6794f elementor-widget__width-initial elementor-widget elementor-widget-image\" data-id=\"dc6794f\" data-element_type=\"widget\" data-e-type=\"widget\" data-widget_type=\"image.default\">\n\t\t\t\t<div class=\"elementor-widget-container\">\n\t\t\t\t\t\t\t\t\t\t\t\t\t\t\t\t<a href=\"https:\/\/gauss-landtechnik.com.ar\/\">\n\t\t\t\t\t\t\t<img loading=\"lazy\" decoding=\"async\" width=\"1080\" height=\"434\" src=\"https:\/\/expoalfa.com.ar\/alfalfa\/wp-content\/uploads\/2025\/06\/Diseno-sin-titulo-5-e1753364554166.png\" class=\"attachment-full size-full wp-image-7674\" alt=\"\" srcset=\"https:\/\/expoalfa.com.ar\/alfalfa\/wp-content\/uploads\/2025\/06\/Diseno-sin-titulo-5-e1753364554166.png 1080w, https:\/\/expoalfa.com.ar\/alfalfa\/wp-content\/uploads\/2025\/06\/Diseno-sin-titulo-5-e1753364554166-300x121.png 300w, https:\/\/expoalfa.com.ar\/alfalfa\/wp-content\/uploads\/2025\/06\/Diseno-sin-titulo-5-e1753364554166-1024x411.png 1024w, https:\/\/expoalfa.com.ar\/alfalfa\/wp-content\/uploads\/2025\/06\/Diseno-sin-titulo-5-e1753364554166-768x309.png 768w, https:\/\/expoalfa.com.ar\/alfalfa\/wp-content\/uploads\/2025\/06\/Diseno-sin-titulo-5-e1753364554166-600x241.png 600w\" sizes=\"(max-width: 1080px) 100vw, 1080px\" \/>\t\t\t\t\t\t\t\t<\/a>\n\t\t\t\t\t\t\t\t\t\t\t\t\t\t\t<\/div>\n\t\t\t\t<\/div>\n\t\t\t\t<div class=\"elementor-element elementor-element-ef88cd1 elementor-widget__width-initial elementor-widget elementor-widget-image\" data-id=\"ef88cd1\" data-element_type=\"widget\" data-e-type=\"widget\" data-widget_type=\"image.default\">\n\t\t\t\t<div class=\"elementor-widget-container\">\n\t\t\t\t\t\t\t\t\t\t\t\t\t\t\t\t<a href=\"https:\/\/www.imabeiberica.com\/es\/\">\n\t\t\t\t\t\t\t<img loading=\"lazy\" decoding=\"async\" width=\"578\" height=\"668\" src=\"https:\/\/expoalfa.com.ar\/alfalfa\/wp-content\/uploads\/2025\/06\/Diseno-sin-titulo-8-e1757077839118.png\" class=\"attachment-full size-full wp-image-7686\" alt=\"\" srcset=\"https:\/\/expoalfa.com.ar\/alfalfa\/wp-content\/uploads\/2025\/06\/Diseno-sin-titulo-8-e1757077839118.png 578w, https:\/\/expoalfa.com.ar\/alfalfa\/wp-content\/uploads\/2025\/06\/Diseno-sin-titulo-8-e1757077839118-260x300.png 260w\" sizes=\"(max-width: 578px) 100vw, 578px\" \/>\t\t\t\t\t\t\t\t<\/a>\n\t\t\t\t\t\t\t\t\t\t\t\t\t\t\t<\/div>\n\t\t\t\t<\/div>\n\t\t\t\t<div class=\"elementor-element elementor-element-cedb51f elementor-widget__width-initial elementor-widget elementor-widget-image\" data-id=\"cedb51f\" data-element_type=\"widget\" data-e-type=\"widget\" data-widget_type=\"image.default\">\n\t\t\t\t<div class=\"elementor-widget-container\">\n\t\t\t\t\t\t\t\t\t\t\t\t\t\t\t\t<a href=\"https:\/\/www.pgwseeds.com.ar\/\">\n\t\t\t\t\t\t\t<img loading=\"lazy\" decoding=\"async\" width=\"762\" height=\"212\" src=\"https:\/\/expoalfa.com.ar\/alfalfa\/wp-content\/uploads\/2025\/07\/3-1.png\" class=\"attachment-full size-full wp-image-7964\" alt=\"\" srcset=\"https:\/\/expoalfa.com.ar\/alfalfa\/wp-content\/uploads\/2025\/07\/3-1.png 762w, https:\/\/expoalfa.com.ar\/alfalfa\/wp-content\/uploads\/2025\/07\/3-1-300x83.png 300w, https:\/\/expoalfa.com.ar\/alfalfa\/wp-content\/uploads\/2025\/07\/3-1-600x167.png 600w\" sizes=\"(max-width: 762px) 100vw, 762px\" \/>\t\t\t\t\t\t\t\t<\/a>\n\t\t\t\t\t\t\t\t\t\t\t\t\t\t\t<\/div>\n\t\t\t\t<\/div>\n\t\t\t\t<div class=\"elementor-element elementor-element-1f2b937 elementor-widget__width-initial elementor-widget elementor-widget-image\" data-id=\"1f2b937\" data-element_type=\"widget\" data-e-type=\"widget\" data-widget_type=\"image.default\">\n\t\t\t\t<div class=\"elementor-widget-container\">\n\t\t\t\t\t\t\t\t\t\t\t\t\t\t\t\t<a href=\"https:\/\/www.instagram.com\/deyceimplementosagricolas\/\">\n\t\t\t\t\t\t\t<img loading=\"lazy\" decoding=\"async\" width=\"1416\" height=\"435\" src=\"https:\/\/expoalfa.com.ar\/alfalfa\/wp-content\/uploads\/2025\/06\/20_DeCe.png\" class=\"attachment-full size-full wp-image-7679\" alt=\"\" srcset=\"https:\/\/expoalfa.com.ar\/alfalfa\/wp-content\/uploads\/2025\/06\/20_DeCe.png 1416w, https:\/\/expoalfa.com.ar\/alfalfa\/wp-content\/uploads\/2025\/06\/20_DeCe-300x92.png 300w, https:\/\/expoalfa.com.ar\/alfalfa\/wp-content\/uploads\/2025\/06\/20_DeCe-1024x315.png 1024w, https:\/\/expoalfa.com.ar\/alfalfa\/wp-content\/uploads\/2025\/06\/20_DeCe-768x236.png 768w, https:\/\/expoalfa.com.ar\/alfalfa\/wp-content\/uploads\/2025\/06\/20_DeCe-600x184.png 600w\" sizes=\"(max-width: 1416px) 100vw, 1416px\" \/>\t\t\t\t\t\t\t\t<\/a>\n\t\t\t\t\t\t\t\t\t\t\t\t\t\t\t<\/div>\n\t\t\t\t<\/div>\n\t\t\t\t<div class=\"elementor-element elementor-element-8145a9e elementor-widget__width-initial elementor-widget elementor-widget-image\" data-id=\"8145a9e\" data-element_type=\"widget\" data-e-type=\"widget\" data-widget_type=\"image.default\">\n\t\t\t\t<div class=\"elementor-widget-container\">\n\t\t\t\t\t\t\t\t\t\t\t\t\t\t\t\t<a href=\"https:\/\/www.facebook.com\/Expoconsult\/\">\n\t\t\t\t\t\t\t<img loading=\"lazy\" decoding=\"async\" width=\"363\" height=\"157\" src=\"https:\/\/expoalfa.com.ar\/alfalfa\/wp-content\/uploads\/2025\/06\/expoconsult.png\" class=\"attachment-full size-full wp-image-7678\" alt=\"\" srcset=\"https:\/\/expoalfa.com.ar\/alfalfa\/wp-content\/uploads\/2025\/06\/expoconsult.png 363w, https:\/\/expoalfa.com.ar\/alfalfa\/wp-content\/uploads\/2025\/06\/expoconsult-300x130.png 300w\" sizes=\"(max-width: 363px) 100vw, 363px\" \/>\t\t\t\t\t\t\t\t<\/a>\n\t\t\t\t\t\t\t\t\t\t\t\t\t\t\t<\/div>\n\t\t\t\t<\/div>\n\t\t\t\t<div class=\"elementor-element elementor-element-b089f25 elementor-widget__width-initial elementor-widget elementor-widget-image\" data-id=\"b089f25\" data-element_type=\"widget\" data-e-type=\"widget\" data-widget_type=\"image.default\">\n\t\t\t\t<div class=\"elementor-widget-container\">\n\t\t\t\t\t\t\t\t\t\t\t\t\t\t\t\t<a href=\"https:\/\/www.forwardfields.com.ar\/\">\n\t\t\t\t\t\t\t<img loading=\"lazy\" decoding=\"async\" width=\"400\" height=\"260\" src=\"https:\/\/expoalfa.com.ar\/alfalfa\/wp-content\/uploads\/2025\/06\/pottinger-e1753364839960.png\" class=\"attachment-full size-full wp-image-7676\" alt=\"\" srcset=\"https:\/\/expoalfa.com.ar\/alfalfa\/wp-content\/uploads\/2025\/06\/pottinger-e1753364839960.png 400w, https:\/\/expoalfa.com.ar\/alfalfa\/wp-content\/uploads\/2025\/06\/pottinger-e1753364839960-300x195.png 300w\" sizes=\"(max-width: 400px) 100vw, 400px\" \/>\t\t\t\t\t\t\t\t<\/a>\n\t\t\t\t\t\t\t\t\t\t\t\t\t\t\t<\/div>\n\t\t\t\t<\/div>\n\t\t\t\t<div class=\"elementor-element elementor-element-ee8f3fb elementor-widget__width-initial elementor-widget elementor-widget-image\" data-id=\"ee8f3fb\" data-element_type=\"widget\" data-e-type=\"widget\" data-widget_type=\"image.default\">\n\t\t\t\t<div class=\"elementor-widget-container\">\n\t\t\t\t\t\t\t\t\t\t\t\t\t\t\t\t<a href=\"https:\/\/www.infortambo.com\/\">\n\t\t\t\t\t\t\t<img loading=\"lazy\" decoding=\"async\" width=\"880\" height=\"262\" src=\"https:\/\/expoalfa.com.ar\/alfalfa\/wp-content\/uploads\/2024\/08\/03_Infortambo-e1753364199470.png\" class=\"attachment-full size-full wp-image-4440\" alt=\"\" srcset=\"https:\/\/expoalfa.com.ar\/alfalfa\/wp-content\/uploads\/2024\/08\/03_Infortambo-e1753364199470.png 880w, https:\/\/expoalfa.com.ar\/alfalfa\/wp-content\/uploads\/2024\/08\/03_Infortambo-e1753364199470-600x179.png 600w, https:\/\/expoalfa.com.ar\/alfalfa\/wp-content\/uploads\/2024\/08\/03_Infortambo-e1753364199470-300x89.png 300w, https:\/\/expoalfa.com.ar\/alfalfa\/wp-content\/uploads\/2024\/08\/03_Infortambo-e1753364199470-768x229.png 768w\" sizes=\"(max-width: 880px) 100vw, 880px\" \/>\t\t\t\t\t\t\t\t<\/a>\n\t\t\t\t\t\t\t\t\t\t\t\t\t\t\t<\/div>\n\t\t\t\t<\/div>\n\t\t\t\t<div class=\"elementor-element elementor-element-340b48d elementor-widget__width-initial elementor-widget elementor-widget-image\" data-id=\"340b48d\" data-element_type=\"widget\" data-e-type=\"widget\" data-widget_type=\"image.default\">\n\t\t\t\t<div class=\"elementor-widget-container\">\n\t\t\t\t\t\t\t\t\t\t\t\t\t\t\t\t<a href=\"https:\/\/open.spotify.com\/show\/2p2sPSszChzsdDXiKOo6Jw\">\n\t\t\t\t\t\t\t<img loading=\"lazy\" decoding=\"async\" width=\"867\" height=\"326\" src=\"https:\/\/expoalfa.com.ar\/alfalfa\/wp-content\/uploads\/2024\/08\/02_Dos_por_el_pasto-e1753364227410.png\" class=\"attachment-full size-full wp-image-4441\" alt=\"\" srcset=\"https:\/\/expoalfa.com.ar\/alfalfa\/wp-content\/uploads\/2024\/08\/02_Dos_por_el_pasto-e1753364227410.png 867w, https:\/\/expoalfa.com.ar\/alfalfa\/wp-content\/uploads\/2024\/08\/02_Dos_por_el_pasto-e1753364227410-600x226.png 600w, https:\/\/expoalfa.com.ar\/alfalfa\/wp-content\/uploads\/2024\/08\/02_Dos_por_el_pasto-e1753364227410-300x113.png 300w, https:\/\/expoalfa.com.ar\/alfalfa\/wp-content\/uploads\/2024\/08\/02_Dos_por_el_pasto-e1753364227410-768x289.png 768w\" sizes=\"(max-width: 867px) 100vw, 867px\" \/>\t\t\t\t\t\t\t\t<\/a>\n\t\t\t\t\t\t\t\t\t\t\t\t\t\t\t<\/div>\n\t\t\t\t<\/div>\n\t\t\t\t<div class=\"elementor-element elementor-element-950f2c9 elementor-widget__width-initial elementor-widget elementor-widget-image\" data-id=\"950f2c9\" data-element_type=\"widget\" data-e-type=\"widget\" data-widget_type=\"image.default\">\n\t\t\t\t<div class=\"elementor-widget-container\">\n\t\t\t\t\t\t\t\t\t\t\t\t\t\t\t\t<a href=\"https:\/\/www.eldiariocba.com.ar\/\">\n\t\t\t\t\t\t\t<img loading=\"lazy\" decoding=\"async\" width=\"902\" height=\"323\" src=\"https:\/\/expoalfa.com.ar\/alfalfa\/wp-content\/uploads\/2024\/08\/04_elDiario-e1753364263842.png\" class=\"attachment-full size-full wp-image-4439\" alt=\"\" srcset=\"https:\/\/expoalfa.com.ar\/alfalfa\/wp-content\/uploads\/2024\/08\/04_elDiario-e1753364263842.png 902w, https:\/\/expoalfa.com.ar\/alfalfa\/wp-content\/uploads\/2024\/08\/04_elDiario-e1753364263842-600x215.png 600w, https:\/\/expoalfa.com.ar\/alfalfa\/wp-content\/uploads\/2024\/08\/04_elDiario-e1753364263842-300x107.png 300w, https:\/\/expoalfa.com.ar\/alfalfa\/wp-content\/uploads\/2024\/08\/04_elDiario-e1753364263842-768x275.png 768w\" sizes=\"(max-width: 902px) 100vw, 902px\" \/>\t\t\t\t\t\t\t\t<\/a>\n\t\t\t\t\t\t\t\t\t\t\t\t\t\t\t<\/div>\n\t\t\t\t<\/div>\n\t\t\t\t<div class=\"elementor-element elementor-element-c246319 elementor-widget__width-initial elementor-widget elementor-widget-image\" data-id=\"c246319\" data-element_type=\"widget\" data-e-type=\"widget\" data-widget_type=\"image.default\">\n\t\t\t\t<div class=\"elementor-widget-container\">\n\t\t\t\t\t\t\t\t\t\t\t\t\t\t\t\t<a href=\"https:\/\/camponoticias.com\/categoria\/8\/casado-con-el-campo\">\n\t\t\t\t\t\t\t<img loading=\"lazy\" decoding=\"async\" width=\"938\" height=\"640\" src=\"https:\/\/expoalfa.com.ar\/alfalfa\/wp-content\/uploads\/2025\/06\/LATERAL-LOGOS-e1753364308971.png\" class=\"attachment-full size-full wp-image-7680\" alt=\"\" srcset=\"https:\/\/expoalfa.com.ar\/alfalfa\/wp-content\/uploads\/2025\/06\/LATERAL-LOGOS-e1753364308971.png 938w, https:\/\/expoalfa.com.ar\/alfalfa\/wp-content\/uploads\/2025\/06\/LATERAL-LOGOS-e1753364308971-300x205.png 300w, https:\/\/expoalfa.com.ar\/alfalfa\/wp-content\/uploads\/2025\/06\/LATERAL-LOGOS-e1753364308971-768x524.png 768w, https:\/\/expoalfa.com.ar\/alfalfa\/wp-content\/uploads\/2025\/06\/LATERAL-LOGOS-e1753364308971-600x409.png 600w\" sizes=\"(max-width: 938px) 100vw, 938px\" \/>\t\t\t\t\t\t\t\t<\/a>\n\t\t\t\t\t\t\t\t\t\t\t\t\t\t\t<\/div>\n\t\t\t\t<\/div>\n\t\t\t\t<div class=\"elementor-element elementor-element-4ec7f06 elementor-widget__width-initial elementor-widget elementor-widget-image\" data-id=\"4ec7f06\" data-element_type=\"widget\" data-e-type=\"widget\" data-widget_type=\"image.default\">\n\t\t\t\t<div class=\"elementor-widget-container\">\n\t\t\t\t\t\t\t\t\t\t\t\t\t\t\t\t<a href=\"https:\/\/belgrano570.com.ar\/\">\n\t\t\t\t\t\t\t<img loading=\"lazy\" decoding=\"async\" width=\"930\" height=\"420\" src=\"https:\/\/expoalfa.com.ar\/alfalfa\/wp-content\/uploads\/2025\/06\/LATERAL-LOGOS-1-e1753364355741.png\" class=\"attachment-full size-full wp-image-7681\" alt=\"\" srcset=\"https:\/\/expoalfa.com.ar\/alfalfa\/wp-content\/uploads\/2025\/06\/LATERAL-LOGOS-1-e1753364355741.png 930w, https:\/\/expoalfa.com.ar\/alfalfa\/wp-content\/uploads\/2025\/06\/LATERAL-LOGOS-1-e1753364355741-300x135.png 300w, https:\/\/expoalfa.com.ar\/alfalfa\/wp-content\/uploads\/2025\/06\/LATERAL-LOGOS-1-e1753364355741-768x347.png 768w, https:\/\/expoalfa.com.ar\/alfalfa\/wp-content\/uploads\/2025\/06\/LATERAL-LOGOS-1-e1753364355741-600x271.png 600w\" sizes=\"(max-width: 930px) 100vw, 930px\" \/>\t\t\t\t\t\t\t\t<\/a>\n\t\t\t\t\t\t\t\t\t\t\t\t\t\t\t<\/div>\n\t\t\t\t<\/div>\n\t\t\t\t<div class=\"elementor-element elementor-element-faf414e elementor-widget__width-initial elementor-widget elementor-widget-image\" data-id=\"faf414e\" data-element_type=\"widget\" data-e-type=\"widget\" data-widget_type=\"image.default\">\n\t\t\t\t<div class=\"elementor-widget-container\">\n\t\t\t\t\t\t\t\t\t\t\t\t\t\t\t\t<a href=\"https:\/\/enerone.com.ar\/energia-renovable\">\n\t\t\t\t\t\t\t<img loading=\"lazy\" decoding=\"async\" width=\"597\" height=\"162\" src=\"https:\/\/expoalfa.com.ar\/alfalfa\/wp-content\/uploads\/2025\/06\/Enerone-logo-2.png\" class=\"attachment-full size-full wp-image-7682\" alt=\"\" srcset=\"https:\/\/expoalfa.com.ar\/alfalfa\/wp-content\/uploads\/2025\/06\/Enerone-logo-2.png 597w, https:\/\/expoalfa.com.ar\/alfalfa\/wp-content\/uploads\/2025\/06\/Enerone-logo-2-300x81.png 300w\" sizes=\"(max-width: 597px) 100vw, 597px\" \/>\t\t\t\t\t\t\t\t<\/a>\n\t\t\t\t\t\t\t\t\t\t\t\t\t\t\t<\/div>\n\t\t\t\t<\/div>\n\t\t\t\t<div class=\"elementor-element elementor-element-bdeb4e1 elementor-widget__width-initial elementor-widget elementor-widget-image\" data-id=\"bdeb4e1\" data-element_type=\"widget\" data-e-type=\"widget\" data-widget_type=\"image.default\">\n\t\t\t\t<div class=\"elementor-widget-container\">\n\t\t\t\t\t\t\t\t\t\t\t\t\t\t\t\t<a href=\"https:\/\/www.todocampos.com.ar\/\">\n\t\t\t\t\t\t\t<img loading=\"lazy\" decoding=\"async\" width=\"4498\" height=\"1698\" src=\"https:\/\/expoalfa.com.ar\/alfalfa\/wp-content\/uploads\/2024\/05\/TODO-CAMPOS-LOGO-HORIZONTAL-02.png\" class=\"attachment-full size-full wp-image-3441\" alt=\"\" srcset=\"https:\/\/expoalfa.com.ar\/alfalfa\/wp-content\/uploads\/2024\/05\/TODO-CAMPOS-LOGO-HORIZONTAL-02.png 4498w, https:\/\/expoalfa.com.ar\/alfalfa\/wp-content\/uploads\/2024\/05\/TODO-CAMPOS-LOGO-HORIZONTAL-02-600x227.png 600w, https:\/\/expoalfa.com.ar\/alfalfa\/wp-content\/uploads\/2024\/05\/TODO-CAMPOS-LOGO-HORIZONTAL-02-300x113.png 300w, https:\/\/expoalfa.com.ar\/alfalfa\/wp-content\/uploads\/2024\/05\/TODO-CAMPOS-LOGO-HORIZONTAL-02-1024x387.png 1024w, https:\/\/expoalfa.com.ar\/alfalfa\/wp-content\/uploads\/2024\/05\/TODO-CAMPOS-LOGO-HORIZONTAL-02-768x290.png 768w, https:\/\/expoalfa.com.ar\/alfalfa\/wp-content\/uploads\/2024\/05\/TODO-CAMPOS-LOGO-HORIZONTAL-02-1536x580.png 1536w, https:\/\/expoalfa.com.ar\/alfalfa\/wp-content\/uploads\/2024\/05\/TODO-CAMPOS-LOGO-HORIZONTAL-02-2048x773.png 2048w\" sizes=\"(max-width: 4498px) 100vw, 4498px\" \/>\t\t\t\t\t\t\t\t<\/a>\n\t\t\t\t\t\t\t\t\t\t\t\t\t\t\t<\/div>\n\t\t\t\t<\/div>\n\t\t\t\t\t<\/div>\n\t\t<\/div>\n\t\t\t\t\t<\/div>\n\t\t<\/section>\n\t\t\t\t<section class=\"elementor-section elementor-top-section elementor-element elementor-element-05fe648 elementor-section-boxed elementor-section-height-default elementor-section-height-default\" data-id=\"05fe648\" data-element_type=\"section\" data-e-type=\"section\">\n\t\t\t\t\t\t<div class=\"elementor-container elementor-column-gap-default\">\n\t\t\t\t\t<div class=\"elementor-column elementor-col-100 elementor-top-column elementor-element elementor-element-bf1d700\" data-id=\"bf1d700\" data-element_type=\"column\" data-e-type=\"column\">\n\t\t\t<div class=\"elementor-widget-wrap elementor-element-populated\">\n\t\t\t\t\t\t<div class=\"elementor-element elementor-element-e322c8e elementor-widget elementor-widget-spacer\" data-id=\"e322c8e\" data-element_type=\"widget\" data-e-type=\"widget\" data-widget_type=\"spacer.default\">\n\t\t\t\t<div class=\"elementor-widget-container\">\n\t\t\t\t\t\t\t<div class=\"elementor-spacer\">\n\t\t\t<div class=\"elementor-spacer-inner\"><\/div>\n\t\t<\/div>\n\t\t\t\t\t\t<\/div>\n\t\t\t\t<\/div>\n\t\t\t\t\t<\/div>\n\t\t<\/div>\n\t\t\t\t\t<\/div>\n\t\t<\/section>\n\t\t\t\t<section class=\"elementor-section elementor-top-section elementor-element elementor-element-52c81180 elementor-section-boxed elementor-section-height-default elementor-section-height-default\" data-id=\"52c81180\" data-element_type=\"section\" data-e-type=\"section\" data-settings=\"{&quot;background_background&quot;:&quot;classic&quot;}\">\n\t\t\t\t\t\t<div class=\"elementor-container elementor-column-gap-default\">\n\t\t\t\t\t<div class=\"elementor-column elementor-col-100 elementor-top-column elementor-element elementor-element-53a5acb6\" data-id=\"53a5acb6\" data-element_type=\"column\" data-e-type=\"column\">\n\t\t\t<div class=\"elementor-widget-wrap elementor-element-populated\">\n\t\t\t\t\t\t<div class=\"elementor-element elementor-element-1ce9d111 elementor-widget elementor-widget-spacer\" data-id=\"1ce9d111\" data-element_type=\"widget\" data-e-type=\"widget\" data-widget_type=\"spacer.default\">\n\t\t\t\t<div class=\"elementor-widget-container\">\n\t\t\t\t\t\t\t<div class=\"elementor-spacer\">\n\t\t\t<div class=\"elementor-spacer-inner\"><\/div>\n\t\t<\/div>\n\t\t\t\t\t\t<\/div>\n\t\t\t\t<\/div>\n\t\t\t\t<div class=\"elementor-element elementor-element-59d4fe5c elementor-widget elementor-widget-heading\" data-id=\"59d4fe5c\" data-element_type=\"widget\" data-e-type=\"widget\" data-widget_type=\"heading.default\">\n\t\t\t\t<div class=\"elementor-widget-container\">\n\t\t\t\t\t<h2 class=\"elementor-heading-title elementor-size-default\">Otras actividades de ExpoAlfa 2025<\/h2>\t\t\t\t<\/div>\n\t\t\t\t<\/div>\n\t\t\t\t\t<\/div>\n\t\t<\/div>\n\t\t\t\t\t<\/div>\n\t\t<\/section>\n\t\t\t\t<section class=\"elementor-section elementor-top-section elementor-element elementor-element-51910daf elementor-section-boxed elementor-section-height-default elementor-section-height-default\" data-id=\"51910daf\" data-element_type=\"section\" data-e-type=\"section\">\n\t\t\t\t\t\t<div class=\"elementor-container elementor-column-gap-default\">\n\t\t\t\t\t<div class=\"elementor-column elementor-col-33 elementor-top-column elementor-element elementor-element-566151a2\" data-id=\"566151a2\" data-element_type=\"column\" data-e-type=\"column\">\n\t\t\t<div class=\"elementor-widget-wrap elementor-element-populated\">\n\t\t\t\t\t\t<div class=\"elementor-element elementor-element-1b4bb9c2 elementor-widget elementor-widget-image\" data-id=\"1b4bb9c2\" data-element_type=\"widget\" data-e-type=\"widget\" data-widget_type=\"image.default\">\n\t\t\t\t<div class=\"elementor-widget-container\">\n\t\t\t\t\t\t\t\t\t\t\t\t\t\t\t\t<a href=\"https:\/\/expoalfa.com.ar\/alfalfa\/expoalfa-jornada-2025\/\">\n\t\t\t\t\t\t\t<img loading=\"lazy\" decoding=\"async\" width=\"171\" height=\"189\" src=\"https:\/\/expoalfa.com.ar\/alfalfa\/wp-content\/uploads\/2025\/04\/Mesa-de-trabajo-2-e1745885191259.png\" class=\"attachment-large size-large wp-image-5938\" alt=\"\" \/>\t\t\t\t\t\t\t\t<\/a>\n\t\t\t\t\t\t\t\t\t\t\t\t\t\t\t<\/div>\n\t\t\t\t<\/div>\n\t\t\t\t<div class=\"elementor-element elementor-element-728ec872 e-transform elementor-widget elementor-widget-heading\" data-id=\"728ec872\" data-element_type=\"widget\" data-e-type=\"widget\" data-settings=\"{&quot;_transform_scale_effect_hover&quot;:{&quot;unit&quot;:&quot;px&quot;,&quot;size&quot;:1.1,&quot;sizes&quot;:[]},&quot;_transform_scale_effect_hover_tablet&quot;:{&quot;unit&quot;:&quot;px&quot;,&quot;size&quot;:&quot;&quot;,&quot;sizes&quot;:[]},&quot;_transform_scale_effect_hover_mobile&quot;:{&quot;unit&quot;:&quot;px&quot;,&quot;size&quot;:&quot;&quot;,&quot;sizes&quot;:[]}}\" data-widget_type=\"heading.default\">\n\t\t\t\t<div class=\"elementor-widget-container\">\n\t\t\t\t\t<h2 class=\"elementor-heading-title elementor-size-default\"><a href=\"https:\/\/expoalfa.com.ar\/alfalfa\/expoalfa-jornada-2025\/\">Jornadas ExpoAlfa<\/a><\/h2>\t\t\t\t<\/div>\n\t\t\t\t<\/div>\n\t\t\t\t<div class=\"elementor-element elementor-element-1f7c861 elementor-widget elementor-widget-text-editor\" data-id=\"1f7c861\" data-element_type=\"widget\" data-e-type=\"widget\" data-widget_type=\"text-editor.default\">\n\t\t\t\t<div class=\"elementor-widget-container\">\n\t\t\t\t\t\t\t\t\t<p>Capacitaci\u00f3n en mejoramiento gen\u00e9tico, manejo, fertilizaci\u00f3n, riego, mecanizaci\u00f3n, nuevas tecnolog\u00edas, transporte y log\u00edstica, mercado mundial y exportaci\u00f3n.<\/p>\t\t\t\t\t\t\t\t<\/div>\n\t\t\t\t<\/div>\n\t\t\t\t<div class=\"elementor-element elementor-element-20f8227f e-transform e-transform elementor-widget elementor-widget-text-editor\" data-id=\"20f8227f\" data-element_type=\"widget\" data-e-type=\"widget\" data-settings=\"{&quot;_transform_scale_effect_hover&quot;:{&quot;unit&quot;:&quot;px&quot;,&quot;size&quot;:1.1,&quot;sizes&quot;:[]},&quot;_transform_scaleX_effect&quot;:{&quot;unit&quot;:&quot;px&quot;,&quot;size&quot;:&quot;&quot;,&quot;sizes&quot;:[]},&quot;_transform_scaleX_effect_tablet&quot;:{&quot;unit&quot;:&quot;px&quot;,&quot;size&quot;:&quot;&quot;,&quot;sizes&quot;:[]},&quot;_transform_scaleX_effect_mobile&quot;:{&quot;unit&quot;:&quot;px&quot;,&quot;size&quot;:&quot;&quot;,&quot;sizes&quot;:[]},&quot;_transform_scaleY_effect&quot;:{&quot;unit&quot;:&quot;px&quot;,&quot;size&quot;:&quot;&quot;,&quot;sizes&quot;:[]},&quot;_transform_scaleY_effect_tablet&quot;:{&quot;unit&quot;:&quot;px&quot;,&quot;size&quot;:&quot;&quot;,&quot;sizes&quot;:[]},&quot;_transform_scaleY_effect_mobile&quot;:{&quot;unit&quot;:&quot;px&quot;,&quot;size&quot;:&quot;&quot;,&quot;sizes&quot;:[]},&quot;_transform_scale_effect_hover_tablet&quot;:{&quot;unit&quot;:&quot;px&quot;,&quot;size&quot;:&quot;&quot;,&quot;sizes&quot;:[]},&quot;_transform_scale_effect_hover_mobile&quot;:{&quot;unit&quot;:&quot;px&quot;,&quot;size&quot;:&quot;&quot;,&quot;sizes&quot;:[]}}\" data-widget_type=\"text-editor.default\">\n\t\t\t\t<div class=\"elementor-widget-container\">\n\t\t\t\t\t\t\t\t\t<ul><li><strong>Patagonia Norte | 27.05<\/strong><\/li><\/ul>\t\t\t\t\t\t\t\t<\/div>\n\t\t\t\t<\/div>\n\t\t\t\t<div class=\"elementor-element elementor-element-66c5ace2 e-transform elementor-widget elementor-widget-text-editor\" data-id=\"66c5ace2\" data-element_type=\"widget\" data-e-type=\"widget\" data-settings=\"{&quot;_transform_scale_effect_hover&quot;:{&quot;unit&quot;:&quot;px&quot;,&quot;size&quot;:1.1,&quot;sizes&quot;:[]},&quot;_transform_scale_effect_hover_tablet&quot;:{&quot;unit&quot;:&quot;px&quot;,&quot;size&quot;:&quot;&quot;,&quot;sizes&quot;:[]},&quot;_transform_scale_effect_hover_mobile&quot;:{&quot;unit&quot;:&quot;px&quot;,&quot;size&quot;:&quot;&quot;,&quot;sizes&quot;:[]}}\" data-widget_type=\"text-editor.default\">\n\t\t\t\t<div class=\"elementor-widget-container\">\n\t\t\t\t\t\t\t\t\t<ul><li><strong>C\u00f3rdoba | 15.10<\/strong><\/li><\/ul>\t\t\t\t\t\t\t\t<\/div>\n\t\t\t\t<\/div>\n\t\t\t\t\t<\/div>\n\t\t<\/div>\n\t\t\t\t<div class=\"elementor-column elementor-col-33 elementor-top-column elementor-element elementor-element-41f592ae\" data-id=\"41f592ae\" data-element_type=\"column\" data-e-type=\"column\">\n\t\t\t<div class=\"elementor-widget-wrap elementor-element-populated\">\n\t\t\t\t\t\t<div class=\"elementor-element elementor-element-10d82f23 elementor-widget elementor-widget-image\" data-id=\"10d82f23\" data-element_type=\"widget\" data-e-type=\"widget\" data-widget_type=\"image.default\">\n\t\t\t\t<div class=\"elementor-widget-container\">\n\t\t\t\t\t\t\t\t\t\t\t\t\t\t\t\t<a href=\"https:\/\/expoalfa.com.ar\/alfalfa\/expoalfa-jornada-2025\/diplomatura-alfalfas\/\">\n\t\t\t\t\t\t\t<img loading=\"lazy\" decoding=\"async\" width=\"171\" height=\"189\" src=\"https:\/\/expoalfa.com.ar\/alfalfa\/wp-content\/uploads\/2025\/04\/Mesa-de-trabajo-2-e1744225275801-1-e1745885210431.png\" class=\"attachment-large size-large wp-image-5939\" alt=\"\" \/>\t\t\t\t\t\t\t\t<\/a>\n\t\t\t\t\t\t\t\t\t\t\t\t\t\t\t<\/div>\n\t\t\t\t<\/div>\n\t\t\t\t<div class=\"elementor-element elementor-element-2750ee9 e-transform elementor-widget elementor-widget-heading\" data-id=\"2750ee9\" data-element_type=\"widget\" data-e-type=\"widget\" data-settings=\"{&quot;_transform_scale_effect_hover&quot;:{&quot;unit&quot;:&quot;px&quot;,&quot;size&quot;:1.1,&quot;sizes&quot;:[]},&quot;_transform_scale_effect_hover_tablet&quot;:{&quot;unit&quot;:&quot;px&quot;,&quot;size&quot;:&quot;&quot;,&quot;sizes&quot;:[]},&quot;_transform_scale_effect_hover_mobile&quot;:{&quot;unit&quot;:&quot;px&quot;,&quot;size&quot;:&quot;&quot;,&quot;sizes&quot;:[]}}\" data-widget_type=\"heading.default\">\n\t\t\t\t<div class=\"elementor-widget-container\">\n\t\t\t\t\t<h2 class=\"elementor-heading-title elementor-size-default\"><a href=\"https:\/\/expoalfa.com.ar\/alfalfa\/expoalfa-jornada-2025\/diplomatura-alfalfas\/\">Diplomatura en Alfalfas de Calidad<\/a><\/h2>\t\t\t\t<\/div>\n\t\t\t\t<\/div>\n\t\t\t\t<div class=\"elementor-element elementor-element-6269607e elementor-widget elementor-widget-text-editor\" data-id=\"6269607e\" data-element_type=\"widget\" data-e-type=\"widget\" data-widget_type=\"text-editor.default\">\n\t\t\t\t<div class=\"elementor-widget-container\">\n\t\t\t\t\t\t\t\t\t<p><a href=\"https:\/\/expoalfa.com.ar\/alfalfa\/expoalfa-jornada-2025\/diplomatura-alfalfas\/\">El objetivo es capacitar cuadros t\u00e9cnicos y productores en producci\u00f3n de alfalfa de calidad. Implicar\u00e1 a todas las organizaciones del sector, sumado a UNL, INTA, UNVM y otras.<\/a><\/p>\t\t\t\t\t\t\t\t<\/div>\n\t\t\t\t<\/div>\n\t\t\t\t\t<\/div>\n\t\t<\/div>\n\t\t\t\t<div class=\"elementor-column elementor-col-33 elementor-top-column elementor-element elementor-element-7a24fd77\" data-id=\"7a24fd77\" data-element_type=\"column\" data-e-type=\"column\">\n\t\t\t<div class=\"elementor-widget-wrap elementor-element-populated\">\n\t\t\t\t\t\t<div class=\"elementor-element elementor-element-73e092ec elementor-widget elementor-widget-image\" data-id=\"73e092ec\" data-element_type=\"widget\" data-e-type=\"widget\" data-widget_type=\"image.default\">\n\t\t\t\t<div class=\"elementor-widget-container\">\n\t\t\t\t\t\t\t\t\t\t\t\t\t\t\t\t<a href=\"http:\/\/todoalfalfa.com.ar\">\n\t\t\t\t\t\t\t<img loading=\"lazy\" decoding=\"async\" width=\"172\" height=\"189\" src=\"https:\/\/expoalfa.com.ar\/alfalfa\/wp-content\/uploads\/2025\/04\/Mesa-de-trabajo-2-e1744225275801-3-e1745885246365.png\" class=\"attachment-large size-large wp-image-5941\" alt=\"\" \/>\t\t\t\t\t\t\t\t<\/a>\n\t\t\t\t\t\t\t\t\t\t\t\t\t\t\t<\/div>\n\t\t\t\t<\/div>\n\t\t\t\t<div class=\"elementor-element elementor-element-67910f8c e-transform e-transform elementor-widget elementor-widget-heading\" data-id=\"67910f8c\" data-element_type=\"widget\" data-e-type=\"widget\" data-settings=\"{&quot;_transform_scale_effect_hover&quot;:{&quot;unit&quot;:&quot;px&quot;,&quot;size&quot;:1.1,&quot;sizes&quot;:[]},&quot;_transform_scaleX_effect&quot;:{&quot;unit&quot;:&quot;px&quot;,&quot;size&quot;:&quot;&quot;,&quot;sizes&quot;:[]},&quot;_transform_scaleX_effect_tablet&quot;:{&quot;unit&quot;:&quot;px&quot;,&quot;size&quot;:&quot;&quot;,&quot;sizes&quot;:[]},&quot;_transform_scaleX_effect_mobile&quot;:{&quot;unit&quot;:&quot;px&quot;,&quot;size&quot;:&quot;&quot;,&quot;sizes&quot;:[]},&quot;_transform_scaleY_effect&quot;:{&quot;unit&quot;:&quot;px&quot;,&quot;size&quot;:&quot;&quot;,&quot;sizes&quot;:[]},&quot;_transform_scaleY_effect_tablet&quot;:{&quot;unit&quot;:&quot;px&quot;,&quot;size&quot;:&quot;&quot;,&quot;sizes&quot;:[]},&quot;_transform_scaleY_effect_mobile&quot;:{&quot;unit&quot;:&quot;px&quot;,&quot;size&quot;:&quot;&quot;,&quot;sizes&quot;:[]},&quot;_transform_scale_effect_hover_tablet&quot;:{&quot;unit&quot;:&quot;px&quot;,&quot;size&quot;:&quot;&quot;,&quot;sizes&quot;:[]},&quot;_transform_scale_effect_hover_mobile&quot;:{&quot;unit&quot;:&quot;px&quot;,&quot;size&quot;:&quot;&quot;,&quot;sizes&quot;:[]}}\" data-widget_type=\"heading.default\">\n\t\t\t\t<div class=\"elementor-widget-container\">\n\t\t\t\t\t<h2 class=\"elementor-heading-title elementor-size-default\"><a href=\"http:\/\/todoalfalfa.com.ar\">Sitio TodoAlfalfa.com.ar<\/a><\/h2>\t\t\t\t<\/div>\n\t\t\t\t<\/div>\n\t\t\t\t<div class=\"elementor-element elementor-element-3c7f137 elementor-widget elementor-widget-text-editor\" data-id=\"3c7f137\" data-element_type=\"widget\" data-e-type=\"widget\" data-widget_type=\"text-editor.default\">\n\t\t\t\t<div class=\"elementor-widget-container\">\n\t\t\t\t\t\t\t\t\t<p><a href=\"http:\/\/todoalfalfa.com.ar\">TodoAlfalfa es el principal punto de encuentro digital para productores, t\u00e9cnicos y empresas vinculadas a la cadena de valor de la alfalfa. Nuestra audiencia es una comunidad altamente segmentada lo que nos convierte en un medio ideal para potenciar su marca dentro del sector agropecuario.<\/a><\/p>\t\t\t\t\t\t\t\t<\/div>\n\t\t\t\t<\/div>\n\t\t\t\t\t<\/div>\n\t\t<\/div>\n\t\t\t\t\t<\/div>\n\t\t<\/section>\n\t\t\t\t<section class=\"elementor-section elementor-top-section elementor-element elementor-element-4febd1c elementor-section-boxed elementor-section-height-default elementor-section-height-default\" data-id=\"4febd1c\" data-element_type=\"section\" data-e-type=\"section\">\n\t\t\t\t\t\t<div class=\"elementor-container elementor-column-gap-default\">\n\t\t\t\t\t<div class=\"elementor-column elementor-col-100 elementor-top-column elementor-element elementor-element-c9c7f9d\" data-id=\"c9c7f9d\" data-element_type=\"column\" data-e-type=\"column\">\n\t\t\t<div class=\"elementor-widget-wrap elementor-element-populated\">\n\t\t\t\t\t\t<div class=\"elementor-element elementor-element-19b65c5 elementor-widget elementor-widget-spacer\" data-id=\"19b65c5\" data-element_type=\"widget\" data-e-type=\"widget\" data-widget_type=\"spacer.default\">\n\t\t\t\t<div class=\"elementor-widget-container\">\n\t\t\t\t\t\t\t<div class=\"elementor-spacer\">\n\t\t\t<div class=\"elementor-spacer-inner\"><\/div>\n\t\t<\/div>\n\t\t\t\t\t\t<\/div>\n\t\t\t\t<\/div>\n\t\t\t\t\t<\/div>\n\t\t<\/div>\n\t\t\t\t\t<\/div>\n\t\t<\/section>\n\t\t\t\t<\/div>\n\t\t","protected":false},"excerpt":{"rendered":"<p>CONTINGENTE AL CONGRESO MUNDIAL DE ALFALFA TodoAlfalfa.com.ar (partner oficial del evento) y ExpoAlfa\u00a0convocar\u00e1n y organizar\u00e1n un contingente\u00a0para participar del Cuarto Congreso Mundial de Alfalfa. Adem\u00e1s, se realizar\u00e1 la cobertura period\u00edstica e informes especiales con anunciantes. Partner oficial del Congreso Mundial de Alfalfa \u200bDel 3 al 6 de noviembre de 2025, se celebrar\u00e1 el cuarto Congreso [&hellip;]<\/p>\n","protected":false},"author":2,"featured_media":0,"parent":5632,"menu_order":0,"comment_status":"closed","ping_status":"closed","template":"","meta":{"footnotes":""},"class_list":["post-6010","page","type-page","status-publish","hentry"],"yoast_head":"<!-- This site is optimized with the Yoast SEO plugin v25.1 - https:\/\/yoast.com\/wordpress\/plugins\/seo\/ -->\n<title>Congreso Mundial de Alfalfa - ExpoAlfa Jornada 2025<\/title>\n<meta name=\"robots\" content=\"index, follow, max-snippet:-1, max-image-preview:large, max-video-preview:-1\" \/>\n<link rel=\"canonical\" href=\"https:\/\/expoalfa.com.ar\/alfalfa\/expoalfa-jornada-2025\/congreso-mundial-de-alfalfa\/\" \/>\n<meta property=\"og:locale\" content=\"es_ES\" \/>\n<meta property=\"og:type\" content=\"article\" \/>\n<meta property=\"og:title\" content=\"Congreso Mundial de Alfalfa - ExpoAlfa Jornada 2025\" \/>\n<meta property=\"og:description\" content=\"CONTINGENTE AL CONGRESO MUNDIAL DE ALFALFA TodoAlfalfa.com.ar (partner oficial del evento) y ExpoAlfa\u00a0convocar\u00e1n y organizar\u00e1n un contingente\u00a0para participar del Cuarto Congreso Mundial de Alfalfa. Adem\u00e1s, se realizar\u00e1 la cobertura period\u00edstica e informes especiales con anunciantes. Partner oficial del Congreso Mundial de Alfalfa \u200bDel 3 al 6 de noviembre de 2025, se celebrar\u00e1 el cuarto Congreso [&hellip;]\" \/>\n<meta property=\"og:url\" content=\"https:\/\/expoalfa.com.ar\/alfalfa\/expoalfa-jornada-2025\/congreso-mundial-de-alfalfa\/\" \/>\n<meta property=\"og:site_name\" content=\"ExpoAlfa Jornada 2025\" \/>\n<meta property=\"article:publisher\" content=\"https:\/\/www.facebook.com\/expoalfa\/\" \/>\n<meta property=\"article:modified_time\" content=\"2025-10-24T13:05:26+00:00\" \/>\n<meta property=\"og:image\" content=\"https:\/\/expoalfa.com.ar\/alfalfa\/wp-content\/uploads\/2025\/05\/a.png\" \/>\n\t<meta property=\"og:image:width\" content=\"400\" \/>\n\t<meta property=\"og:image:height\" content=\"66\" \/>\n\t<meta property=\"og:image:type\" content=\"image\/png\" \/>\n<meta name=\"twitter:card\" content=\"summary_large_image\" \/>\n<meta name=\"twitter:label1\" content=\"Tiempo de lectura\" \/>\n\t<meta name=\"twitter:data1\" content=\"7 minutos\" \/>\n<script type=\"application\/ld+json\" class=\"yoast-schema-graph\">{\"@context\":\"https:\/\/schema.org\",\"@graph\":[{\"@type\":\"WebPage\",\"@id\":\"https:\/\/expoalfa.com.ar\/alfalfa\/expoalfa-jornada-2025\/congreso-mundial-de-alfalfa\/\",\"url\":\"https:\/\/expoalfa.com.ar\/alfalfa\/expoalfa-jornada-2025\/congreso-mundial-de-alfalfa\/\",\"name\":\"Congreso Mundial de Alfalfa - ExpoAlfa Jornada 2025\",\"isPartOf\":{\"@id\":\"https:\/\/expoalfa.com.ar\/alfalfa\/#website\"},\"primaryImageOfPage\":{\"@id\":\"https:\/\/expoalfa.com.ar\/alfalfa\/expoalfa-jornada-2025\/congreso-mundial-de-alfalfa\/#primaryimage\"},\"image\":{\"@id\":\"https:\/\/expoalfa.com.ar\/alfalfa\/expoalfa-jornada-2025\/congreso-mundial-de-alfalfa\/#primaryimage\"},\"thumbnailUrl\":\"https:\/\/expoalfa.com.ar\/alfalfa\/wp-content\/uploads\/2025\/05\/a.png\",\"datePublished\":\"2025-04-30T14:54:18+00:00\",\"dateModified\":\"2025-10-24T13:05:26+00:00\",\"breadcrumb\":{\"@id\":\"https:\/\/expoalfa.com.ar\/alfalfa\/expoalfa-jornada-2025\/congreso-mundial-de-alfalfa\/#breadcrumb\"},\"inLanguage\":\"es\",\"potentialAction\":[{\"@type\":\"ReadAction\",\"target\":[\"https:\/\/expoalfa.com.ar\/alfalfa\/expoalfa-jornada-2025\/congreso-mundial-de-alfalfa\/\"]}]},{\"@type\":\"ImageObject\",\"inLanguage\":\"es\",\"@id\":\"https:\/\/expoalfa.com.ar\/alfalfa\/expoalfa-jornada-2025\/congreso-mundial-de-alfalfa\/#primaryimage\",\"url\":\"https:\/\/expoalfa.com.ar\/alfalfa\/wp-content\/uploads\/2025\/05\/a.png\",\"contentUrl\":\"https:\/\/expoalfa.com.ar\/alfalfa\/wp-content\/uploads\/2025\/05\/a.png\",\"width\":400,\"height\":66},{\"@type\":\"BreadcrumbList\",\"@id\":\"https:\/\/expoalfa.com.ar\/alfalfa\/expoalfa-jornada-2025\/congreso-mundial-de-alfalfa\/#breadcrumb\",\"itemListElement\":[{\"@type\":\"ListItem\",\"position\":1,\"name\":\"Portada\",\"item\":\"https:\/\/expoalfa.com.ar\/alfalfa\/\"},{\"@type\":\"ListItem\",\"position\":2,\"name\":\"ExpoAlfa Jornada 2025\",\"item\":\"https:\/\/expoalfa.com.ar\/alfalfa\/expoalfa-jornada-2025\/\"},{\"@type\":\"ListItem\",\"position\":3,\"name\":\"Congreso Mundial de Alfalfa\"}]},{\"@type\":\"WebSite\",\"@id\":\"https:\/\/expoalfa.com.ar\/alfalfa\/#website\",\"url\":\"https:\/\/expoalfa.com.ar\/alfalfa\/\",\"name\":\"ExpoAlfa 2024\",\"description\":\"\",\"publisher\":{\"@id\":\"https:\/\/expoalfa.com.ar\/alfalfa\/#organization\"},\"potentialAction\":[{\"@type\":\"SearchAction\",\"target\":{\"@type\":\"EntryPoint\",\"urlTemplate\":\"https:\/\/expoalfa.com.ar\/alfalfa\/?s={search_term_string}\"},\"query-input\":{\"@type\":\"PropertyValueSpecification\",\"valueRequired\":true,\"valueName\":\"search_term_string\"}}],\"inLanguage\":\"es\"},{\"@type\":\"Organization\",\"@id\":\"https:\/\/expoalfa.com.ar\/alfalfa\/#organization\",\"name\":\"ExpoAlfa 2024\",\"url\":\"https:\/\/expoalfa.com.ar\/alfalfa\/\",\"logo\":{\"@type\":\"ImageObject\",\"inLanguage\":\"es\",\"@id\":\"https:\/\/expoalfa.com.ar\/alfalfa\/#\/schema\/logo\/image\/\",\"url\":\"https:\/\/expoalfa.com.ar\/alfalfa\/wp-content\/uploads\/2024\/05\/cropped-Mesa-de-trabajo-32-e1716558195280.png\",\"contentUrl\":\"https:\/\/expoalfa.com.ar\/alfalfa\/wp-content\/uploads\/2024\/05\/cropped-Mesa-de-trabajo-32-e1716558195280.png\",\"width\":512,\"height\":512,\"caption\":\"ExpoAlfa 2024\"},\"image\":{\"@id\":\"https:\/\/expoalfa.com.ar\/alfalfa\/#\/schema\/logo\/image\/\"},\"sameAs\":[\"https:\/\/www.facebook.com\/expoalfa\/\",\"https:\/\/www.instagram.com\/expoalfa\",\"https:\/\/www.youtube.com\/@TodoAlfalfa\"]}]}<\/script>\n<!-- \/ Yoast SEO plugin. -->","yoast_head_json":{"title":"Congreso Mundial de Alfalfa - ExpoAlfa Jornada 2025","robots":{"index":"index","follow":"follow","max-snippet":"max-snippet:-1","max-image-preview":"max-image-preview:large","max-video-preview":"max-video-preview:-1"},"canonical":"https:\/\/expoalfa.com.ar\/alfalfa\/expoalfa-jornada-2025\/congreso-mundial-de-alfalfa\/","og_locale":"es_ES","og_type":"article","og_title":"Congreso Mundial de Alfalfa - ExpoAlfa Jornada 2025","og_description":"CONTINGENTE AL CONGRESO MUNDIAL DE ALFALFA TodoAlfalfa.com.ar (partner oficial del evento) y ExpoAlfa\u00a0convocar\u00e1n y organizar\u00e1n un contingente\u00a0para participar del Cuarto Congreso Mundial de Alfalfa. Adem\u00e1s, se realizar\u00e1 la cobertura period\u00edstica e informes especiales con anunciantes. Partner oficial del Congreso Mundial de Alfalfa \u200bDel 3 al 6 de noviembre de 2025, se celebrar\u00e1 el cuarto Congreso [&hellip;]","og_url":"https:\/\/expoalfa.com.ar\/alfalfa\/expoalfa-jornada-2025\/congreso-mundial-de-alfalfa\/","og_site_name":"ExpoAlfa Jornada 2025","article_publisher":"https:\/\/www.facebook.com\/expoalfa\/","article_modified_time":"2025-10-24T13:05:26+00:00","og_image":[{"width":400,"height":66,"url":"https:\/\/expoalfa.com.ar\/alfalfa\/wp-content\/uploads\/2025\/05\/a.png","type":"image\/png"}],"twitter_card":"summary_large_image","twitter_misc":{"Tiempo de lectura":"7 minutos"},"schema":{"@context":"https:\/\/schema.org","@graph":[{"@type":"WebPage","@id":"https:\/\/expoalfa.com.ar\/alfalfa\/expoalfa-jornada-2025\/congreso-mundial-de-alfalfa\/","url":"https:\/\/expoalfa.com.ar\/alfalfa\/expoalfa-jornada-2025\/congreso-mundial-de-alfalfa\/","name":"Congreso Mundial de Alfalfa - ExpoAlfa Jornada 2025","isPartOf":{"@id":"https:\/\/expoalfa.com.ar\/alfalfa\/#website"},"primaryImageOfPage":{"@id":"https:\/\/expoalfa.com.ar\/alfalfa\/expoalfa-jornada-2025\/congreso-mundial-de-alfalfa\/#primaryimage"},"image":{"@id":"https:\/\/expoalfa.com.ar\/alfalfa\/expoalfa-jornada-2025\/congreso-mundial-de-alfalfa\/#primaryimage"},"thumbnailUrl":"https:\/\/expoalfa.com.ar\/alfalfa\/wp-content\/uploads\/2025\/05\/a.png","datePublished":"2025-04-30T14:54:18+00:00","dateModified":"2025-10-24T13:05:26+00:00","breadcrumb":{"@id":"https:\/\/expoalfa.com.ar\/alfalfa\/expoalfa-jornada-2025\/congreso-mundial-de-alfalfa\/#breadcrumb"},"inLanguage":"es","potentialAction":[{"@type":"ReadAction","target":["https:\/\/expoalfa.com.ar\/alfalfa\/expoalfa-jornada-2025\/congreso-mundial-de-alfalfa\/"]}]},{"@type":"ImageObject","inLanguage":"es","@id":"https:\/\/expoalfa.com.ar\/alfalfa\/expoalfa-jornada-2025\/congreso-mundial-de-alfalfa\/#primaryimage","url":"https:\/\/expoalfa.com.ar\/alfalfa\/wp-content\/uploads\/2025\/05\/a.png","contentUrl":"https:\/\/expoalfa.com.ar\/alfalfa\/wp-content\/uploads\/2025\/05\/a.png","width":400,"height":66},{"@type":"BreadcrumbList","@id":"https:\/\/expoalfa.com.ar\/alfalfa\/expoalfa-jornada-2025\/congreso-mundial-de-alfalfa\/#breadcrumb","itemListElement":[{"@type":"ListItem","position":1,"name":"Portada","item":"https:\/\/expoalfa.com.ar\/alfalfa\/"},{"@type":"ListItem","position":2,"name":"ExpoAlfa Jornada 2025","item":"https:\/\/expoalfa.com.ar\/alfalfa\/expoalfa-jornada-2025\/"},{"@type":"ListItem","position":3,"name":"Congreso Mundial de Alfalfa"}]},{"@type":"WebSite","@id":"https:\/\/expoalfa.com.ar\/alfalfa\/#website","url":"https:\/\/expoalfa.com.ar\/alfalfa\/","name":"ExpoAlfa 2024","description":"","publisher":{"@id":"https:\/\/expoalfa.com.ar\/alfalfa\/#organization"},"potentialAction":[{"@type":"SearchAction","target":{"@type":"EntryPoint","urlTemplate":"https:\/\/expoalfa.com.ar\/alfalfa\/?s={search_term_string}"},"query-input":{"@type":"PropertyValueSpecification","valueRequired":true,"valueName":"search_term_string"}}],"inLanguage":"es"},{"@type":"Organization","@id":"https:\/\/expoalfa.com.ar\/alfalfa\/#organization","name":"ExpoAlfa 2024","url":"https:\/\/expoalfa.com.ar\/alfalfa\/","logo":{"@type":"ImageObject","inLanguage":"es","@id":"https:\/\/expoalfa.com.ar\/alfalfa\/#\/schema\/logo\/image\/","url":"https:\/\/expoalfa.com.ar\/alfalfa\/wp-content\/uploads\/2024\/05\/cropped-Mesa-de-trabajo-32-e1716558195280.png","contentUrl":"https:\/\/expoalfa.com.ar\/alfalfa\/wp-content\/uploads\/2024\/05\/cropped-Mesa-de-trabajo-32-e1716558195280.png","width":512,"height":512,"caption":"ExpoAlfa 2024"},"image":{"@id":"https:\/\/expoalfa.com.ar\/alfalfa\/#\/schema\/logo\/image\/"},"sameAs":["https:\/\/www.facebook.com\/expoalfa\/","https:\/\/www.instagram.com\/expoalfa","https:\/\/www.youtube.com\/@TodoAlfalfa"]}]}},"_links":{"self":[{"href":"https:\/\/expoalfa.com.ar\/alfalfa\/wp-json\/wp\/v2\/pages\/6010","targetHints":{"allow":["GET"]}}],"collection":[{"href":"https:\/\/expoalfa.com.ar\/alfalfa\/wp-json\/wp\/v2\/pages"}],"about":[{"href":"https:\/\/expoalfa.com.ar\/alfalfa\/wp-json\/wp\/v2\/types\/page"}],"author":[{"embeddable":true,"href":"https:\/\/expoalfa.com.ar\/alfalfa\/wp-json\/wp\/v2\/users\/2"}],"replies":[{"embeddable":true,"href":"https:\/\/expoalfa.com.ar\/alfalfa\/wp-json\/wp\/v2\/comments?post=6010"}],"version-history":[{"count":181,"href":"https:\/\/expoalfa.com.ar\/alfalfa\/wp-json\/wp\/v2\/pages\/6010\/revisions"}],"predecessor-version":[{"id":8968,"href":"https:\/\/expoalfa.com.ar\/alfalfa\/wp-json\/wp\/v2\/pages\/6010\/revisions\/8968"}],"up":[{"embeddable":true,"href":"https:\/\/expoalfa.com.ar\/alfalfa\/wp-json\/wp\/v2\/pages\/5632"}],"wp:attachment":[{"href":"https:\/\/expoalfa.com.ar\/alfalfa\/wp-json\/wp\/v2\/media?parent=6010"}],"curies":[{"name":"wp","href":"https:\/\/api.w.org\/{rel}","templated":true}]}}