{"id":6730,"date":"2025-05-19T14:42:56","date_gmt":"2025-05-19T14:42:56","guid":{"rendered":"https:\/\/expoalfa.com.ar\/alfalfa\/?page_id=6730"},"modified":"2025-05-27T12:17:51","modified_gmt":"2025-05-27T12:17:51","slug":"jornadas-de-alfalfa","status":"publish","type":"page","link":"https:\/\/expoalfa.com.ar\/alfalfa\/expoalfa-jornada-2025\/patagonia-norte\/jornadas-de-alfalfa\/","title":{"rendered":"Jornadas de Alfalfa"},"content":{"rendered":"\t\t<div data-elementor-type=\"wp-page\" data-elementor-id=\"6730\" class=\"elementor elementor-6730\" data-elementor-post-type=\"page\">\n\t\t\t\t\t\t<section class=\"elementor-section elementor-top-section elementor-element elementor-element-10aa276 elementor-section-height-min-height elementor-section-content-middle elementor-section-boxed elementor-section-height-default elementor-section-items-middle\" data-id=\"10aa276\" data-element_type=\"section\" data-e-type=\"section\" data-settings=\"{&quot;background_background&quot;:&quot;classic&quot;}\">\n\t\t\t\t\t\t\t<div class=\"elementor-background-overlay\"><\/div>\n\t\t\t\t\t\t\t<div class=\"elementor-container elementor-column-gap-default\">\n\t\t\t\t\t<div class=\"elementor-column elementor-col-100 elementor-top-column elementor-element elementor-element-d33bca0\" data-id=\"d33bca0\" data-element_type=\"column\" data-e-type=\"column\">\n\t\t\t<div class=\"elementor-widget-wrap elementor-element-populated\">\n\t\t\t\t\t\t<div class=\"elementor-element elementor-element-f5abea6 elementor-widget elementor-widget-heading\" data-id=\"f5abea6\" data-element_type=\"widget\" data-e-type=\"widget\" data-widget_type=\"heading.default\">\n\t\t\t\t<div class=\"elementor-widget-container\">\n\t\t\t\t\t<h2 class=\"elementor-heading-title elementor-size-default\">JORNADAS DE ALFALFA<\/h2>\t\t\t\t<\/div>\n\t\t\t\t<\/div>\n\t\t\t\t<div class=\"elementor-element elementor-element-64503e4 elementor-widget elementor-widget-heading\" data-id=\"64503e4\" data-element_type=\"widget\" data-e-type=\"widget\" data-widget_type=\"heading.default\">\n\t\t\t\t<div class=\"elementor-widget-container\">\n\t\t\t\t\t<h2 class=\"elementor-heading-title elementor-size-default\">Destacados\u00a0especialistas del pa\u00eds disertar\u00e1n cubriendo todos los aspectos del cultivo,\u00a0mostrar\u00e1n los avances tecnol\u00f3gicos y marcar\u00e1n el camino para una mejora\u00a0continua.<\/h2>\t\t\t\t<\/div>\n\t\t\t\t<\/div>\n\t\t\t\t\t<\/div>\n\t\t<\/div>\n\t\t\t\t\t<\/div>\n\t\t<\/section>\n\t\t\t\t<section class=\"elementor-section elementor-top-section elementor-element elementor-element-209fa01 elementor-section-boxed elementor-section-height-default elementor-section-height-default\" data-id=\"209fa01\" data-element_type=\"section\" data-e-type=\"section\">\n\t\t\t\t\t\t<div class=\"elementor-container elementor-column-gap-default\">\n\t\t\t\t\t<div class=\"elementor-column elementor-col-100 elementor-top-column elementor-element elementor-element-ba906fa\" data-id=\"ba906fa\" data-element_type=\"column\" data-e-type=\"column\">\n\t\t\t<div class=\"elementor-widget-wrap elementor-element-populated\">\n\t\t\t\t\t\t<div class=\"elementor-element elementor-element-065cc75 elementor-widget elementor-widget-text-editor\" data-id=\"065cc75\" data-element_type=\"widget\" data-e-type=\"widget\" data-widget_type=\"text-editor.default\">\n\t\t\t\t<div class=\"elementor-widget-container\">\n\t\t\t\t\t\t\t\t\t<p>Capacitaci\u00f3n en mejoramiento gen\u00e9tico, manejo, fertilizaci\u00f3n, riego, mecanizaci\u00f3n, nuevas tecnolog\u00edas, transporte y log\u00edstica, mercado mundial y exportaci\u00f3n.<\/p>\t\t\t\t\t\t\t\t<\/div>\n\t\t\t\t<\/div>\n\t\t\t\t<div class=\"elementor-element elementor-element-e2ba4cf elementor-align-center elementor-widget elementor-widget-button\" data-id=\"e2ba4cf\" data-element_type=\"widget\" data-e-type=\"widget\" data-widget_type=\"button.default\">\n\t\t\t\t<div class=\"elementor-widget-container\">\n\t\t\t\t\t\t\t\t\t<div class=\"elementor-button-wrapper\">\n\t\t\t\t\t<a class=\"elementor-button elementor-button-link elementor-size-sm\" href=\"https:\/\/drive.google.com\/file\/d\/1bJCgMzDfakZqPoBggYJL0FHcwlJ4hKZF\/view?usp=drive_link\">\n\t\t\t\t\t\t<span class=\"elementor-button-content-wrapper\">\n\t\t\t\t\t\t<span class=\"elementor-button-icon\">\n\t\t\t\t<i aria-hidden=\"true\" class=\"fas fa-paperclip\"><\/i>\t\t\t<\/span>\n\t\t\t\t\t\t\t\t\t<span class=\"elementor-button-text\">Programa<\/span>\n\t\t\t\t\t<\/span>\n\t\t\t\t\t<\/a>\n\t\t\t\t<\/div>\n\t\t\t\t\t\t\t\t<\/div>\n\t\t\t\t<\/div>\n\t\t\t\t\t<\/div>\n\t\t<\/div>\n\t\t\t\t\t<\/div>\n\t\t<\/section>\n\t\t\t\t<section class=\"elementor-section elementor-top-section elementor-element elementor-element-7214ab6 elementor-section-boxed elementor-section-height-default elementor-section-height-default\" data-id=\"7214ab6\" data-element_type=\"section\" data-e-type=\"section\">\n\t\t\t\t\t\t<div class=\"elementor-container elementor-column-gap-default\">\n\t\t\t\t\t<div class=\"elementor-column elementor-col-50 elementor-top-column elementor-element elementor-element-3ae9f1c\" data-id=\"3ae9f1c\" data-element_type=\"column\" data-e-type=\"column\">\n\t\t\t<div class=\"elementor-widget-wrap elementor-element-populated\">\n\t\t\t\t\t\t<div class=\"elementor-element elementor-element-6d74edf elementor-widget elementor-widget-text-editor\" data-id=\"6d74edf\" data-element_type=\"widget\" data-e-type=\"widget\" data-widget_type=\"text-editor.default\">\n\t\t\t\t<div class=\"elementor-widget-container\">\n\t\t\t\t\t\t\t\t\t<h2 class=\"elementor-heading-title elementor-size-default\">\/ PROGRAMA<\/h2>\t\t\t\t\t\t\t\t<\/div>\n\t\t\t\t<\/div>\n\t\t\t\t<div class=\"elementor-element elementor-element-782ff25 elementor-widget elementor-widget-text-editor\" data-id=\"782ff25\" data-element_type=\"widget\" data-e-type=\"widget\" data-widget_type=\"text-editor.default\">\n\t\t\t\t<div class=\"elementor-widget-container\">\n\t\t\t\t\t\t\t\t\t<p><strong>08.30hs<\/strong><\/p>\t\t\t\t\t\t\t\t<\/div>\n\t\t\t\t<\/div>\n\t\t\t\t<div class=\"elementor-element elementor-element-291fce7 elementor-widget elementor-widget-text-editor\" data-id=\"291fce7\" data-element_type=\"widget\" data-e-type=\"widget\" data-widget_type=\"text-editor.default\">\n\t\t\t\t<div class=\"elementor-widget-container\">\n\t\t\t\t\t\t\t\t\t<p><span class=\"TextRun SCXW70862245 BCX8\" lang=\"ES-AR\" xml:lang=\"ES-AR\" data-contrast=\"auto\"><span class=\"NormalTextRun SCXW70862245 BCX8\">Recepci\u00f3n e inscripciones<\/span><\/span><\/p>\t\t\t\t\t\t\t\t<\/div>\n\t\t\t\t<\/div>\n\t\t\t\t<div class=\"elementor-element elementor-element-30649ec elementor-widget elementor-widget-text-editor\" data-id=\"30649ec\" data-element_type=\"widget\" data-e-type=\"widget\" data-widget_type=\"text-editor.default\">\n\t\t\t\t<div class=\"elementor-widget-container\">\n\t\t\t\t\t\t\t\t\t<p><strong>09.00hs<\/strong><\/p>\t\t\t\t\t\t\t\t<\/div>\n\t\t\t\t<\/div>\n\t\t\t\t<div class=\"elementor-element elementor-element-0be1dc2 elementor-widget elementor-widget-text-editor\" data-id=\"0be1dc2\" data-element_type=\"widget\" data-e-type=\"widget\" data-widget_type=\"text-editor.default\">\n\t\t\t\t<div class=\"elementor-widget-container\">\n\t\t\t\t\t\t\t\t\t<p>Apertura con presencia de autoridades. Organizaci\u00f3n, funcionarios y ministerio de producci\u00f3n de Neuqu\u00e9n, La Pampa, Rio Negro.\u00a0<\/p>\t\t\t\t\t\t\t\t<\/div>\n\t\t\t\t<\/div>\n\t\t\t\t<div class=\"elementor-element elementor-element-bf98e70 elementor-widget elementor-widget-text-editor\" data-id=\"bf98e70\" data-element_type=\"widget\" data-e-type=\"widget\" data-widget_type=\"text-editor.default\">\n\t\t\t\t<div class=\"elementor-widget-container\">\n\t\t\t\t\t\t\t\t\t<p><strong>09.30hs \/ 09.50hs<\/strong><\/p>\t\t\t\t\t\t\t\t<\/div>\n\t\t\t\t<\/div>\n\t\t\t\t<div class=\"elementor-element elementor-element-90654a4 elementor-widget elementor-widget-text-editor\" data-id=\"90654a4\" data-element_type=\"widget\" data-e-type=\"widget\" data-widget_type=\"text-editor.default\">\n\t\t\t\t<div class=\"elementor-widget-container\">\n\t\t\t\t\t\t\t\t\t<p>Situaci\u00f3n actual y perspectivas potenciales de la regi\u00f3n. Ing. Pablo Kiwitt (director de Agricultura Rio Negro)<\/p>\t\t\t\t\t\t\t\t<\/div>\n\t\t\t\t<\/div>\n\t\t\t\t<div class=\"elementor-element elementor-element-3232a63 elementor-widget elementor-widget-text-editor\" data-id=\"3232a63\" data-element_type=\"widget\" data-e-type=\"widget\" data-widget_type=\"text-editor.default\">\n\t\t\t\t<div class=\"elementor-widget-container\">\n\t\t\t\t\t\t\t\t\t<p><strong>09.55 \/ 10.15<\/strong><\/p>\t\t\t\t\t\t\t\t<\/div>\n\t\t\t\t<\/div>\n\t\t\t\t<div class=\"elementor-element elementor-element-1e850b7 elementor-widget elementor-widget-text-editor\" data-id=\"1e850b7\" data-element_type=\"widget\" data-e-type=\"widget\" data-widget_type=\"text-editor.default\">\n\t\t\t\t<div class=\"elementor-widget-container\">\n\t\t\t\t\t\t\t\t\t<p>Caracterizaci\u00f3n regional. Siembra, Clima y Riego. Ing. Agr. Dardo Roy Fontanella (INTA 25 Mayo &#8211; La Pampa)\u00a0<\/p>\t\t\t\t\t\t\t\t<\/div>\n\t\t\t\t<\/div>\n\t\t\t\t<div class=\"elementor-element elementor-element-9af9376 elementor-widget elementor-widget-text-editor\" data-id=\"9af9376\" data-element_type=\"widget\" data-e-type=\"widget\" data-widget_type=\"text-editor.default\">\n\t\t\t\t<div class=\"elementor-widget-container\">\n\t\t\t\t\t\t\t\t\t<p><strong>10.20hs \/ 11.00hs<\/strong><\/p>\t\t\t\t\t\t\t\t<\/div>\n\t\t\t\t<\/div>\n\t\t\t\t<div class=\"elementor-element elementor-element-6c8b21d elementor-widget elementor-widget-text-editor\" data-id=\"6c8b21d\" data-element_type=\"widget\" data-e-type=\"widget\" data-widget_type=\"text-editor.default\">\n\t\t\t\t<div class=\"elementor-widget-container\">\n\t\t\t\t\t\t\t\t\t<p>Mejoramiento gen\u00e9tico. Panorama varietal. Siembra, elecci\u00f3n de variedades. Valeria Arolfo (Bi\u00f3loga, mejoradora de alfalfa y coordinadora de la red nacional de evaluaci\u00f3n de alfalfa INTA).\u00a0<\/p><p>Panel de semilleros &#8211; Gabriel Kieffer (WL Agvance), Andr\u00e9s D\u00edaz (Palo Verde), Bautista Zingoni (Zinma), Ing. Agr. Nahuel Farengo (PGG Wrightson Seeds).<\/p>\t\t\t\t\t\t\t\t<\/div>\n\t\t\t\t<\/div>\n\t\t\t\t<div class=\"elementor-element elementor-element-1f6dfdd elementor-widget elementor-widget-text-editor\" data-id=\"1f6dfdd\" data-element_type=\"widget\" data-e-type=\"widget\" data-widget_type=\"text-editor.default\">\n\t\t\t\t<div class=\"elementor-widget-container\">\n\t\t\t\t\t\t\t\t\t<p><strong>11.00hs \/ 11.40hs<\/strong><\/p>\t\t\t\t\t\t\t\t<\/div>\n\t\t\t\t<\/div>\n\t\t\t\t<div class=\"elementor-element elementor-element-72fde80 elementor-widget elementor-widget-text-editor\" data-id=\"72fde80\" data-element_type=\"widget\" data-e-type=\"widget\" data-widget_type=\"text-editor.default\">\n\t\t\t\t<div class=\"elementor-widget-container\">\n\t\t\t\t\t\t\t\t\t<p>Coffee break<\/p>\t\t\t\t\t\t\t\t<\/div>\n\t\t\t\t<\/div>\n\t\t\t\t<div class=\"elementor-element elementor-element-2713829 elementor-widget elementor-widget-text-editor\" data-id=\"2713829\" data-element_type=\"widget\" data-e-type=\"widget\" data-widget_type=\"text-editor.default\">\n\t\t\t\t<div class=\"elementor-widget-container\">\n\t\t\t\t\t\t\t\t\t<p><strong>11.40hs \/ 12.00hs<\/strong><\/p>\t\t\t\t\t\t\t\t<\/div>\n\t\t\t\t<\/div>\n\t\t\t\t<div class=\"elementor-element elementor-element-4092062 elementor-widget elementor-widget-text-editor\" data-id=\"4092062\" data-element_type=\"widget\" data-e-type=\"widget\" data-widget_type=\"text-editor.default\">\n\t\t\t\t<div class=\"elementor-widget-container\">\n\t\t\t\t\t\t\t\t\t<p>Manejo de la fertilizaci\u00f3n de alfalfa en los ambientes irrigadores de la Norpatagonia \u2013 Lic. (Mg.) Juan Jos\u00e9 Gallego (INTA Valle Inferior &#8211; Viedma)<\/p>\t\t\t\t\t\t\t\t<\/div>\n\t\t\t\t<\/div>\n\t\t\t\t\t<\/div>\n\t\t<\/div>\n\t\t\t\t<div class=\"elementor-column elementor-col-50 elementor-top-column elementor-element elementor-element-733aa00\" data-id=\"733aa00\" data-element_type=\"column\" data-e-type=\"column\">\n\t\t\t<div class=\"elementor-widget-wrap elementor-element-populated\">\n\t\t\t\t\t\t<div class=\"elementor-element elementor-element-bc82be0 elementor-widget elementor-widget-text-editor\" data-id=\"bc82be0\" data-element_type=\"widget\" data-e-type=\"widget\" data-widget_type=\"text-editor.default\">\n\t\t\t\t<div class=\"elementor-widget-container\">\n\t\t\t\t\t\t\t\t\t<p><strong>12.05hs \/ 12.30hs<\/strong><\/p>\t\t\t\t\t\t\t\t<\/div>\n\t\t\t\t<\/div>\n\t\t\t\t<div class=\"elementor-element elementor-element-9731c0b elementor-widget elementor-widget-text-editor\" data-id=\"9731c0b\" data-element_type=\"widget\" data-e-type=\"widget\" data-widget_type=\"text-editor.default\">\n\t\t\t\t<div class=\"elementor-widget-container\">\n\t\t\t\t\t\t\t\t\t<p>Mecanizaci\u00f3n e incorporaci\u00f3n de tecnolog\u00eda &#8211; Ing. Miguel Forni (mecanizaci\u00f3n UNL) y\u00a0Julio I\u00f1on D\u00edaz (<span style=\"font-size: 1rem;\">Consultor Privado).<\/span><\/p>\t\t\t\t\t\t\t\t<\/div>\n\t\t\t\t<\/div>\n\t\t\t\t<div class=\"elementor-element elementor-element-9051417 elementor-widget elementor-widget-text-editor\" data-id=\"9051417\" data-element_type=\"widget\" data-e-type=\"widget\" data-widget_type=\"text-editor.default\">\n\t\t\t\t<div class=\"elementor-widget-container\">\n\t\t\t\t\t\t\t\t\t<p><strong>12.35hs \/ 13.10hs<\/strong><\/p>\t\t\t\t\t\t\t\t<\/div>\n\t\t\t\t<\/div>\n\t\t\t\t<div class=\"elementor-element elementor-element-d22aada elementor-widget elementor-widget-text-editor\" data-id=\"d22aada\" data-element_type=\"widget\" data-e-type=\"widget\" data-widget_type=\"text-editor.default\">\n\t\t\t\t<div class=\"elementor-widget-container\">\n\t\t\t\t\t\t\t\t\t<p>Recorrido avenida de la innovaci\u00f3n tecnol\u00f3gica. Descripci\u00f3n de las maquinarias. Ing. Miguel Forni (mecanizaci\u00f3n UNL) y Julio I\u00f1on D\u00edaz (Consultor Privado)<\/p>\t\t\t\t\t\t\t\t<\/div>\n\t\t\t\t<\/div>\n\t\t\t\t<div class=\"elementor-element elementor-element-1400a8a elementor-widget elementor-widget-text-editor\" data-id=\"1400a8a\" data-element_type=\"widget\" data-e-type=\"widget\" data-widget_type=\"text-editor.default\">\n\t\t\t\t<div class=\"elementor-widget-container\">\n\t\t\t\t\t\t\t\t\t<p><strong>13.10hs \/ 14.00hs<\/strong><\/p>\t\t\t\t\t\t\t\t<\/div>\n\t\t\t\t<\/div>\n\t\t\t\t<div class=\"elementor-element elementor-element-cd953c1 elementor-widget elementor-widget-text-editor\" data-id=\"cd953c1\" data-element_type=\"widget\" data-e-type=\"widget\" data-widget_type=\"text-editor.default\">\n\t\t\t\t<div class=\"elementor-widget-container\">\n\t\t\t\t\t\t\t\t\t<p>Lunch<\/p>\t\t\t\t\t\t\t\t<\/div>\n\t\t\t\t<\/div>\n\t\t\t\t<div class=\"elementor-element elementor-element-c73a703 elementor-widget elementor-widget-text-editor\" data-id=\"c73a703\" data-element_type=\"widget\" data-e-type=\"widget\" data-widget_type=\"text-editor.default\">\n\t\t\t\t<div class=\"elementor-widget-container\">\n\t\t\t\t\t\t\t\t\t<p><strong>14.05hs \/ 14.30hs<\/strong><\/p>\t\t\t\t\t\t\t\t<\/div>\n\t\t\t\t<\/div>\n\t\t\t\t<div class=\"elementor-element elementor-element-191c062 elementor-widget elementor-widget-text-editor\" data-id=\"191c062\" data-element_type=\"widget\" data-e-type=\"widget\" data-widget_type=\"text-editor.default\">\n\t\t\t\t<div class=\"elementor-widget-container\">\n\t\t\t\t\t\t\t\t\t<p><span style=\"font-weight: 400;\">Mesa experiencia de \u00e9xito local &#8211; Juan Pablo D\u2019urso (Zille Agro)\u00a0 Guillermo Borrajo y Nicol\u00e1s Maico (Alfalfa y Forraje de la Patagonia).<\/span><\/p>\t\t\t\t\t\t\t\t<\/div>\n\t\t\t\t<\/div>\n\t\t\t\t<div class=\"elementor-element elementor-element-5f99dd0 elementor-widget elementor-widget-text-editor\" data-id=\"5f99dd0\" data-element_type=\"widget\" data-e-type=\"widget\" data-widget_type=\"text-editor.default\">\n\t\t\t\t<div class=\"elementor-widget-container\">\n\t\t\t\t\t\t\t\t\t<p><strong>14.35hs \/ 15.05hs<\/strong><\/p>\t\t\t\t\t\t\t\t<\/div>\n\t\t\t\t<\/div>\n\t\t\t\t<div class=\"elementor-element elementor-element-3dc8d4f elementor-widget elementor-widget-text-editor\" data-id=\"3dc8d4f\" data-element_type=\"widget\" data-e-type=\"widget\" data-widget_type=\"text-editor.default\">\n\t\t\t\t<div class=\"elementor-widget-container\">\n\t\t\t\t\t\t\t\t\t<p><span style=\"font-weight: 400;\">Proyectos alfalferos y Financiamiento. Mesa de Propuestas: bancos, gobiernos, universidades, C\u00e1mara Argentina de Alfalfa, INTA y proveedores.<\/span><\/p>\t\t\t\t\t\t\t\t<\/div>\n\t\t\t\t<\/div>\n\t\t\t\t<div class=\"elementor-element elementor-element-4086be4 elementor-widget elementor-widget-text-editor\" data-id=\"4086be4\" data-element_type=\"widget\" data-e-type=\"widget\" data-widget_type=\"text-editor.default\">\n\t\t\t\t<div class=\"elementor-widget-container\">\n\t\t\t\t\t\t\t\t\t<p><strong>15.10hs \/ 15.50hs<\/strong><\/p>\t\t\t\t\t\t\t\t<\/div>\n\t\t\t\t<\/div>\n\t\t\t\t<div class=\"elementor-element elementor-element-14ca28d elementor-widget elementor-widget-text-editor\" data-id=\"14ca28d\" data-element_type=\"widget\" data-e-type=\"widget\" data-widget_type=\"text-editor.default\">\n\t\t\t\t<div class=\"elementor-widget-container\">\n\t\t\t\t\t\t\t\t\t<p><span style=\"font-weight: 400;\">Exportaci\u00f3n: Demanda mundial. Calidades demandadas. Log\u00edstica en Puertos, log\u00edstica en trenes, plantas para procesar, despachantes de aduanas, log\u00edstica mar\u00edtimas. Rentabilidad. Jos\u00e9 Brigante (Pte. C\u00e1mara Argentina de Alfalfa) &#8211; Tom\u00e1s Mastrangelo (ExpoConsult).<\/span><\/p>\t\t\t\t\t\t\t\t<\/div>\n\t\t\t\t<\/div>\n\t\t\t\t<div class=\"elementor-element elementor-element-1ab46e9 elementor-widget elementor-widget-text-editor\" data-id=\"1ab46e9\" data-element_type=\"widget\" data-e-type=\"widget\" data-widget_type=\"text-editor.default\">\n\t\t\t\t<div class=\"elementor-widget-container\">\n\t\t\t\t\t\t\t\t\t<p><strong>15.55hs \/ 17.00hs<\/strong><\/p>\t\t\t\t\t\t\t\t<\/div>\n\t\t\t\t<\/div>\n\t\t\t\t<div class=\"elementor-element elementor-element-cd02ff8 elementor-widget elementor-widget-text-editor\" data-id=\"cd02ff8\" data-element_type=\"widget\" data-e-type=\"widget\" data-widget_type=\"text-editor.default\">\n\t\t\t\t<div class=\"elementor-widget-container\">\n\t\t\t\t\t\t\t\t\t<p><span data-contrast=\"auto\">Ronda de Oportunidades, Vinculaciones y Negocios con Heno.<\/span><span data-ccp-props=\"{&quot;201341983&quot;:0,&quot;335559739&quot;:0,&quot;335559740&quot;:240}\">\u00a0<\/span><\/p><p><span data-contrast=\"auto\">A cargo de C\u00e1mara Argentina de Alfalfa<\/span><\/p>\t\t\t\t\t\t\t\t<\/div>\n\t\t\t\t<\/div>\n\t\t\t\t\t<\/div>\n\t\t<\/div>\n\t\t\t\t\t<\/div>\n\t\t<\/section>\n\t\t\t\t<\/div>\n\t\t","protected":false},"excerpt":{"rendered":"<p>JORNADAS DE ALFALFA Destacados\u00a0especialistas del pa\u00eds disertar\u00e1n cubriendo todos los aspectos del cultivo,\u00a0mostrar\u00e1n los avances tecnol\u00f3gicos y marcar\u00e1n el camino para una mejora\u00a0continua. Capacitaci\u00f3n en mejoramiento gen\u00e9tico, manejo, fertilizaci\u00f3n, riego, mecanizaci\u00f3n, nuevas tecnolog\u00edas, transporte y log\u00edstica, mercado mundial y exportaci\u00f3n. Programa \/ PROGRAMA 08.30hs Recepci\u00f3n e inscripciones 09.00hs Apertura con presencia de autoridades. Organizaci\u00f3n, funcionarios [&hellip;]<\/p>\n","protected":false},"author":2,"featured_media":0,"parent":5906,"menu_order":0,"comment_status":"closed","ping_status":"closed","template":"","meta":{"footnotes":""},"class_list":["post-6730","page","type-page","status-publish","hentry"],"yoast_head":"<!-- This site is optimized with the Yoast SEO plugin v25.1 - https:\/\/yoast.com\/wordpress\/plugins\/seo\/ -->\n<title>Jornadas de Alfalfa - ExpoAlfa Jornada 2025<\/title>\n<meta name=\"robots\" content=\"index, follow, max-snippet:-1, max-image-preview:large, max-video-preview:-1\" \/>\n<link rel=\"canonical\" href=\"https:\/\/expoalfa.com.ar\/alfalfa\/expoalfa-jornada-2025\/patagonia-norte\/jornadas-de-alfalfa\/\" \/>\n<meta property=\"og:locale\" content=\"es_ES\" \/>\n<meta property=\"og:type\" content=\"article\" \/>\n<meta property=\"og:title\" content=\"Jornadas de Alfalfa - ExpoAlfa Jornada 2025\" \/>\n<meta property=\"og:description\" content=\"JORNADAS DE ALFALFA Destacados\u00a0especialistas del pa\u00eds disertar\u00e1n cubriendo todos los aspectos del cultivo,\u00a0mostrar\u00e1n los avances tecnol\u00f3gicos y marcar\u00e1n el camino para una mejora\u00a0continua. Capacitaci\u00f3n en mejoramiento gen\u00e9tico, manejo, fertilizaci\u00f3n, riego, mecanizaci\u00f3n, nuevas tecnolog\u00edas, transporte y log\u00edstica, mercado mundial y exportaci\u00f3n. Programa \/ PROGRAMA 08.30hs Recepci\u00f3n e inscripciones 09.00hs Apertura con presencia de autoridades. Organizaci\u00f3n, funcionarios [&hellip;]\" \/>\n<meta property=\"og:url\" content=\"https:\/\/expoalfa.com.ar\/alfalfa\/expoalfa-jornada-2025\/patagonia-norte\/jornadas-de-alfalfa\/\" \/>\n<meta property=\"og:site_name\" content=\"ExpoAlfa Jornada 2025\" \/>\n<meta property=\"article:publisher\" content=\"https:\/\/www.facebook.com\/expoalfa\/\" \/>\n<meta property=\"article:modified_time\" content=\"2025-05-27T12:17:51+00:00\" \/>\n<meta property=\"og:image\" content=\"https:\/\/expoalfa.com.ar\/alfalfa\/wp-content\/uploads\/2024\/05\/Mesa-de-trabajo-32.png\" \/>\n\t<meta property=\"og:image:width\" content=\"1246\" \/>\n\t<meta property=\"og:image:height\" content=\"452\" \/>\n\t<meta property=\"og:image:type\" content=\"image\/png\" \/>\n<meta name=\"twitter:card\" content=\"summary_large_image\" \/>\n<meta name=\"twitter:label1\" content=\"Tiempo de lectura\" \/>\n\t<meta name=\"twitter:data1\" content=\"2 minutos\" \/>\n<script type=\"application\/ld+json\" class=\"yoast-schema-graph\">{\"@context\":\"https:\/\/schema.org\",\"@graph\":[{\"@type\":\"WebPage\",\"@id\":\"https:\/\/expoalfa.com.ar\/alfalfa\/expoalfa-jornada-2025\/patagonia-norte\/jornadas-de-alfalfa\/\",\"url\":\"https:\/\/expoalfa.com.ar\/alfalfa\/expoalfa-jornada-2025\/patagonia-norte\/jornadas-de-alfalfa\/\",\"name\":\"Jornadas de Alfalfa - ExpoAlfa Jornada 2025\",\"isPartOf\":{\"@id\":\"https:\/\/expoalfa.com.ar\/alfalfa\/#website\"},\"datePublished\":\"2025-05-19T14:42:56+00:00\",\"dateModified\":\"2025-05-27T12:17:51+00:00\",\"breadcrumb\":{\"@id\":\"https:\/\/expoalfa.com.ar\/alfalfa\/expoalfa-jornada-2025\/patagonia-norte\/jornadas-de-alfalfa\/#breadcrumb\"},\"inLanguage\":\"es\",\"potentialAction\":[{\"@type\":\"ReadAction\",\"target\":[\"https:\/\/expoalfa.com.ar\/alfalfa\/expoalfa-jornada-2025\/patagonia-norte\/jornadas-de-alfalfa\/\"]}]},{\"@type\":\"BreadcrumbList\",\"@id\":\"https:\/\/expoalfa.com.ar\/alfalfa\/expoalfa-jornada-2025\/patagonia-norte\/jornadas-de-alfalfa\/#breadcrumb\",\"itemListElement\":[{\"@type\":\"ListItem\",\"position\":1,\"name\":\"Portada\",\"item\":\"https:\/\/expoalfa.com.ar\/alfalfa\/\"},{\"@type\":\"ListItem\",\"position\":2,\"name\":\"ExpoAlfa Jornada 2025\",\"item\":\"https:\/\/expoalfa.com.ar\/alfalfa\/expoalfa-jornada-2025\/\"},{\"@type\":\"ListItem\",\"position\":3,\"name\":\"Jornada ExpoAlfa Patagonia Norte\",\"item\":\"https:\/\/expoalfa.com.ar\/alfalfa\/expoalfa-jornada-2025\/patagonia-norte\/\"},{\"@type\":\"ListItem\",\"position\":4,\"name\":\"Jornadas de Alfalfa\"}]},{\"@type\":\"WebSite\",\"@id\":\"https:\/\/expoalfa.com.ar\/alfalfa\/#website\",\"url\":\"https:\/\/expoalfa.com.ar\/alfalfa\/\",\"name\":\"ExpoAlfa 2024\",\"description\":\"\",\"publisher\":{\"@id\":\"https:\/\/expoalfa.com.ar\/alfalfa\/#organization\"},\"potentialAction\":[{\"@type\":\"SearchAction\",\"target\":{\"@type\":\"EntryPoint\",\"urlTemplate\":\"https:\/\/expoalfa.com.ar\/alfalfa\/?s={search_term_string}\"},\"query-input\":{\"@type\":\"PropertyValueSpecification\",\"valueRequired\":true,\"valueName\":\"search_term_string\"}}],\"inLanguage\":\"es\"},{\"@type\":\"Organization\",\"@id\":\"https:\/\/expoalfa.com.ar\/alfalfa\/#organization\",\"name\":\"ExpoAlfa 2024\",\"url\":\"https:\/\/expoalfa.com.ar\/alfalfa\/\",\"logo\":{\"@type\":\"ImageObject\",\"inLanguage\":\"es\",\"@id\":\"https:\/\/expoalfa.com.ar\/alfalfa\/#\/schema\/logo\/image\/\",\"url\":\"https:\/\/expoalfa.com.ar\/alfalfa\/wp-content\/uploads\/2024\/05\/cropped-Mesa-de-trabajo-32-e1716558195280.png\",\"contentUrl\":\"https:\/\/expoalfa.com.ar\/alfalfa\/wp-content\/uploads\/2024\/05\/cropped-Mesa-de-trabajo-32-e1716558195280.png\",\"width\":512,\"height\":512,\"caption\":\"ExpoAlfa 2024\"},\"image\":{\"@id\":\"https:\/\/expoalfa.com.ar\/alfalfa\/#\/schema\/logo\/image\/\"},\"sameAs\":[\"https:\/\/www.facebook.com\/expoalfa\/\",\"https:\/\/www.instagram.com\/expoalfa\",\"https:\/\/www.youtube.com\/@TodoAlfalfa\"]}]}<\/script>\n<!-- \/ Yoast SEO plugin. -->","yoast_head_json":{"title":"Jornadas de Alfalfa - ExpoAlfa Jornada 2025","robots":{"index":"index","follow":"follow","max-snippet":"max-snippet:-1","max-image-preview":"max-image-preview:large","max-video-preview":"max-video-preview:-1"},"canonical":"https:\/\/expoalfa.com.ar\/alfalfa\/expoalfa-jornada-2025\/patagonia-norte\/jornadas-de-alfalfa\/","og_locale":"es_ES","og_type":"article","og_title":"Jornadas de Alfalfa - ExpoAlfa Jornada 2025","og_description":"JORNADAS DE ALFALFA Destacados\u00a0especialistas del pa\u00eds disertar\u00e1n cubriendo todos los aspectos del cultivo,\u00a0mostrar\u00e1n los avances tecnol\u00f3gicos y marcar\u00e1n el camino para una mejora\u00a0continua. Capacitaci\u00f3n en mejoramiento gen\u00e9tico, manejo, fertilizaci\u00f3n, riego, mecanizaci\u00f3n, nuevas tecnolog\u00edas, transporte y log\u00edstica, mercado mundial y exportaci\u00f3n. Programa \/ PROGRAMA 08.30hs Recepci\u00f3n e inscripciones 09.00hs Apertura con presencia de autoridades. Organizaci\u00f3n, funcionarios [&hellip;]","og_url":"https:\/\/expoalfa.com.ar\/alfalfa\/expoalfa-jornada-2025\/patagonia-norte\/jornadas-de-alfalfa\/","og_site_name":"ExpoAlfa Jornada 2025","article_publisher":"https:\/\/www.facebook.com\/expoalfa\/","article_modified_time":"2025-05-27T12:17:51+00:00","og_image":[{"width":1246,"height":452,"url":"https:\/\/expoalfa.com.ar\/alfalfa\/wp-content\/uploads\/2024\/05\/Mesa-de-trabajo-32.png","type":"image\/png"}],"twitter_card":"summary_large_image","twitter_misc":{"Tiempo de lectura":"2 minutos"},"schema":{"@context":"https:\/\/schema.org","@graph":[{"@type":"WebPage","@id":"https:\/\/expoalfa.com.ar\/alfalfa\/expoalfa-jornada-2025\/patagonia-norte\/jornadas-de-alfalfa\/","url":"https:\/\/expoalfa.com.ar\/alfalfa\/expoalfa-jornada-2025\/patagonia-norte\/jornadas-de-alfalfa\/","name":"Jornadas de Alfalfa - ExpoAlfa Jornada 2025","isPartOf":{"@id":"https:\/\/expoalfa.com.ar\/alfalfa\/#website"},"datePublished":"2025-05-19T14:42:56+00:00","dateModified":"2025-05-27T12:17:51+00:00","breadcrumb":{"@id":"https:\/\/expoalfa.com.ar\/alfalfa\/expoalfa-jornada-2025\/patagonia-norte\/jornadas-de-alfalfa\/#breadcrumb"},"inLanguage":"es","potentialAction":[{"@type":"ReadAction","target":["https:\/\/expoalfa.com.ar\/alfalfa\/expoalfa-jornada-2025\/patagonia-norte\/jornadas-de-alfalfa\/"]}]},{"@type":"BreadcrumbList","@id":"https:\/\/expoalfa.com.ar\/alfalfa\/expoalfa-jornada-2025\/patagonia-norte\/jornadas-de-alfalfa\/#breadcrumb","itemListElement":[{"@type":"ListItem","position":1,"name":"Portada","item":"https:\/\/expoalfa.com.ar\/alfalfa\/"},{"@type":"ListItem","position":2,"name":"ExpoAlfa Jornada 2025","item":"https:\/\/expoalfa.com.ar\/alfalfa\/expoalfa-jornada-2025\/"},{"@type":"ListItem","position":3,"name":"Jornada ExpoAlfa Patagonia Norte","item":"https:\/\/expoalfa.com.ar\/alfalfa\/expoalfa-jornada-2025\/patagonia-norte\/"},{"@type":"ListItem","position":4,"name":"Jornadas de Alfalfa"}]},{"@type":"WebSite","@id":"https:\/\/expoalfa.com.ar\/alfalfa\/#website","url":"https:\/\/expoalfa.com.ar\/alfalfa\/","name":"ExpoAlfa 2024","description":"","publisher":{"@id":"https:\/\/expoalfa.com.ar\/alfalfa\/#organization"},"potentialAction":[{"@type":"SearchAction","target":{"@type":"EntryPoint","urlTemplate":"https:\/\/expoalfa.com.ar\/alfalfa\/?s={search_term_string}"},"query-input":{"@type":"PropertyValueSpecification","valueRequired":true,"valueName":"search_term_string"}}],"inLanguage":"es"},{"@type":"Organization","@id":"https:\/\/expoalfa.com.ar\/alfalfa\/#organization","name":"ExpoAlfa 2024","url":"https:\/\/expoalfa.com.ar\/alfalfa\/","logo":{"@type":"ImageObject","inLanguage":"es","@id":"https:\/\/expoalfa.com.ar\/alfalfa\/#\/schema\/logo\/image\/","url":"https:\/\/expoalfa.com.ar\/alfalfa\/wp-content\/uploads\/2024\/05\/cropped-Mesa-de-trabajo-32-e1716558195280.png","contentUrl":"https:\/\/expoalfa.com.ar\/alfalfa\/wp-content\/uploads\/2024\/05\/cropped-Mesa-de-trabajo-32-e1716558195280.png","width":512,"height":512,"caption":"ExpoAlfa 2024"},"image":{"@id":"https:\/\/expoalfa.com.ar\/alfalfa\/#\/schema\/logo\/image\/"},"sameAs":["https:\/\/www.facebook.com\/expoalfa\/","https:\/\/www.instagram.com\/expoalfa","https:\/\/www.youtube.com\/@TodoAlfalfa"]}]}},"_links":{"self":[{"href":"https:\/\/expoalfa.com.ar\/alfalfa\/wp-json\/wp\/v2\/pages\/6730","targetHints":{"allow":["GET"]}}],"collection":[{"href":"https:\/\/expoalfa.com.ar\/alfalfa\/wp-json\/wp\/v2\/pages"}],"about":[{"href":"https:\/\/expoalfa.com.ar\/alfalfa\/wp-json\/wp\/v2\/types\/page"}],"author":[{"embeddable":true,"href":"https:\/\/expoalfa.com.ar\/alfalfa\/wp-json\/wp\/v2\/users\/2"}],"replies":[{"embeddable":true,"href":"https:\/\/expoalfa.com.ar\/alfalfa\/wp-json\/wp\/v2\/comments?post=6730"}],"version-history":[{"count":19,"href":"https:\/\/expoalfa.com.ar\/alfalfa\/wp-json\/wp\/v2\/pages\/6730\/revisions"}],"predecessor-version":[{"id":7174,"href":"https:\/\/expoalfa.com.ar\/alfalfa\/wp-json\/wp\/v2\/pages\/6730\/revisions\/7174"}],"up":[{"embeddable":true,"href":"https:\/\/expoalfa.com.ar\/alfalfa\/wp-json\/wp\/v2\/pages\/5906"}],"wp:attachment":[{"href":"https:\/\/expoalfa.com.ar\/alfalfa\/wp-json\/wp\/v2\/media?parent=6730"}],"curies":[{"name":"wp","href":"https:\/\/api.w.org\/{rel}","templated":true}]}}