{"id":6731,"date":"2025-05-19T16:00:37","date_gmt":"2025-05-19T16:00:37","guid":{"rendered":"https:\/\/expoalfa.com.ar\/alfalfa\/?page_id=6731"},"modified":"2025-05-19T16:05:48","modified_gmt":"2025-05-19T16:05:48","slug":"exposicion-estatica","status":"publish","type":"page","link":"https:\/\/expoalfa.com.ar\/alfalfa\/expoalfa-jornada-2025\/patagonia-norte\/exposicion-estatica\/","title":{"rendered":"Exposici\u00f3n Est\u00e1tica"},"content":{"rendered":"\t\t<div data-elementor-type=\"wp-page\" data-elementor-id=\"6731\" class=\"elementor elementor-6731\" data-elementor-post-type=\"page\">\n\t\t\t\t\t\t<section class=\"elementor-section elementor-top-section elementor-element elementor-element-28a356e elementor-section-height-min-height elementor-section-content-middle elementor-section-boxed elementor-section-height-default elementor-section-items-middle\" data-id=\"28a356e\" data-element_type=\"section\" data-e-type=\"section\" data-settings=\"{&quot;background_background&quot;:&quot;classic&quot;}\">\n\t\t\t\t\t\t\t<div class=\"elementor-background-overlay\"><\/div>\n\t\t\t\t\t\t\t<div class=\"elementor-container elementor-column-gap-default\">\n\t\t\t\t\t<div class=\"elementor-column elementor-col-100 elementor-top-column elementor-element elementor-element-a2c816a\" data-id=\"a2c816a\" data-element_type=\"column\" data-e-type=\"column\">\n\t\t\t<div class=\"elementor-widget-wrap elementor-element-populated\">\n\t\t\t\t\t\t<div class=\"elementor-element elementor-element-b94df46 elementor-widget elementor-widget-heading\" data-id=\"b94df46\" data-element_type=\"widget\" data-e-type=\"widget\" data-widget_type=\"heading.default\">\n\t\t\t\t<div class=\"elementor-widget-container\">\n\t\t\t\t\t<h2 class=\"elementor-heading-title elementor-size-default\">EXPOSICI\u00d3N EST\u00c1TICA<\/h2>\t\t\t\t<\/div>\n\t\t\t\t<\/div>\n\t\t\t\t<div class=\"elementor-element elementor-element-42b2b71 elementor-widget__width-initial elementor-widget elementor-widget-heading\" data-id=\"42b2b71\" data-element_type=\"widget\" data-e-type=\"widget\" data-widget_type=\"heading.default\">\n\t\t\t\t<div class=\"elementor-widget-container\">\n\t\t\t\t\t<h2 class=\"elementor-heading-title elementor-size-default\">Las empresas expondr\u00e1n sus novedades para convocar a una asistencia calificada<\/h2>\t\t\t\t<\/div>\n\t\t\t\t<\/div>\n\t\t\t\t\t<\/div>\n\t\t<\/div>\n\t\t\t\t\t<\/div>\n\t\t<\/section>\n\t\t\t\t<section class=\"elementor-section elementor-top-section elementor-element elementor-element-984af27 elementor-section-boxed elementor-section-height-default elementor-section-height-default\" data-id=\"984af27\" data-element_type=\"section\" data-e-type=\"section\" data-settings=\"{&quot;background_background&quot;:&quot;classic&quot;}\">\n\t\t\t\t\t\t<div class=\"elementor-container elementor-column-gap-default\">\n\t\t\t\t\t<div class=\"elementor-column elementor-col-100 elementor-top-column elementor-element elementor-element-8b70747\" data-id=\"8b70747\" data-element_type=\"column\" data-e-type=\"column\">\n\t\t\t<div class=\"elementor-widget-wrap elementor-element-populated\">\n\t\t\t\t\t\t<div class=\"elementor-element elementor-element-1d59a01 elementor-widget__width-initial elementor-widget elementor-widget-text-editor\" data-id=\"1d59a01\" data-element_type=\"widget\" data-e-type=\"widget\" data-widget_type=\"text-editor.default\">\n\t\t\t\t<div class=\"elementor-widget-container\">\n\t\t\t\t\t\t\t\t\t<p>En 2024 se llev\u00f3 a cabo la \u00faltima ExpoAlfa en Esperanza, Santa Fe. Este a\u00f1o comenzamos a trabajar para una nueva serie de encuentros que permitan poner en debate a la calidad de la alfalfa.<\/p><p>Es por ello que, junto a los gobiernos de Rio Negro, Neuqu\u00e9n y La Pampa, este a\u00f1o se llevar\u00e1 a cabo la primera Jornada ExpoAlfa 2025: Patagonia Norte, en Cipolletti, Rio Negro.<\/p><p>La iniciativa tendr\u00e1 la Exposici\u00f3n Est\u00e1tica, que se desarrollar\u00e1 en un amplio sector, el Centro Cultural Cipolletti, donde las empresas expondr\u00e1n sus novedades para convocar a una asistencia calificada vinculada al cultivo de la alfalfa, a la lecher\u00eda y a la producci\u00f3n ganadera.<\/p>\t\t\t\t\t\t\t\t<\/div>\n\t\t\t\t<\/div>\n\t\t\t\t<div class=\"elementor-element elementor-element-e250324 elementor-widget elementor-widget-text-editor\" data-id=\"e250324\" data-element_type=\"widget\" data-e-type=\"widget\" data-widget_type=\"text-editor.default\">\n\t\t\t\t<div class=\"elementor-widget-container\">\n\t\t\t\t\t\t\t\t\t<h1 style=\"text-align: center;\"><span style=\"color: #800080;\">\u00bfQuienes estar\u00e1n?<\/span><\/h1>\t\t\t\t\t\t\t\t<\/div>\n\t\t\t\t<\/div>\n\t\t\t\t\t<\/div>\n\t\t<\/div>\n\t\t\t\t\t<\/div>\n\t\t<\/section>\n\t\t\t\t<section class=\"elementor-section elementor-top-section elementor-element elementor-element-076cd87 elementor-section-boxed elementor-section-height-default elementor-section-height-default\" data-id=\"076cd87\" data-element_type=\"section\" data-e-type=\"section\">\n\t\t\t\t\t\t<div class=\"elementor-container elementor-column-gap-default\">\n\t\t\t\t\t<div class=\"elementor-column elementor-col-100 elementor-top-column elementor-element elementor-element-b22cc2a\" data-id=\"b22cc2a\" data-element_type=\"column\" data-e-type=\"column\">\n\t\t\t<div class=\"elementor-widget-wrap elementor-element-populated\">\n\t\t\t\t\t\t<div class=\"elementor-element elementor-element-d465305 elementor-widget elementor-widget-image\" data-id=\"d465305\" data-element_type=\"widget\" data-e-type=\"widget\" data-widget_type=\"image.default\">\n\t\t\t\t<div class=\"elementor-widget-container\">\n\t\t\t\t\t\t\t\t\t\t\t\t\t\t\t<img decoding=\"async\" src=\"https:\/\/expoalfa.com.ar\/alfalfa\/wp-content\/uploads\/2025\/05\/Mesa-de-trabajo-305-3.png\" title=\"\" alt=\"\" loading=\"lazy\" \/>\t\t\t\t\t\t\t\t\t\t\t\t\t\t\t<\/div>\n\t\t\t\t<\/div>\n\t\t\t\t\t<\/div>\n\t\t<\/div>\n\t\t\t\t\t<\/div>\n\t\t<\/section>\n\t\t\t\t<\/div>\n\t\t","protected":false},"excerpt":{"rendered":"<p>EXPOSICI\u00d3N EST\u00c1TICA Las empresas expondr\u00e1n sus novedades para convocar a una asistencia calificada En 2024 se llev\u00f3 a cabo la \u00faltima ExpoAlfa en Esperanza, Santa Fe. Este a\u00f1o comenzamos a trabajar para una nueva serie de encuentros que permitan poner en debate a la calidad de la alfalfa. Es por ello que, junto a los [&hellip;]<\/p>\n","protected":false},"author":2,"featured_media":0,"parent":5906,"menu_order":0,"comment_status":"closed","ping_status":"closed","template":"","meta":{"footnotes":""},"class_list":["post-6731","page","type-page","status-publish","hentry"],"yoast_head":"<!-- This site is optimized with the Yoast SEO plugin v25.1 - https:\/\/yoast.com\/wordpress\/plugins\/seo\/ -->\n<title>Exposici\u00f3n Est\u00e1tica - ExpoAlfa Jornada 2025<\/title>\n<meta name=\"robots\" content=\"index, follow, max-snippet:-1, max-image-preview:large, max-video-preview:-1\" \/>\n<link rel=\"canonical\" href=\"https:\/\/expoalfa.com.ar\/alfalfa\/expoalfa-jornada-2025\/patagonia-norte\/exposicion-estatica\/\" \/>\n<meta property=\"og:locale\" content=\"es_ES\" \/>\n<meta property=\"og:type\" content=\"article\" \/>\n<meta property=\"og:title\" content=\"Exposici\u00f3n Est\u00e1tica - ExpoAlfa Jornada 2025\" \/>\n<meta property=\"og:description\" content=\"EXPOSICI\u00d3N EST\u00c1TICA Las empresas expondr\u00e1n sus novedades para convocar a una asistencia calificada En 2024 se llev\u00f3 a cabo la \u00faltima ExpoAlfa en Esperanza, Santa Fe. Este a\u00f1o comenzamos a trabajar para una nueva serie de encuentros que permitan poner en debate a la calidad de la alfalfa. Es por ello que, junto a los [&hellip;]\" \/>\n<meta property=\"og:url\" content=\"https:\/\/expoalfa.com.ar\/alfalfa\/expoalfa-jornada-2025\/patagonia-norte\/exposicion-estatica\/\" \/>\n<meta property=\"og:site_name\" content=\"ExpoAlfa Jornada 2025\" \/>\n<meta property=\"article:publisher\" content=\"https:\/\/www.facebook.com\/expoalfa\/\" \/>\n<meta property=\"article:modified_time\" content=\"2025-05-19T16:05:48+00:00\" \/>\n<meta property=\"og:image\" content=\"https:\/\/expoalfa.com.ar\/alfalfa\/wp-content\/uploads\/2024\/05\/Mesa-de-trabajo-32.png\" \/>\n\t<meta property=\"og:image:width\" content=\"1246\" \/>\n\t<meta property=\"og:image:height\" content=\"452\" \/>\n\t<meta property=\"og:image:type\" content=\"image\/png\" \/>\n<meta name=\"twitter:card\" content=\"summary_large_image\" \/>\n<meta name=\"twitter:label1\" content=\"Tiempo de lectura\" \/>\n\t<meta name=\"twitter:data1\" content=\"1 minuto\" \/>\n<script type=\"application\/ld+json\" class=\"yoast-schema-graph\">{\"@context\":\"https:\/\/schema.org\",\"@graph\":[{\"@type\":\"WebPage\",\"@id\":\"https:\/\/expoalfa.com.ar\/alfalfa\/expoalfa-jornada-2025\/patagonia-norte\/exposicion-estatica\/\",\"url\":\"https:\/\/expoalfa.com.ar\/alfalfa\/expoalfa-jornada-2025\/patagonia-norte\/exposicion-estatica\/\",\"name\":\"Exposici\u00f3n Est\u00e1tica - ExpoAlfa Jornada 2025\",\"isPartOf\":{\"@id\":\"https:\/\/expoalfa.com.ar\/alfalfa\/#website\"},\"primaryImageOfPage\":{\"@id\":\"https:\/\/expoalfa.com.ar\/alfalfa\/expoalfa-jornada-2025\/patagonia-norte\/exposicion-estatica\/#primaryimage\"},\"image\":{\"@id\":\"https:\/\/expoalfa.com.ar\/alfalfa\/expoalfa-jornada-2025\/patagonia-norte\/exposicion-estatica\/#primaryimage\"},\"thumbnailUrl\":\"https:\/\/expoalfa.com.ar\/alfalfa\/wp-content\/uploads\/2025\/05\/Mesa-de-trabajo-305-3.png\",\"datePublished\":\"2025-05-19T16:00:37+00:00\",\"dateModified\":\"2025-05-19T16:05:48+00:00\",\"breadcrumb\":{\"@id\":\"https:\/\/expoalfa.com.ar\/alfalfa\/expoalfa-jornada-2025\/patagonia-norte\/exposicion-estatica\/#breadcrumb\"},\"inLanguage\":\"es\",\"potentialAction\":[{\"@type\":\"ReadAction\",\"target\":[\"https:\/\/expoalfa.com.ar\/alfalfa\/expoalfa-jornada-2025\/patagonia-norte\/exposicion-estatica\/\"]}]},{\"@type\":\"ImageObject\",\"inLanguage\":\"es\",\"@id\":\"https:\/\/expoalfa.com.ar\/alfalfa\/expoalfa-jornada-2025\/patagonia-norte\/exposicion-estatica\/#primaryimage\",\"url\":\"\",\"contentUrl\":\"\"},{\"@type\":\"BreadcrumbList\",\"@id\":\"https:\/\/expoalfa.com.ar\/alfalfa\/expoalfa-jornada-2025\/patagonia-norte\/exposicion-estatica\/#breadcrumb\",\"itemListElement\":[{\"@type\":\"ListItem\",\"position\":1,\"name\":\"Portada\",\"item\":\"https:\/\/expoalfa.com.ar\/alfalfa\/\"},{\"@type\":\"ListItem\",\"position\":2,\"name\":\"ExpoAlfa Jornada 2025\",\"item\":\"https:\/\/expoalfa.com.ar\/alfalfa\/expoalfa-jornada-2025\/\"},{\"@type\":\"ListItem\",\"position\":3,\"name\":\"Jornada ExpoAlfa Patagonia Norte\",\"item\":\"https:\/\/expoalfa.com.ar\/alfalfa\/expoalfa-jornada-2025\/patagonia-norte\/\"},{\"@type\":\"ListItem\",\"position\":4,\"name\":\"Exposici\u00f3n Est\u00e1tica\"}]},{\"@type\":\"WebSite\",\"@id\":\"https:\/\/expoalfa.com.ar\/alfalfa\/#website\",\"url\":\"https:\/\/expoalfa.com.ar\/alfalfa\/\",\"name\":\"ExpoAlfa 2024\",\"description\":\"\",\"publisher\":{\"@id\":\"https:\/\/expoalfa.com.ar\/alfalfa\/#organization\"},\"potentialAction\":[{\"@type\":\"SearchAction\",\"target\":{\"@type\":\"EntryPoint\",\"urlTemplate\":\"https:\/\/expoalfa.com.ar\/alfalfa\/?s={search_term_string}\"},\"query-input\":{\"@type\":\"PropertyValueSpecification\",\"valueRequired\":true,\"valueName\":\"search_term_string\"}}],\"inLanguage\":\"es\"},{\"@type\":\"Organization\",\"@id\":\"https:\/\/expoalfa.com.ar\/alfalfa\/#organization\",\"name\":\"ExpoAlfa 2024\",\"url\":\"https:\/\/expoalfa.com.ar\/alfalfa\/\",\"logo\":{\"@type\":\"ImageObject\",\"inLanguage\":\"es\",\"@id\":\"https:\/\/expoalfa.com.ar\/alfalfa\/#\/schema\/logo\/image\/\",\"url\":\"https:\/\/expoalfa.com.ar\/alfalfa\/wp-content\/uploads\/2024\/05\/cropped-Mesa-de-trabajo-32-e1716558195280.png\",\"contentUrl\":\"https:\/\/expoalfa.com.ar\/alfalfa\/wp-content\/uploads\/2024\/05\/cropped-Mesa-de-trabajo-32-e1716558195280.png\",\"width\":512,\"height\":512,\"caption\":\"ExpoAlfa 2024\"},\"image\":{\"@id\":\"https:\/\/expoalfa.com.ar\/alfalfa\/#\/schema\/logo\/image\/\"},\"sameAs\":[\"https:\/\/www.facebook.com\/expoalfa\/\",\"https:\/\/www.instagram.com\/expoalfa\",\"https:\/\/www.youtube.com\/@TodoAlfalfa\"]}]}<\/script>\n<!-- \/ Yoast SEO plugin. -->","yoast_head_json":{"title":"Exposici\u00f3n Est\u00e1tica - ExpoAlfa Jornada 2025","robots":{"index":"index","follow":"follow","max-snippet":"max-snippet:-1","max-image-preview":"max-image-preview:large","max-video-preview":"max-video-preview:-1"},"canonical":"https:\/\/expoalfa.com.ar\/alfalfa\/expoalfa-jornada-2025\/patagonia-norte\/exposicion-estatica\/","og_locale":"es_ES","og_type":"article","og_title":"Exposici\u00f3n Est\u00e1tica - ExpoAlfa Jornada 2025","og_description":"EXPOSICI\u00d3N EST\u00c1TICA Las empresas expondr\u00e1n sus novedades para convocar a una asistencia calificada En 2024 se llev\u00f3 a cabo la \u00faltima ExpoAlfa en Esperanza, Santa Fe. Este a\u00f1o comenzamos a trabajar para una nueva serie de encuentros que permitan poner en debate a la calidad de la alfalfa. Es por ello que, junto a los [&hellip;]","og_url":"https:\/\/expoalfa.com.ar\/alfalfa\/expoalfa-jornada-2025\/patagonia-norte\/exposicion-estatica\/","og_site_name":"ExpoAlfa Jornada 2025","article_publisher":"https:\/\/www.facebook.com\/expoalfa\/","article_modified_time":"2025-05-19T16:05:48+00:00","og_image":[{"width":1246,"height":452,"url":"https:\/\/expoalfa.com.ar\/alfalfa\/wp-content\/uploads\/2024\/05\/Mesa-de-trabajo-32.png","type":"image\/png"}],"twitter_card":"summary_large_image","twitter_misc":{"Tiempo de lectura":"1 minuto"},"schema":{"@context":"https:\/\/schema.org","@graph":[{"@type":"WebPage","@id":"https:\/\/expoalfa.com.ar\/alfalfa\/expoalfa-jornada-2025\/patagonia-norte\/exposicion-estatica\/","url":"https:\/\/expoalfa.com.ar\/alfalfa\/expoalfa-jornada-2025\/patagonia-norte\/exposicion-estatica\/","name":"Exposici\u00f3n Est\u00e1tica - ExpoAlfa Jornada 2025","isPartOf":{"@id":"https:\/\/expoalfa.com.ar\/alfalfa\/#website"},"primaryImageOfPage":{"@id":"https:\/\/expoalfa.com.ar\/alfalfa\/expoalfa-jornada-2025\/patagonia-norte\/exposicion-estatica\/#primaryimage"},"image":{"@id":"https:\/\/expoalfa.com.ar\/alfalfa\/expoalfa-jornada-2025\/patagonia-norte\/exposicion-estatica\/#primaryimage"},"thumbnailUrl":"https:\/\/expoalfa.com.ar\/alfalfa\/wp-content\/uploads\/2025\/05\/Mesa-de-trabajo-305-3.png","datePublished":"2025-05-19T16:00:37+00:00","dateModified":"2025-05-19T16:05:48+00:00","breadcrumb":{"@id":"https:\/\/expoalfa.com.ar\/alfalfa\/expoalfa-jornada-2025\/patagonia-norte\/exposicion-estatica\/#breadcrumb"},"inLanguage":"es","potentialAction":[{"@type":"ReadAction","target":["https:\/\/expoalfa.com.ar\/alfalfa\/expoalfa-jornada-2025\/patagonia-norte\/exposicion-estatica\/"]}]},{"@type":"ImageObject","inLanguage":"es","@id":"https:\/\/expoalfa.com.ar\/alfalfa\/expoalfa-jornada-2025\/patagonia-norte\/exposicion-estatica\/#primaryimage","url":"","contentUrl":""},{"@type":"BreadcrumbList","@id":"https:\/\/expoalfa.com.ar\/alfalfa\/expoalfa-jornada-2025\/patagonia-norte\/exposicion-estatica\/#breadcrumb","itemListElement":[{"@type":"ListItem","position":1,"name":"Portada","item":"https:\/\/expoalfa.com.ar\/alfalfa\/"},{"@type":"ListItem","position":2,"name":"ExpoAlfa Jornada 2025","item":"https:\/\/expoalfa.com.ar\/alfalfa\/expoalfa-jornada-2025\/"},{"@type":"ListItem","position":3,"name":"Jornada ExpoAlfa Patagonia Norte","item":"https:\/\/expoalfa.com.ar\/alfalfa\/expoalfa-jornada-2025\/patagonia-norte\/"},{"@type":"ListItem","position":4,"name":"Exposici\u00f3n Est\u00e1tica"}]},{"@type":"WebSite","@id":"https:\/\/expoalfa.com.ar\/alfalfa\/#website","url":"https:\/\/expoalfa.com.ar\/alfalfa\/","name":"ExpoAlfa 2024","description":"","publisher":{"@id":"https:\/\/expoalfa.com.ar\/alfalfa\/#organization"},"potentialAction":[{"@type":"SearchAction","target":{"@type":"EntryPoint","urlTemplate":"https:\/\/expoalfa.com.ar\/alfalfa\/?s={search_term_string}"},"query-input":{"@type":"PropertyValueSpecification","valueRequired":true,"valueName":"search_term_string"}}],"inLanguage":"es"},{"@type":"Organization","@id":"https:\/\/expoalfa.com.ar\/alfalfa\/#organization","name":"ExpoAlfa 2024","url":"https:\/\/expoalfa.com.ar\/alfalfa\/","logo":{"@type":"ImageObject","inLanguage":"es","@id":"https:\/\/expoalfa.com.ar\/alfalfa\/#\/schema\/logo\/image\/","url":"https:\/\/expoalfa.com.ar\/alfalfa\/wp-content\/uploads\/2024\/05\/cropped-Mesa-de-trabajo-32-e1716558195280.png","contentUrl":"https:\/\/expoalfa.com.ar\/alfalfa\/wp-content\/uploads\/2024\/05\/cropped-Mesa-de-trabajo-32-e1716558195280.png","width":512,"height":512,"caption":"ExpoAlfa 2024"},"image":{"@id":"https:\/\/expoalfa.com.ar\/alfalfa\/#\/schema\/logo\/image\/"},"sameAs":["https:\/\/www.facebook.com\/expoalfa\/","https:\/\/www.instagram.com\/expoalfa","https:\/\/www.youtube.com\/@TodoAlfalfa"]}]}},"_links":{"self":[{"href":"https:\/\/expoalfa.com.ar\/alfalfa\/wp-json\/wp\/v2\/pages\/6731","targetHints":{"allow":["GET"]}}],"collection":[{"href":"https:\/\/expoalfa.com.ar\/alfalfa\/wp-json\/wp\/v2\/pages"}],"about":[{"href":"https:\/\/expoalfa.com.ar\/alfalfa\/wp-json\/wp\/v2\/types\/page"}],"author":[{"embeddable":true,"href":"https:\/\/expoalfa.com.ar\/alfalfa\/wp-json\/wp\/v2\/users\/2"}],"replies":[{"embeddable":true,"href":"https:\/\/expoalfa.com.ar\/alfalfa\/wp-json\/wp\/v2\/comments?post=6731"}],"version-history":[{"count":13,"href":"https:\/\/expoalfa.com.ar\/alfalfa\/wp-json\/wp\/v2\/pages\/6731\/revisions"}],"predecessor-version":[{"id":6839,"href":"https:\/\/expoalfa.com.ar\/alfalfa\/wp-json\/wp\/v2\/pages\/6731\/revisions\/6839"}],"up":[{"embeddable":true,"href":"https:\/\/expoalfa.com.ar\/alfalfa\/wp-json\/wp\/v2\/pages\/5906"}],"wp:attachment":[{"href":"https:\/\/expoalfa.com.ar\/alfalfa\/wp-json\/wp\/v2\/media?parent=6731"}],"curies":[{"name":"wp","href":"https:\/\/api.w.org\/{rel}","templated":true}]}}